{"id":11,"date":"2019-11-08T13:28:03","date_gmt":"2019-11-08T13:28:03","guid":{"rendered":"http:\/\/impreza20.us-themes.com\/?page_id=11"},"modified":"2023-10-24T15:56:40","modified_gmt":"2023-10-24T13:56:40","slug":"home","status":"publish","type":"page","link":"https:\/\/site.webjamaa.net\/index.php\/home\/","title":{"rendered":"Home"},"content":{"rendered":"<section class=\"l-section wpb_row height_full valign_top color_primary with_img parallax_ver\"><div class=\"l-section-img\" style=\"background-image: url(https:\/\/site.webjamaa.net\/wp-content\/uploads\/2023\/10\/page-titre-31122022.jpg);background-repeat: no-repeat;\" data-img-width=\"1778\" data-img-height=\"1000\"><\/div><div class=\"l-section-h i-cf\"><div class=\"g-cols vc_row type_default valign_middle reversed\"><div class=\"vc_col-sm-8 wpb_column vc_column_container animate_afb\"><div class=\"vc_column-inner\"><div class=\"wpb_wrapper\"><div class=\"w-separator size_small\"><\/div><div class=\"w-separator us_custom_e62ce525 size_huge\"><\/div><div class=\"wpb_text_column\" ><div class=\"wpb_wrapper\"><p>Dimanche 22 octobre 2023<\/p>\n<\/div><\/div><div class=\"wpb_text_column\" ><div class=\"wpb_wrapper\"><h2>La spiritualit\u00e9 et la paix<br \/>\ndans l\u2019enseignement soufi<\/h2>\n<\/div><\/div><div class=\"w-separator size_small\"><\/div><div class=\"w-btn-wrapper width_auto align_left\"><a class=\"w-btn us-btn-style_6 icon_atleft\" title=\"Suivre la conf\u00e9rence\" target=\"_blank\" href=\"https:\/\/youtu.be\/agGYPWOg3yk\" rel=\"noopener\"><i class=\"fas fa-link\"><\/i><span class=\"w-btn-label\">Suivre la conf\u00e9rence<\/span><\/a><\/div><div class=\"wpb_text_column\" ><div class=\"wpb_wrapper\"><\/div><\/div><div class=\"wpb_text_column\" ><div class=\"wpb_wrapper\"><p style=\"font-weight: 400;\">Dans le cadre du cycle interreligieux organis\u00e9 par l&rsquo;association \u00ab\u00a0Vivre Ensemble \u00e0 Cannes\u00a0\u00bb, le Cheikh Khaled Bentounes nous interpelle sur la n\u00e9cessit\u00e9 de prendre conscience de l&rsquo;unit\u00e9 de la famille humaine. \u00c0 une \u00e9poque o\u00f9 les divisions et les conflits semblent pr\u00e9dominer, il nous invite \u00e0 r\u00e9fl\u00e9chir profond\u00e9ment \u00e0 la signification du vivre ensemble en paix.<\/p>\n<\/div><\/div><\/div><\/div><\/div><div class=\"vc_col-sm-4 vc_hidden-md vc_hidden-sm vc_hidden-xs wpb_column vc_column_container animate_aft\" style=\"animation-delay:0.2s\"><div class=\"vc_column-inner\"><div class=\"wpb_wrapper\"><div class=\"w-iconbox iconpos_top style_default color_contrast align_center no_title no_text icontype_img\"><div class=\"w-iconbox-icon\" style=\"font-size:11vw;\"><img width=\"553\" height=\"299\" src=\"https:\/\/site.webjamaa.net\/wp-content\/uploads\/2023\/10\/icone-paix.png\" class=\"attachment-full size-full\" alt=\"\" decoding=\"async\" loading=\"lazy\" srcset=\"https:\/\/site.webjamaa.net\/wp-content\/uploads\/2023\/10\/icone-paix.png 553w, https:\/\/site.webjamaa.net\/wp-content\/uploads\/2023\/10\/icone-paix-300x162.png 300w\" sizes=\"(max-width: 553px) 100vw, 553px\" \/><\/div><div class=\"w-iconbox-meta\"><\/div><\/div><\/div><\/div><\/div><\/div><\/div><\/section><section class=\"l-section wpb_row height_full valign_top color_primary with_img parallax_ver\"><div class=\"l-section-img\" style=\"background-image: url(https:\/\/site.webjamaa.net\/wp-content\/uploads\/2023\/04\/retraite-fond-scaled.jpg);background-repeat: no-repeat;\" data-img-width=\"2560\" data-img-height=\"1440\"><\/div><div class=\"l-section-h i-cf\"><div class=\"g-cols vc_row type_default valign_middle reversed\"><div class=\"vc_col-sm-8 wpb_column vc_column_container animate_afb\"><div class=\"vc_column-inner\"><div class=\"wpb_wrapper\"><div class=\"w-separator size_small\"><\/div><div class=\"w-separator us_custom_e62ce525 size_huge\"><\/div><div class=\"wpb_text_column\" ><div class=\"wpb_wrapper\"><p>du 15 au 18 avril 2023<\/p>\n<\/div><\/div><div class=\"wpb_text_column\" ><div class=\"wpb_wrapper\"><h2>Retraite spirituelle pour la culture de Paix 2023<\/h2>\n<\/div><\/div><div class=\"w-separator size_small\"><\/div><div class=\"w-btn-wrapper width_auto align_left\"><a class=\"w-btn us-btn-style_5 icon_atleft\" title=\"Programme de la retraite\" target=\"_blank\" href=\"http:\/\/site.webjamaa.net\/wp-content\/uploads\/2023\/04\/Pgr-Khalwa-2023.pdf\" rel=\"noopener\"><i class=\"fas fa-text\"><\/i><span class=\"w-btn-label\">Programme de la retraite<\/span><\/a><\/div><div class=\"w-btn-wrapper width_auto align_left\"><a class=\"w-btn us-btn-style_6 icon_atleft\" title=\"Suivre le dhikr sur Youtube\" target=\"_blank\" href=\"https:\/\/youtu.be\/3W49KLuEFGA\" rel=\"noopener\"><i class=\"fas fa-video\"><\/i><span class=\"w-btn-label\">Suivre le dhikr sur Youtube<\/span><\/a><\/div><div class=\"wpb_text_column\" ><div class=\"wpb_wrapper\"><\/div><\/div><div class=\"wpb_text_column\" ><div class=\"wpb_wrapper\"><p style=\"font-weight: 400;\">\u00c0 toutes celles et tous ceux qui le d\u00e9sirent, nous vous invitons \u00e0 participer avec nous \u00e0 cette quatri\u00e8me Retraite spirituelle \u00e0 travers notre plateforme <strong>Webjamaa<\/strong>. Tous ensemble reli\u00e9s dans le cercle de l\u2019Unicit\u00e9 pour vivre un temps de pri\u00e8re et de m\u00e9ditation, implorons la Mis\u00e9ricorde divine afin qu\u2019elle vienne et secoure une humanit\u00e9 en d\u00e9tresse dans ce temps d\u2019\u00e9preuves tr\u00e8s difficiles.<\/p>\n<p style=\"font-weight: 400; text-align: right;\">\u0646\u0648\u062c\u0647 \u0627\u0644\u062f\u0639\u0648\u0629 \u0644\u0643\u0644 \u0645\u0646 \u0644\u0647 \u0627\u0644\u0631\u063a\u0628\u0629 \u0641\u064a \u0644\u0644\u0645\u0634\u0627\u0631\u0643\u0629 \u0645\u0639\u0646\u0627 \u0641\u064a \u0647\u0630\u0647 \u0627\u0644\u062e\u0644\u0648\u0629 \u0627\u0644\u0631\u0648\u062d\u064a\u0629 \u0627\u0644\u0631\u0627\u0628\u0639\u0629 \u0639\u0644\u0649 \u0627\u0644\u062a\u0648\u0627\u0644\u064a \u0639\u0628\u0631 \u0645\u0646\u0635\u062a\u0646\u0627 \u00a0\u00bb \u0648\u064a\u0628 \u062c\u0645\u0639\u00a0\u00bb \u00a0\u00a0\u0641\u0644\u0646\u0644\u062a\u0645\u0633 \u0627\u0644\u0631\u062d\u0645\u0629 \u0627\u0644\u0625\u0644\u0647\u064a\u0629 \u0648\u064e\u0644\u0652\u0646\u0633\u062a\u0646\u0632\u0644 \u0627\u0644\u0639\u0646\u0627\u064a\u0629 \u0627\u0644\u0631\u0628\u0627\u0646\u064a\u0629 \u0645\u0646 \u0623\u062c\u0644 \u0645\u0633\u0627\u0639\u062f\u0629 \u0627\u0644\u0628\u0634\u0631\u064a\u0629 \u0627\u0644\u062a\u064a \u062a\u0645\u0631 \u0628\u0645\u062d\u0646\u0629 \u0641\u064a \u0647\u0630\u0627 \u0627\u0644\u0632\u0645\u0627\u0646 \u0627\u0644\u0645\u0644\u064a\u0621 \u0628\u0627\u0644\u0627\u0645\u062a\u062d\u0627\u0646\u0627\u062a \u0648\u0627\u0644\u0627\u0628\u062a\u0644\u0627\u0621\u0627\u062a.<\/p>\n<\/div><\/div><\/div><\/div><\/div><div class=\"vc_col-sm-4 vc_hidden-md vc_hidden-sm vc_hidden-xs wpb_column vc_column_container animate_aft\" style=\"animation-delay:0.2s\"><div class=\"vc_column-inner\"><div class=\"wpb_wrapper\"><div class=\"w-iconbox iconpos_top style_default color_contrast align_center no_title no_text\"><div class=\"w-iconbox-icon\" style=\"font-size:11vw;\"><i class=\"fal fa-chart-network\"><\/i><\/div><div class=\"w-iconbox-meta\"><\/div><\/div><\/div><\/div><\/div><\/div><\/div><\/section><section class=\"l-section wpb_row height_full valign_top color_primary with_img parallax_ver\"><div class=\"l-section-img\" style=\"background-image: url(https:\/\/site.webjamaa.net\/wp-content\/uploads\/2023\/03\/Page-titre-1.jpg);background-repeat: no-repeat;\" data-img-width=\"1778\" data-img-height=\"1000\"><\/div><div class=\"l-section-h i-cf\"><div class=\"g-cols vc_row type_default valign_middle reversed\"><div class=\"vc_col-sm-8 wpb_column vc_column_container animate_afb\"><div class=\"vc_column-inner\"><div class=\"wpb_wrapper\"><div class=\"w-separator size_small\"><\/div><div class=\"w-separator us_custom_e62ce525 size_huge\"><\/div><div class=\"wpb_text_column\" ><div class=\"wpb_wrapper\"><p><span style=\"color: #ffffff;\">mars &#8211; avril 2023<\/span><\/p>\n<\/div><\/div><div class=\"wpb_text_column\" ><div class=\"wpb_wrapper\"><h2><span style=\"color: #ffffff;\"><strong>Ramadan 2023<\/strong><\/span><\/h2>\n<\/div><\/div><div class=\"w-separator size_small\"><\/div><div class=\"w-btn-wrapper width_auto align_left\"><a class=\"w-btn us-btn-style_2 icon_atleft\" title=\"Calendrier lecture du Coran\" target=\"_blank\" href=\"http:\/\/site.webjamaa.net\/wp-content\/uploads\/2023\/03\/wird-Lithanie-2023.pdf\" rel=\"noopener\"><i class=\"fas fa-calendar\"><\/i><span class=\"w-btn-label\">Calendrier lecture du Coran<\/span><\/a><\/div><div class=\"w-btn-wrapper width_auto align_left\"><a class=\"w-btn us-btn-style_2 icon_atleft\" title=\"Calendrier des nuits du Ramadan\" target=\"_blank\" href=\"http:\/\/site.webjamaa.net\/wp-content\/uploads\/2023\/03\/Cal_ramadan_2023.pdf\" rel=\"noopener\"><i class=\"fas fa-calendar\"><\/i><span class=\"w-btn-label\">Calendrier des nuits du Ramadan<\/span><\/a><\/div><div class=\"wpb_text_column\" ><div class=\"wpb_wrapper\"><\/div><\/div><div class=\"wpb_text_column\" ><div class=\"wpb_wrapper\"><p>Nous avons le plaisir de vous convier aux soir\u00e9es du mois b\u00e9ni de <em>Ramadan<\/em> via la plate-forme <strong>Webjamaa<\/strong>. Deux temps sont pr\u00e9vus\u00a0:<\/p>\n<ul>\n<li><strong>18h00<\/strong>\u00a0(heure de Paris), vous pourrez participer \u00e0 la\u00a0<strong>r\u00e9citation du\u00a0<em>wird<\/em><\/strong>, puis \u00e0 la lecture de deux chapitres du Coran.<\/li>\n<li><strong>21h30\u00a0<\/strong>(heure de Paris), auront lieu des\u00a0<strong>veill\u00e9es spirituelles<\/strong> afin de nous rassembler et go\u00fbter des moments de qui\u00e9tude et de paix.<\/li>\n<\/ul>\n<p>Ces rencontres de partage fraternel, d&rsquo;invocations (<em>dhikr<\/em>), de r\u00e9citations (litanies), de chants (<em>samaa<\/em>) et des conf\u00e9rences th\u00e9matiques (<em>fikr<\/em>), nous permettront de nourrir spirituellement nos consciences et rendre gr\u00e2ce \u00e0 Dieu pour les bienfaits de ce mois de je\u00fbne.<\/p>\n<p>Vous trouverez en pi\u00e8ces jointes les deux calendriers d\u00e9taillant chaque \u00e9v\u00e8nement de ce Ramadan 2023.<\/p>\n<p>Nous vous souhaitons par avance un excellent Mois du Ramadan et vous prions de recevoir nos fraternelles salutations.<\/p>\n<\/div><\/div><\/div><\/div><\/div><div class=\"vc_col-sm-4 vc_hidden-md vc_hidden-sm vc_hidden-xs wpb_column vc_column_container animate_aft\" style=\"animation-delay:0.2s\"><div class=\"vc_column-inner\"><div class=\"wpb_wrapper\"><\/div><\/div><\/div><\/div><\/div><\/section><section class=\"l-section wpb_row height_full valign_top color_primary with_img parallax_ver\"><div class=\"l-section-img\" style=\"background-image: url(https:\/\/site.webjamaa.net\/wp-content\/uploads\/2022\/12\/page-titre-311220223.jpg);background-repeat: no-repeat;\" data-img-width=\"1778\" data-img-height=\"1000\"><\/div><div class=\"l-section-h i-cf\"><div class=\"g-cols vc_row type_default valign_middle reversed\"><div class=\"vc_col-sm-8 wpb_column vc_column_container animate_afb\"><div class=\"vc_column-inner\"><div class=\"wpb_wrapper\"><div class=\"w-separator size_small\"><\/div><div class=\"w-separator us_custom_e62ce525 size_huge\"><\/div><div class=\"wpb_text_column\" ><div class=\"wpb_wrapper\"><p><span style=\"color: #ffffff;\">Samedi 31 d\u00e9cembre 2022<\/span><\/p>\n<\/div><\/div><div class=\"wpb_text_column\" ><div class=\"wpb_wrapper\"><h2><span style=\"color: #ffffff;\"><strong>Festival de la Culture de Paix<\/strong><\/span><\/h2>\n<\/div><\/div><div class=\"w-separator size_small\"><\/div><div class=\"w-btn-wrapper width_auto align_left\"><a class=\"w-btn us-btn-style_5 icon_atleft\" title=\"Programme\" target=\"_blank\" href=\"http:\/\/site.webjamaa.net\/wp-content\/uploads\/2022\/12\/Prog-31-dec-FF5.pdf\" rel=\"noopener\"><i class=\"fas fa-text\"><\/i><span class=\"w-btn-label\">Programme de la journ\u00e9e<\/span><\/a><\/div><div class=\"wpb_text_column\" ><div class=\"wpb_wrapper\"><\/div><\/div><div class=\"wpb_text_column\" ><div class=\"wpb_wrapper\"><p>AISA ONG Internationale organise le Festival de la Culture de Paix \u00e0 Cannes le 31\/12\/2022. Nous vous offrons la possibilit\u00e9 de suivre en direct cet \u00e9v\u00e9nement \u00e0 partir de 15h. Vous pourrez b\u00e9n\u00e9ficier de la traduction simultan\u00e9e en anglais, espagnol et arabe (via Zoom uniquement).<\/p>\n<p>\u00c0 partir de 22h, vous aurez la possibilit\u00e9 de suivre en direct la soir\u00e9e spirituelle de la Voie Soufie Alawiyy\u00e2.<\/p>\n<p>Soyez les bienvenues.<\/p>\n<\/div><\/div><\/div><\/div><\/div><div class=\"vc_col-sm-4 vc_hidden-md vc_hidden-sm vc_hidden-xs wpb_column vc_column_container animate_aft\" style=\"animation-delay:0.2s\"><div class=\"vc_column-inner\"><div class=\"wpb_wrapper\"><\/div><\/div><\/div><\/div><\/div><\/section><section class=\"l-section wpb_row height_full valign_top color_primary with_img parallax_ver\"><div class=\"l-section-img\" style=\"background-image: url(https:\/\/site.webjamaa.net\/wp-content\/uploads\/2022\/04\/Page-titre3.jpg);background-repeat: no-repeat;\" data-img-width=\"1778\" data-img-height=\"1000\"><\/div><div class=\"l-section-h i-cf\"><div class=\"g-cols vc_row type_default valign_middle reversed\"><div class=\"vc_col-sm-8 wpb_column vc_column_container animate_afb\"><div class=\"vc_column-inner\"><div class=\"wpb_wrapper\"><div class=\"w-separator size_small\"><\/div><div class=\"w-separator us_custom_e62ce525 size_huge\"><\/div><div class=\"wpb_text_column\" ><div class=\"wpb_wrapper\"><p><span style=\"color: #073287;\">Cycle Ramadan 2022 (1443)<\/span><\/p>\n<\/div><\/div><div class=\"wpb_text_column\" ><div class=\"wpb_wrapper\"><h2><strong><span style=\"color: #2553b0;\">Khalwa\u00a0Es-salam\u00a0<\/span><span style=\"color: #2553b0;\">2022<br \/>\n<\/span><span style=\"color: #2553b0;\">Retraite spirituelle de la Paix<\/span><\/strong><\/h2>\n<\/div><\/div><div class=\"w-separator size_small\"><\/div><div class=\"w-btn-wrapper width_auto align_left\"><a class=\"w-btn us-btn-style_5 icon_atleft\" title=\"D\u00e9marche\" target=\"_blank\" href=\"http:\/\/site.webjamaa.net\/wp-content\/uploads\/2022\/04\/RetraiteSpirituelleNuitduDestin2022_Fr-Ar-Detaille.pdf\" rel=\"noopener\"><i class=\"fas fa-text\"><\/i><span class=\"w-btn-label\">Programme de la retraite<\/span><\/a><\/div><div class=\"w-btn-wrapper width_auto align_left\"><a class=\"w-btn us-btn-style_4 icon_atleft\" title=\"Lien zoom\" target=\"_blank\" href=\"https:\/\/us06web.zoom.us\/j\/88563046061\" rel=\"noopener\"><i class=\"fas fa-link\"><\/i><span class=\"w-btn-label\">J1 \/\/ Ouverture de la retraite<\/span><\/a><\/div><div class=\"w-btn-wrapper width_auto align_left\"><a class=\"w-btn us-btn-style_4 icon_atleft\" title=\"Lien zoom\" target=\"_blank\" href=\"https:\/\/us06web.zoom.us\/j\/88555564745\" rel=\"noopener\"><i class=\"fas fa-link\"><\/i><span class=\"w-btn-label\">J2 \/\/ Leilat el Qadr avec Abdallah Cherif Ouazzani<\/span><\/a><\/div><div class=\"w-btn-wrapper width_auto align_left\"><a class=\"w-btn us-btn-style_4 icon_atleft\" title=\"Lien zoom\" target=\"_blank\" href=\"https:\/\/us06web.zoom.us\/j\/85218155823\" rel=\"noopener\"><i class=\"fas fa-link\"><\/i><span class=\"w-btn-label\">J3 \/\/ La Nuit de La Valeur<\/span><\/a><\/div><div class=\"w-btn-wrapper width_auto align_left\"><a class=\"w-btn us-btn-style_4 icon_atleft\" title=\"Lien zoom\" target=\"_blank\" href=\"https:\/\/us06web.zoom.us\/j\/84629506274\" rel=\"noopener\"><i class=\"fas fa-link\"><\/i><span class=\"w-btn-label\">J4 \/\/ R\u00e9union spirituelle de cl\u00f4ture de la retraite<\/span><\/a><\/div><div class=\"wpb_text_column\" ><div class=\"wpb_wrapper\"><\/div><\/div><div class=\"wpb_text_column\" ><div class=\"wpb_wrapper\"><p><span style=\"color: #2553b0;\">La Khalwa (Retraite spirituelle) est un moment consacr\u00e9 enti\u00e8rement \u00e0 notre vie spirituelle. En s\u2019\u00e9cartant du bruit, de l\u2019agitation et en se lib\u00e9rant des contraintes quotidiennes, il s&rsquo;agit de vivre au plus pr\u00e8s de soi, d\u2019\u00eatre \u00e0 l\u2019\u00e9coute de notre monde int\u00e9rieur durant ce temps hors du temps afin de cheminer, chacun \u00e0 notre rythme, vers la partie inconnue de nous-m\u00eame, celle qui d\u00e9tient les cl\u00e9s de notre existence.<\/span><\/p>\n<p><span style=\"color: #2553b0;\">Chers fr\u00e8res et s\u0153urs, chers amis,<\/span><\/p>\n<p><span style=\"color: #2553b0;\">Vue la situation actuelle que l\u2019humanit\u00e9 traverse aujourd\u2019hui, nous devons nous orienter vers la source de tous les bienfaits pour abreuver nos \u00e2mes assoiff\u00e9es. En ces derniers jours du mois b\u00e9ni de Ramadan, partageons ensemble la\u00a0<strong><em>Khalwa Es-salam<\/em><\/strong>\u00a0(Retraite spirituelle de la Paix).<\/span><\/p>\n<p><span style=\"color: #2553b0;\">\u00c0 toutes celles et tous ceux qui le d\u00e9sirent, nous vous invitons \u00e0 participer avec nous \u00e0 cette troisi\u00e8me Khalwa (Retraite spirituelle) \u00e0 travers notre plateforme Webjamaa. Tous ensemble reli\u00e9s dans le cercle de l\u2019Unicit\u00e9 pour vivre un temps de pri\u00e8re et de m\u00e9ditation, implorons la Mis\u00e9ricorde divine afin qu\u2019elle vienne et secoure une humanit\u00e9 en d\u00e9tresse dans ce temps d\u2019\u00e9preuves tr\u00e8s difficiles.<\/span><\/p>\n<p><span style=\"color: #2553b0;\">Pour la troisi\u00e8me ann\u00e9e cons\u00e9cutive, nous souhaitons \u00e9largir cette retraite \u00e0 tous, qu\u2019ils soient affili\u00e9s \u00e0 la Tariqa Alawiyya-Darqawiyya-Shadiliyya, ou simplement, qu\u2019ils soient sinc\u00e8res et v\u00e9ridiques dans leur d\u00e9sir de partager ces instants de m\u00e9ditation spirituelle. Ceux ou celles qui sont retenu.e.s par leur travail et leurs occupations peuvent aussi y participer en fixant un temps d\u00e9termin\u00e9 pour le\u00a0<em>Dhikr<\/em>\u00a0de la khalwa (Retraite spirituelle) tout en vacant \u00e0 leurs affaires.<\/span><\/p>\n<p><span style=\"color: #2553b0;\">Cette Khalwa (Retraite spirituelle) commence lundi 25 avril 2022 au soir et se terminera le jeudi 28 avril au soir, le jour de la nuit de la Valeur, moment symbolique de la descente de la r\u00e9v\u00e9lation coranique sur le c\u0153ur du Proph\u00e8te (sur lui le salut et la paix), ce moment o\u00f9 le ciel s\u2019ouvre et se rapproche de la Terre pour accueillir les pri\u00e8res et les m\u00e9ditations et r\u00e9pondre aux sollicitations des \u00e2mes \u00e9prises de paix et d\u2019esp\u00e9rance.<\/span><\/p>\n<p><span style=\"color: #2553b0;\">Pour que chacun et chacune puisse respecter la d\u00e9marche \u00e0 suivre, la proc\u00e9dure de cette retraite est affich\u00e9e sur l\u2019\u00e9cran et <a style=\"color: #2553b0;\" href=\"http:\/\/site.webjamaa.net\/wp-content\/uploads\/2022\/04\/RetraiteSpirituelleNuitduDestin2022_Fr-Ar-Detaille.pdf\">t\u00e9l\u00e9chargeable ici<\/a>.<\/span><\/p>\n<p><span style=\"color: #2553b0;\">Que ce mois b\u00e9ni de Ramadan soit pour vous, vos familles et l\u2019ensemble de la communaut\u00e9 humaine, un mois de paix et de r\u00e9conciliation. Que Dieu le Tout Puissant, accepte nos pri\u00e8res, nous pardonne et nous aide. Amin.<\/span><\/p>\n<p><span style=\"color: #2553b0;\">Cheikh Khaled Bentounes<\/span><\/p>\n<\/div><\/div><\/div><\/div><\/div><div class=\"vc_col-sm-4 vc_hidden-md vc_hidden-sm vc_hidden-xs wpb_column vc_column_container animate_aft\" style=\"animation-delay:0.2s\"><div class=\"vc_column-inner\"><div class=\"wpb_wrapper\"><\/div><\/div><\/div><\/div><\/div><\/section><section class=\"l-section wpb_row height_full valign_top color_primary with_img parallax_ver\"><div class=\"l-section-img\" style=\"background-image: url(https:\/\/site.webjamaa.net\/wp-content\/uploads\/2022\/04\/Page-titre3.jpg);background-repeat: no-repeat;\" data-img-width=\"1778\" data-img-height=\"1000\"><\/div><div class=\"l-section-h i-cf\"><div class=\"g-cols vc_row type_default valign_middle reversed\"><div class=\"vc_col-sm-8 wpb_column vc_column_container animate_afb\"><div class=\"vc_column-inner\"><div class=\"wpb_wrapper\"><div class=\"w-separator size_small\"><\/div><div class=\"w-separator us_custom_e62ce525 size_huge\"><\/div><div class=\"wpb_text_column\" ><div class=\"wpb_wrapper\"><p><span style=\"color: #073287;\">Cycle Ramadan 2022 (1443)<\/span><\/p>\n<\/div><\/div><div class=\"wpb_text_column\" ><div class=\"wpb_wrapper\"><h2><span style=\"color: #2553b0;\">Ramadan Nights<\/span><\/h2>\n<\/div><\/div><div class=\"w-separator size_small\"><\/div><div class=\"w-btn-wrapper width_auto align_left\"><a class=\"w-btn us-btn-style_5 icon_atleft\" title=\"Calendrier Ramadan Nights\" target=\"_blank\" href=\"http:\/\/site.webjamaa.net\/wp-content\/uploads\/2022\/04\/Cal_ramadan_2022.pdf\" rel=\"noopener\"><i class=\"fas fa-calendar\"><\/i><span class=\"w-btn-label\">Calendrier Ramadan Nights<\/span><\/a><\/div><div class=\"w-btn-wrapper width_auto align_left\"><a class=\"w-btn us-btn-style_5 icon_atleft\" title=\"Calendrier Wird et Coran\" target=\"_blank\" href=\"http:\/\/site.webjamaa.net\/wp-content\/uploads\/2022\/04\/wird-Lithanie-2022.pdf\" rel=\"noopener\"><i class=\"fas fa-calendar\"><\/i><span class=\"w-btn-label\">Calendrier Wird et Coran<\/span><\/a><\/div><div class=\"wpb_text_column\" ><div class=\"wpb_wrapper\"><\/div><\/div><div class=\"wpb_text_column\" ><div class=\"wpb_wrapper\"><p><span style=\"color: #2553b0;\">Pendant tout le mois de Ramadan, goutons des moments de qui\u00e9tude et de paix, ce\u00a0mois sacr\u00e9 de la R\u00e9v\u00e9lation, nous invite \u00e0 vivre les valeurs du partage, de convivialit\u00e9 et de solidarit\u00e9.<\/span><br \/>\n<span style=\"color: #2553b0;\">Retrouvons-nous\u00a0\u00e0 18h00 pour la r\u00e9citation du <em>Wird<\/em> et du Coran et \u00e0 22h00 pour une veill\u00e9e spirituelle.<\/span><\/p>\n<\/div><\/div><div class=\"wpb_text_column\" ><div class=\"wpb_wrapper\"><p><span style=\"color: #2553b0;\">Ramadan is the sacred month of Divine Revelation.\u00a0It invites us to renew and live the values of sharing, conviviality and solidarity.\u00a0Let us enjoy and seize its moments of tranquility and peace.<\/span><br \/>\n<span style=\"color: #2553b0;\">Congregations will be held as followed: Wird and Qu\u2019ran recitation at 06:00 p.m. and Spiritual gathering at 10:00 p.m.<\/span><\/p>\n<\/div><\/div><div class=\"wpb_text_column\" ><div class=\"wpb_wrapper\"><p style=\"direction: rtl;\"><span style=\"color: #2553b0;\">\u0643\u0644 \u064a\u0648\u0645 \u0648\u0637\u064a\u0644\u0629 \u0634\u0647\u0631 \u0631\u0645\u0636\u0627\u0646\u060c \u0646\u062f\u0639\u0648\u0643\u0645 \u0644\u0646\u0639\u064a\u0634 \u0645\u0639\u0627 \u0644\u062d\u0638\u0627\u062a \u0645\u0646 \u0627\u0644\u0630\u0643\u0631 \u0648\u0627\u0644\u062a\u0623\u0645\u0644 \u0648\u0627\u0644\u0633\u0644\u0627\u0645.<\/span><br \/>\n<span style=\"color: #2553b0;\">\u0641\u064a \u0647\u0630\u0627 \u0627\u0644\u0634\u0647\u0631 \u0627\u0644\u0641\u0636\u064a\u0644\u060c \u0634\u0647\u0631 \u0627\u0644\u062a\u0646\u0632\u064a\u0644 \u0646\u0633\u062a\u062d\u0636\u0631 \u0645\u0639\u0627 \u0642\u064a\u0645 \u0627\u0644\u062a\u0633\u0627\u0645\u062d \u0648\u0627\u0644\u062a\u0639\u0627\u064a\u0634\u060c<\/span><br \/>\n<span style=\"color: #2553b0;\">\u062d\u064a\u062b\u00a0\u0633\u0646\u0644\u062a\u0642\u064a \u0639\u0644\u0649 \u0627\u0644\u0633\u0627\u0639\u0629\u00a006:00\u00a0\u00a0\u0645\u0633\u0627\u0621\u064b\u00a0\u0644\u0630\u0643\u0631\u00a0\u0627\u0644\u0648\u0631\u062f \u0648\u062a\u0644\u0627\u0648\u0629 \u0627\u0644\u0642\u0631\u0622\u0646 \u0627\u0644\u0643\u0631\u064a\u0645\u060c<\/span><br \/>\n<span style=\"color: #2553b0;\">\u0648\u0639\u0644\u0649 \u0627\u0644\u0633\u0627\u0639\u0629 10:00\u00a0\u0644\u062c\u0645\u0639 \u0631\u0648\u062d\u064a.<\/span><\/p>\n<\/div><\/div><div class=\"wpb_text_column\" ><div class=\"wpb_wrapper\"><p><span style=\"color: #2553b0;\">Durante todo el mes de Ramad\u00e1n, saborearemos momentos de tranquilidad y de paz, este mes sagrado de la Revelaci\u00f3n, nos invita a vivir los valores de compartir, de convivencia y de solidaridad.\u00a0\u00a0Nos encontraremos a las 18:00 para la recitaci\u00f3n del Wird y del Cor\u00e1n y a las 22:00 para una velada espiritual.<\/span><\/p>\n<\/div><\/div><div class=\"wpb_text_column\" ><div class=\"wpb_wrapper\"><p><span style=\"color: #2553b0;\">Lassen Sie uns w\u00e4hrend des gesamten Monats Ramadan Momente der Ruhe\u00a0und des Friedens schmecken. Dieser heilige Monat der Offenbarung l\u00e4dt uns ein,\u00a0die Werte des Teilens, der Geselligkeit und der Solidarit\u00e4t zu leben.<\/span><br \/>\n<span style=\"color: #2553b0;\">Treffen wir uns um 18.00 Uhr zur Rezitation von Wird\u00a0und Koran und um 22.00 Uhr zu eine spirituelle Andacht.<\/span><\/p>\n<\/div><\/div><\/div><\/div><\/div><div class=\"vc_col-sm-4 vc_hidden-md vc_hidden-sm vc_hidden-xs wpb_column vc_column_container animate_aft\" style=\"animation-delay:0.2s\"><div class=\"vc_column-inner\"><div class=\"wpb_wrapper\"><\/div><\/div><\/div><\/div><\/div><\/section><section class=\"l-section wpb_row height_full valign_top color_primary with_img parallax_ver with_overlay\"><div class=\"l-section-img\" style=\"background-image: url(https:\/\/site.webjamaa.net\/wp-content\/uploads\/2021\/10\/page-titre3.jpg);background-repeat: no-repeat;\" data-img-width=\"1778\" data-img-height=\"1000\"><\/div><div class=\"l-section-overlay\" style=\"background: linear-gradient(50deg,rgba(144,145,23,0.7),rgba(0,0,0,0))\"><\/div><div class=\"l-section-h i-cf\"><div class=\"g-cols vc_row type_default valign_middle reversed\"><div class=\"vc_col-sm-8 wpb_column vc_column_container animate_afb\"><div class=\"vc_column-inner\"><div class=\"wpb_wrapper\"><div class=\"w-separator size_small\"><\/div><div class=\"wpb_text_column\" ><div class=\"wpb_wrapper\"><p>Festival du Mawlid<\/p>\n<\/div><\/div><h2 class=\"w-text us_custom_aa13cce3\"><span class=\"w-text-h\"><span class=\"w-text-value\">3\u00e8me Festival du Mawlid en direct de Nice<\/span><\/span><\/h2><div class=\"wpb_text_column\" ><div class=\"wpb_wrapper\"><p>Jeudi 21 octobre 2021 \u00e0 20h00 (heure de Paris)<\/p>\n<\/div><\/div>[vc_raw_html]JTVCYWlvdmdfdmlkZW8lMjB0eXBlJTNEJTIyeW91dHViZSUyMiUyMHlvdXR1YmUlM0QlMjJodHRwcyUzQSUyRiUyRnlvdXR1LmJlJTJGRS1KMG9aSHB5aWMlMjIlMjBhdXRvcGxheSUzRCUyMjElMjIlMjBsb29wJTNEJTIyMSUyMiU1RA==[\/vc_raw_html]<div class=\"w-separator size_small\"><\/div><div class=\"w-btn-wrapper width_auto align_left\"><a class=\"w-btn us-btn-style_2 icon_atleft\" title=\"Inscription \/ Registration\" target=\"_blank\" href=\"https:\/\/us06web.zoom.us\/webinar\/register\/WN_xMPKfUHjRCeclvsRxdPa7g\" rel=\"noopener\"><i class=\"fas fa-user\"><\/i><span class=\"w-btn-label\">Inscription \/ Registration<\/span><\/a><\/div><div class=\"w-btn-wrapper width_auto align_left\"><a class=\"w-btn us-btn-style_5 icon_atleft\" title=\"Programme\" target=\"_blank\" href=\"http:\/\/site.webjamaa.net\/wp-content\/uploads\/2021\/10\/3eme-festival-du-mawlid-211017.pdf\" rel=\"noopener\"><i class=\"fas fa-align-center\"><\/i><span class=\"w-btn-label\">Programme<\/span><\/a><\/div><div class=\"w-btn-wrapper width_auto align_left\"><a class=\"w-btn us-btn-style_6 icon_atleft\" title=\"Textes de la soir\u00e9e\" target=\"_blank\" href=\"http:\/\/site.webjamaa.net\/wp-content\/uploads\/2021\/10\/Mawlid-2021-Nice-p.pdf\" rel=\"noopener\"><i class=\"fas fa-text\"><\/i><span class=\"w-btn-label\">Textes de la soir\u00e9e<\/span><\/a><\/div><div class=\"w-separator size_small\"><\/div><div class=\"wpb_text_column\" ><div class=\"wpb_wrapper\"><p>AISA ONG Internationale et la Ville de Nice ont le plaisir de vous inviter au 3\u00e8me Festival du Mawlid qui se tiendra le jeudi 21 octobre 2021 \u00e0 20h (Heure d\u2019Europe) en retransmission directe de la ville de Nice, en pr\u00e9sence de :<br \/>\n\u00b7 M. Christian ESTROSI, Maire de Nice ;<br \/>\n\u00b7 M. Maurice Niddam, Pr\u00e9sident de la communaut\u00e9 juive Nice C\u00f4te d&rsquo;Azur ;<br \/>\n\u00b7 M. Chanoine Philippe Asso, D\u00e9l\u00e9gu\u00e9 de l&rsquo;Ev\u00eaque de Nice ;<br \/>\n\u00b7 Cheikh Khaled Bentounes, Pr\u00e9sident d&rsquo;honneur de AISA ONG Internationale.<\/p>\n<p>AISA International NGO and the City of Nice are pleased to invite you to the 3rd Mawlid Festival which will be held on Thursday, October 21st , 2021 at 8pm (European time). This will be broadcast live from the city of Nice and will be attended by:<br \/>\n\u00b7 Mr Christian ESTROSI, Mayor of Nice<br \/>\n\u00b7 Mr Maurice Niddam, President of the Nice-C\u00f4te d&rsquo;Azur Jewish community<br \/>\n\u00b7 Mr. Canon Philippe Asso, Bishop delegate of Nice<br \/>\n\u00b7 Sheikh Khaled Bentounes, Honorary President of AISA International NGO<\/p>\n<\/div><\/div><div class=\"wpb_text_column\" ><div class=\"wpb_wrapper\"><p style=\"direction: rtl;\">\u064a\u0633\u0631 \u0627\u0644\u0645\u0646\u0638\u0645\u0629 \u0627\u0644\u062f\u0648\u0644\u064a\u0629 \u063a\u064a\u0631 \u0627\u0644\u062d\u0643\u0648\u0645\u064a\u0629 AISA ONG \u0648\u0645\u062f\u064a\u0646\u0629 \u0646\u064a\u0633 \u062f\u0639\u0648\u062a\u0643\u0645 \u0625\u0644\u0649 \u0627\u0644\u0645\u0647\u0631\u062c\u0627\u0646 \u0627\u0644\u062b\u0627\u0644\u062b \u0644\u0644\u0645\u0648\u0644\u062f \u0627\u0644\u0646\u0628\u0648\u064a \u0627\u0644\u0634\u0631\u064a\u0641 \u0627\u0644\u0630\u064a \u0633\u064a\u0646\u0639\u0642\u062f \u064a\u0648\u0645 \u0627\u0644\u062e\u0645\u064a\u0633 21 \u0623\u0643\u062a\u0648\u0628\u0631 2021\u0639\u0644\u0649 \u0627\u0644\u0633\u0627\u0639\u0629 8 \u0645\u0633\u0627\u0621\u064b (\u0628\u0627\u0644\u062a\u0648\u0642\u064a\u062a \u0627\u0644\u0623\u0648\u0631\u0648\u0628\u064a) \u0628\u0628\u062b \u0645\u0628\u0627\u0634\u0631 \u0645\u0646 \u0645\u062f\u064a\u0646\u0629 \u0646\u064a\u0633\u060c \u0648\u0630\u0644\u0643 \u0628\u062d\u0636\u0648\u0631 :<\/p>\n<p style=\"direction: rtl;\">\u00b7 \u0627\u0644\u0633\u064a\u062f \u0643\u0631\u064a\u0633\u062a\u064a\u0627\u0646 \u0627\u0633\u062a\u0631\u0648\u0633\u064a \u060c \u0639\u0645\u062f\u0629 \u0645\u062f\u064a\u0646\u0629 \u0646\u064a\u0633\u060c<\/p>\n<p style=\"direction: rtl;\">\u00b7 \u0627\u0644\u0633\u064a\u062f \u0645\u0648\u0631\u064a\u0633 \u0646\u062f\u0627\u0645 : \u0631\u0626\u064a\u0633 \u0627\u0644\u062c\u0627\u0644\u064a\u0629 \u0627\u0644\u064a\u0647\u0648\u062f\u064a\u0629 \u0628\u0646\u064a\u0633 \u0643\u0648\u062a \u062f\u0627\u0632\u0648\u0631\u060c<\/p>\n<p style=\"direction: rtl;\">\u00b7 \u0627\u0644\u0633\u064a\u062f \u0641\u064a\u0644\u064a\u0628 \u0634\u0627\u0646\u0648\u0627\u0646 \u0623\u0633\u0651\u0648: \u0645\u0646\u062f\u0648\u0628 \u0627\u0644\u0623\u0633\u0642\u0641 \u0644\u0645\u062f\u064a\u0646\u0629 \u0646\u064a\u0633\u060c<\/p>\n<p style=\"direction: rtl;\">\u00b7 \u0627\u0644\u0634\u064a\u062e \u062e\u0627\u0644\u062f \u0628\u0646 \u062a\u0648\u0646\u0633\u060c \u0627\u0644\u0631\u0626\u064a\u0633 \u0627\u0644\u0634\u0631\u0641\u064a \u0644\u0640\u062c\u0645\u0639\u064a\u0629 AISA ONG \u0627\u0644\u0645\u0646\u0638\u0645\u0629 \u0627\u0644\u062f\u0648\u0644\u064a\u0629 \u063a\u064a\u0631 \u0627\u0644\u062d\u0643\u0648\u0645\u064a\u0629.<\/p>\n<\/div><\/div><\/div><\/div><\/div><div class=\"vc_col-sm-4 vc_hidden-md vc_hidden-sm vc_hidden-xs wpb_column vc_column_container animate_aft\" style=\"animation-delay:0.2s\"><div class=\"vc_column-inner\"><div class=\"wpb_wrapper\"><div class=\"w-iconbox us_custom_1f64da91 iconpos_top style_default color_contrast align_center no_title no_text\"><div class=\"w-iconbox-icon\" style=\"font-size:10vw;\"><i class=\"fal fa-lightbulb-on\"><\/i><\/div><div class=\"w-iconbox-meta\"><\/div><\/div><\/div><\/div><\/div><\/div><\/div><\/section><section class=\"l-section wpb_row height_full valign_top color_primary with_img parallax_ver with_overlay\"><div class=\"l-section-img\" style=\"background-image: url(https:\/\/site.webjamaa.net\/wp-content\/uploads\/2021\/07\/page-titre_fikr2.jpg);background-repeat: no-repeat;\" data-img-width=\"1778\" data-img-height=\"1000\"><\/div><div class=\"l-section-overlay\" style=\"background: linear-gradient(50deg,rgba(241,242,150,0.7),rgba(0,0,0,0))\"><\/div><div class=\"l-section-h i-cf\"><div class=\"g-cols vc_row type_default valign_middle reversed\"><div class=\"vc_col-sm-8 wpb_column vc_column_container animate_afb\"><div class=\"vc_column-inner\"><div class=\"wpb_wrapper\"><div class=\"w-separator size_small\"><\/div><div class=\"wpb_text_column\" ><div class=\"wpb_wrapper\"><p>R\u00e9flexion \/ <em>Fikr<\/em><\/p>\n<\/div><\/div><h2 class=\"w-text us_custom_aa13cce3\"><span class=\"w-text-h\"><span class=\"w-text-value\">La dignit\u00e9 de l&rsquo;homme face aux anges aux animaux et aux djinns<\/span><\/span><\/h2><div class=\"wpb_text_column\" ><div class=\"wpb_wrapper\"><p>Vendredi 16 juillet 2021 \u00e0 21h00 (heure de Paris)<\/p>\n<\/div><\/div>[vc_raw_html]JTVCYWlvdmdfdmlkZW8lMjB0eXBlJTNEJTIyeW91dHViZSUyMiUyMHlvdXR1YmUlM0QlMjJodHRwcyUzQSUyRiUyRnlvdXR1LmJlJTJGVkttOHAyQjFEVzglMjIlMjBhdXRvcGxheSUzRCUyMjElMjIlMjBsb29wJTNEJTIyMSUyMiU1RA==[\/vc_raw_html]<div class=\"w-separator size_small\"><\/div><div class=\"w-btn-wrapper width_auto align_left\"><a class=\"w-btn us-btn-style_2 icon_atleft\" title=\"Inscription \/ Registration\" target=\"_blank\" href=\"https:\/\/zoom.us\/webinar\/register\/WN_n09iri39Tz2nQfow9Zdr3w\" rel=\"noopener\"><i class=\"fas fa-user\"><\/i><span class=\"w-btn-label\">Inscription \/ Registration<\/span><\/a><\/div><div class=\"w-separator size_small\"><\/div><div class=\"wpb_text_column\" ><div class=\"wpb_wrapper\"><p>Le Coran consacre de nombreux d\u00e9veloppements \u00e0 la place de l\u2019homme dans le cosmos, lui qui fait partie, avec les anges, les animaux et les djinns, du \u00ab monde des vivants \u00bb.<br \/>\nIl d\u00e9crit les rapports complexes entre les anges et Adam, devant lequel ils doivent se prosterner, et \u00e9voque l\u2019adoration des animaux envers Dieu.<br \/>\nMais quelle est au final la place de l\u2019homme dans cet univers ?<br \/>\nPour tenter de r\u00e9pondre \u00e0 ces questions, nous avons convi\u00e9 le <strong>Professeur Pierre Lory<\/strong>, islamologue, directeur d\u2019\u00e9tudes \u00e0 l\u2019EPHE, qui nous fera un point sur cette anthropologie spirituelle de l\u2019islam en se fondant sur les grands commentaires classiques du Coran et de la tradition soufie.<br \/>\nNous aurons plaisir \u00e0 vous retrouver vendredi 16 juillet \u00e0 21h sur www.webjamaa.net.<\/p>\n<p>\u00ab\u00a0La dignidad del hombre en relaci\u00f3n con los \u00e1ngeles, los animales y los genios\u00a0\u00bb<\/p>\n<p>El Cor\u00e1n dedica mucho desarrollo al lugar del hombre en el cosmos, ya que forma parte del \u00ab\u00a0mundo de los vivos\u00a0\u00bb junto con los \u00e1ngeles, los animales y los genios.<br \/>\nDescribe la compleja relaci\u00f3n entre los \u00e1ngeles y Ad\u00e1n, ante quien deben postrarse, y evoca la adoraci\u00f3n de los animales hacia Dios.<\/p>\n<p>Pero, \u00bfcu\u00e1l es el lugar del hombre en este universo?<\/p>\n<p>Para intentar responder a estas preguntas, hemos invitado al profesor Pierre Lory, islam\u00f3logo y director de estudios de la EPHE, que nos pondr\u00e1 al d\u00eda sobre la antropolog\u00eda espiritual del Islam a partir de los grandes comentarios cl\u00e1sicos del Cor\u00e1n y de la tradici\u00f3n suf\u00ed.<\/p>\n<p>Le esperamos el viernes 16 de julio a las 21 horas en www.webjamaa.net.<\/p>\n<\/div><\/div><\/div><\/div><\/div><div class=\"vc_col-sm-4 vc_hidden-md vc_hidden-sm vc_hidden-xs wpb_column vc_column_container animate_aft\" style=\"animation-delay:0.2s\"><div class=\"vc_column-inner\"><div class=\"wpb_wrapper\"><div class=\"w-iconbox us_custom_1f64da91 iconpos_top style_default color_contrast align_center no_title no_text\"><div class=\"w-iconbox-icon\" style=\"font-size:10vw;\"><i class=\"fal fa-lightbulb-on\"><\/i><\/div><div class=\"w-iconbox-meta\"><\/div><\/div><\/div><\/div><\/div><\/div><\/div><\/section><section class=\"l-section wpb_row height_full valign_top color_primary with_img parallax_ver with_overlay\"><div class=\"l-section-img\" style=\"background-image: url(https:\/\/site.webjamaa.net\/wp-content\/uploads\/2021\/07\/page-titre_dhikr2.jpg);background-repeat: no-repeat;\" data-img-width=\"1778\" data-img-height=\"1000\"><\/div><div class=\"l-section-overlay\" style=\"background: linear-gradient(50deg,rgba(7,114,181,0.7),rgba(0,0,0,0))\"><\/div><div class=\"l-section-h i-cf\"><div class=\"g-cols vc_row type_default valign_middle reversed\"><div class=\"vc_col-sm-8 wpb_column vc_column_container animate_afb\"><div class=\"vc_column-inner\"><div class=\"wpb_wrapper\"><div class=\"w-separator size_small\"><\/div><div class=\"wpb_text_column\" ><div class=\"wpb_wrapper\"><p>R\u00e9union spirituelle \/ <em>Dhikr<\/em><\/p>\n<\/div><\/div><h2 class=\"w-text us_custom_aa13cce3\"><span class=\"w-text-h\"><span class=\"w-text-value\">Cheikh Hadj Adda Bentounes Ambassadeur de Paix<\/span><\/span><\/h2><div class=\"wpb_text_column\" ><div class=\"wpb_wrapper\"><p>Vendredi 2 juillet 2021 \u00e0 21h00 (heure de Paris)<\/p>\n<\/div><\/div><div class=\"w-separator size_small\"><\/div><div class=\"w-btn-wrapper width_auto align_left\"><a class=\"w-btn us-btn-style_6 icon_atleft\" title=\"Replay\" target=\"_blank\" href=\"https:\/\/youtu.be\/_ziIMtO41EE\" rel=\"noopener\"><i class=\"fas fa-video\"><\/i><span class=\"w-btn-label\">Replay<\/span><\/a><\/div><div class=\"w-btn-wrapper width_auto align_left\"><a class=\"w-btn us-btn-style_5\" title=\"Biographie FR\" target=\"_blank\" href=\"http:\/\/site.webjamaa.net\/wp-content\/uploads\/2020\/07\/Bio_CheikhAdda_fr.pdf\" rel=\"noopener\"><span class=\"w-btn-label\">Biographie FR<\/span><\/a><\/div><div class=\"w-btn-wrapper width_auto align_left\"><a class=\"w-btn us-btn-style_5\" title=\"Biographie AR\" target=\"_blank\" href=\"http:\/\/site.webjamaa.net\/wp-content\/uploads\/2020\/07\/Bio_CheikhAdda_ar.pdf\" rel=\"noopener\"><span class=\"w-btn-label\">Biographie AR<\/span><\/a><\/div><div class=\"w-btn-wrapper width_auto align_left\"><a class=\"w-btn us-btn-style_5\" title=\"Biographie EN\" target=\"_blank\" href=\"http:\/\/site.webjamaa.net\/wp-content\/uploads\/2020\/07\/Bio_CheikhAdda_en.pdf\" rel=\"noopener\"><span class=\"w-btn-label\">Biographie EN<\/span><\/a><\/div><div class=\"w-separator size_small\"><\/div><div class=\"wpb_text_column\" ><div class=\"wpb_wrapper\"><p class=\"ydpfaffb637MsoNormal\">A l\u2019occasion de la comm\u00e9moration des 69 ans du d\u00e9c\u00e8s de Cheikh Hadj Adda Bentounes (Que Dieu Sanctifie son \u00c2me), AISA ONG Internationale, vous invite \u00e0 la c\u00e9l\u00e9brer sous le th\u00e8me \u00ab le Cheikh Hadj Adda Bentounes, Ambassadeur de Paix\u00a0\u00bb.<\/p>\n<p class=\"ydpfaffb637MsoNormal\">Cheikh Hadj Adda Bentounes\u00a0naquit \u00e0 Mostaganem en 1898.\u00a0\u00a0Il succ\u00e9da \u00e0 son ma\u00eetre le\u00a0Cheikh al-Alawi\u00a0en 1934 comme guide de la voie soufie Al\u00e2wiyya et \u0153uvra durant toute sa vie en faveur de la Fraternit\u00e9 et de la Paix.<\/p>\n<p class=\"ydpfaffb637MsoNormal\">La soir\u00e9e d\u00e9butera par l\u2019\u00e9vocation de son message lu lors\u00a0du \u00ab\u00a0Congr\u00e8s spiritualiste mondial\u00a0de\u00a0Bruxelles \u00bb en 1946, et sera suivie d\u2019un extrait d\u2019une r\u00e9union spirituelle qui s\u2019est tenue en son hommage en 2002.<\/p>\n<\/div><\/div><div class=\"wpb_text_column\" ><div class=\"wpb_wrapper\"><p class=\"ydpfaffb637MsoNormal\"><span class=\"ydpfaffb637yiv1563040135gmail-jlqj4b\"><span lang=\"EN-US\">On the occasion of the commemoration of the 69th anniversary of the death of Sheikh Hadj Adda Bentounes (May God Sanctify his Soul), AISA International NGO invites you to celebrate it under the theme \u00ab\u00a0Sheikh Hadj Adda Bentounes, Ambassador of Peace\u00a0\u00bb.<\/span><\/span><\/p>\n<p class=\"ydpfaffb637MsoNormal\"><span class=\"ydpfaffb637yiv1563040135gmail-jlqj4b\"><span lang=\"EN-US\">Sheikh Hadj Adda Bentounes was born in Mostaganem in 1898. He succeeded his master Sheikh al-Alawi in 1934 as guide of the Sufi path Al\u00e2wiyya and worked throughout his life in favor of Fraternity and Peace.<\/span><\/span><\/p>\n<p class=\"ydpfaffb637MsoNormal\"><span class=\"ydpfaffb637yiv1563040135gmail-jlqj4b\"><span lang=\"EN-US\">The evening will start with an evocation of his message read at the \u00ab\u00a0World Spiritualist Congress in Brussels\u00a0\u00bb in 1946, and will be followed by an extract from a spiritual meeting held in his homage in 2002.<\/span><\/span><span class=\"ydpfaffb637apple-converted-space\"><span lang=\"EN-US\">\u00a0<\/span><\/span><\/p>\n<p class=\"ydpfaffb637MsoNormal\"><span class=\"ydpfaffb637yiv1563040135gmail-jlqj4b\"><span lang=\"EN-US\">Date and Time: Friday July 02, 2021 at 9:00 p.m. (Paris time).<\/span><\/span><\/p>\n<\/div><\/div><div class=\"wpb_text_column\" ><div class=\"wpb_wrapper\"><p class=\"ydpfaffb637yiv2801891148msonormal\" dir=\"RTL\"><span lang=\"AR-SA\">\u062a\u062f\u0639\u0648\u0643\u0645<span class=\"ydpfaffb637apple-converted-space\">\u00a0<\/span><\/span><span dir=\"LTR\">AISA<\/span><span class=\"ydpfaffb637apple-converted-space\"><span lang=\"AR-SA\">\u00a0<\/span><\/span><span lang=\"AR-MA\">\u0627\u0644<\/span><span lang=\"AR-SA\">\u0645\u0646\u0638\u0645\u0629 \u0627\u0644\u062f\u0648\u0644\u064a\u0629 \u063a\u064a\u0631 \u0627\u0644\u062d\u0643\u0648\u0645\u064a\u0629 \u0644\u0644\u0627\u062d\u062a\u0641\u0627\u0644 \u0628\u0627\u0644\u0630\u0643\u0631\u0649 \u0640 69 \u0644\u0631\u062d\u064a\u0644 \u0627\u0644\u0634\u064a\u062e \u0633\u064a\u062f\u064a \u0627\u0644\u062d\u0627\u062c \u0639\u062f\u0629 \u0628\u0646 \u062a\u0648\u0646\u0633 (\u0642\u062f\u0633 \u0627\u0644\u0644\u0647 \u0631\u0648\u062d\u0647) \u060c \u062a\u062d\u062a \u0634\u0639\u0627\u0631 \u00ab\u00a0\u0627\u0644\u0634\u064a\u062e \u0627\u0644\u062d\u0627\u062c \u0639\u062f\u0629 \u0628\u0646 \u062a\u0648\u0646\u0633 \u060c \u0633\u0641\u064a\u0631 \u0627\u0644\u0633\u0644\u0627\u0645\u00a0\u00bb.<\/span><\/p>\n<p class=\"ydpfaffb637yiv2801891148msonormal\" dir=\"RTL\"><span lang=\"AR-SA\">\u0648\u0644\u062f \u0627\u0644\u0634\u064a\u062e \u0627\u0644\u062d\u0627\u062c \u0639\u062f\u0629 \u0628\u0646 \u062a\u0648\u0646\u0633 \u0641\u064a \u0645\u0633\u062a\u063a\u0627\u0646\u0645 \u0639\u0627\u0645 1898\u060c \u062e\u064e\u0644\u064e\u0641\u064e \u0623\u0633\u062a\u0627\u0630\u0647 \u0627\u0644\u0634\u064a\u062e \u0627\u0644\u0639\u0644\u0627\u0648\u064a \u0639\u0627\u0645 1934 \u0643\u0634\u064a\u062e \u0644\u0644\u0637\u0631\u064a\u0642\u0629 \u0627\u0644\u0635\u0648\u0641\u064a\u0629 \u0627\u0644\u0639\u0644\u0627\u0648\u064a\u0629 \u0648 \u0643\u0631\u064e\u0651\u0633 \u062d\u064a\u0627\u062a\u0647 \u0644\u0635\u0627\u0644\u062d \u0627\u0644\u0623\u062e\u0648\u0629 \u0648\u0627\u0644\u0633\u0644\u0627\u0645.<\/span><\/p>\n<p class=\"ydpfaffb637yiv2801891148msonormal\" dir=\"RTL\"><span lang=\"AR-SA\">\u0633\u0646\u0641\u062a\u062a\u062d \u0627\u0644\u0623\u0645\u0633\u064a\u0629 \u0628\u0627\u0633\u062a\u062d\u0636\u0627\u0631 \u0631\u0633\u0627\u0644\u062a\u0647 \u0627\u0644\u062a\u064a \u062a\u0645\u064e\u0651\u062a \u0642\u0631\u0627\u0621\u062a\u0647\u0627 \u0641\u064a \u00ab\u00a0\u0627\u0644\u0645\u0624\u062a\u0645\u0631<\/span><span dir=\"LTR\" lang=\"AR-SA\">\u00a0<\/span><span lang=\"AR-SA\">\u0627\u0644\u0631\u0648\u062d\u064a\u00a0<span class=\"ydpfaffb637apple-converted-space\">\u00a0\u0627\u0644\u0639\u0627\u0644\u0645\u064a \u0641\u064a \u0628\u0631\u0648\u0643\u0633\u064a\u0644\u00a0\u00bb \u0639\u0627\u0645 1946 \u060c \u062b\u0645 \u0633\u064a\u0644\u064a\u0647\u0627 \u0645\u0642\u062a\u0637\u0641 \u0645\u0646 \u0627\u0644\u0623\u0645\u0633\u064a\u0629 \u0627\u0644\u0631\u0648\u062d\u064a\u0629 \u0627\u0644\u062a\u064a \u00a0\u0639\u0642\u062f\u062a \u00a0\u0644\u062a\u0643\u0631\u064a\u0645\u0647 \u0639\u0627\u0645 2002.<\/span><\/span><\/p>\n<p class=\"ydpfaffb637yiv2801891148msonormal\" dir=\"RTL\"><span lang=\"AR-SA\">\u0645\u0648\u0639\u062f\u0646\u0627 \u064a\u0648\u0645 \u0627\u0644\u062c\u0645\u0639\u0629 02 \u064a\u0648\u0644\u064a\u0648\u0632 2021 \u0639\u0644\u0649 \u0627\u0644\u0633\u0627\u0639\u0629 9:00 \u0645\u0633\u0627\u0621\u064b (\u0628\u062a\u0648\u0642\u064a\u062a \u0628\u0627\u0631\u064a\u0633).<\/span><\/p>\n<\/div><\/div><div class=\"wpb_text_column\" ><div class=\"wpb_wrapper\"><p class=\"ydpfaffb637MsoNormal\">Con motivo de la conmemoraci\u00f3n del 69\u00ba aniversario de del fallecimiento del Sheij Hadj Adda Bentounes (que Dios Santifique su Alma), AISA ONG Internacional, le invita a celebrarlo bajo el lema \u00a0\u00bb Sheij Hadj Adda Bentounes, Embajador de la Paz\u00a0\u00bb.<br \/>\nEl Sheij Hadj Adda Bentounes naci\u00f3 en Mostaganem en 1898.\u00a0 Sucedi\u00f3 a su maestro el Sheij al-Alawi en 1934 como gu\u00eda de la v\u00eda suf\u00ed Al\u00e2wiyya y trabaj\u00f3 durante toda su vida a favor de la Fraternidad y de la Paz.<\/p>\n<p class=\"ydpfaffb637MsoNormal\">La velada comenzar\u00e1 con la evocaci\u00f3n de su mensaje le\u00eddo en el \u00ab\u00a0Congreso Espiritualista Mundial de Bruselas\u00a0\u00bb en 1946, y seguir\u00e1 con un fragmento de una reuni\u00f3n espiritual celebrada en su honor en 2002.<\/p>\n<p class=\"ydpfaffb637MsoNormal\">Fecha y hora: viernes 02 de julio de 2021 a las 21:00 (hora de Par\u00eds).<\/p>\n<\/div><\/div><\/div><\/div><\/div><div class=\"vc_col-sm-4 vc_hidden-md vc_hidden-sm vc_hidden-xs wpb_column vc_column_container animate_aft\" style=\"animation-delay:0.2s\"><div class=\"vc_column-inner\"><div class=\"wpb_wrapper\"><\/div><\/div><\/div><\/div><\/div><\/section><section class=\"l-section wpb_row height_full valign_top color_primary with_img parallax_ver with_overlay\"><div class=\"l-section-img\" style=\"background-image: url(https:\/\/site.webjamaa.net\/wp-content\/uploads\/2021\/06\/page-titre2.jpg);background-repeat: no-repeat;\" data-img-width=\"1778\" data-img-height=\"1000\"><\/div><div class=\"l-section-overlay\" style=\"background: linear-gradient(50deg,rgba(7,114,181,0.7),rgba(0,0,0,0))\"><\/div><div class=\"l-section-h i-cf\"><div class=\"g-cols vc_row type_default valign_middle reversed\"><div class=\"vc_col-sm-8 wpb_column vc_column_container animate_afb\"><div class=\"vc_column-inner\"><div class=\"wpb_wrapper\"><div class=\"w-separator size_small\"><\/div><div class=\"wpb_text_column\" ><div class=\"wpb_wrapper\"><p>R\u00e9flexion \/ <em>Fikr<\/em><\/p>\n<\/div><\/div><h2 class=\"w-text us_custom_aa13cce3\"><span class=\"w-text-h\"><span class=\"w-text-value\">Shu\u2019aib Ab\u00fb Madyan, Le ma\u00eetre des maitres<\/span><\/span><\/h2><div class=\"wpb_text_column\" ><div class=\"wpb_wrapper\"><p>Vendredi 18 juin 2021 \u00e0 21h00 (heure de Paris)<\/p>\n<\/div><\/div><div class=\"w-btn-wrapper width_auto align_left\"><a class=\"w-btn us-btn-style_6 icon_atleft\" title=\"Replay\" target=\"_blank\" href=\"https:\/\/youtu.be\/gWnmKKXjuxY\" rel=\"noopener\"><i class=\"fas fa-video\"><\/i><span class=\"w-btn-label\">Replay<\/span><\/a><\/div><div class=\"w-separator size_small\"><\/div><div class=\"wpb_text_column\" ><div class=\"wpb_wrapper\"><p class=\"ydp32c9ccdemsonormal\">Surnomm\u00e9 le \u00ab ma\u00eetre des ma\u00eetres \u00bb par Muhyeddin Ibn \u2018Arabi, <strong>le Cheikh Shu\u2019aib Ab\u00fb Madyan<\/strong> est la figure centrale du soufisme maghr\u00e9bin et andalou.\u00a0N\u00e9 au XII\u00e8me si\u00e8cle, originaire d\u2019Andalousie, voyageur infatigable, il parcouru tout le Maghreb et l\u2019Orient, en qu\u00eate de la connaissance supr\u00eame.\u00a0De Beja\u00efa, ville c\u00f4ti\u00e8re de l\u2019Alg\u00e9rie, o\u00f9 il se fixera les derni\u00e8res ann\u00e9es de sa vie, il dispensera un enseignement spirituel dont les effluves nous sont parvenus jusqu\u2019\u00e0 aujourd\u2019hui.<\/p>\n<p class=\"ydp32c9ccdemsonormal\">C\u2019est de cet enseignement \u00e9difiant que notre ami, <strong>Slimane Rezki<\/strong> nous entretiendra.\u00a0Dipl\u00f4m\u00e9 en sciences religieuses de l\u2019\u00c9cole Pratique des Hautes \u00c9tudes, Slimane Rezki est un conf\u00e9rencier et traducteur de grandes figures du soufisme.\u00a0Il est l\u2019auteur du livre intitul\u00e9 \u00ab\u00a0Abu Madyan, les Ma\u00eetre des ma\u00eetres\u00a0\u00bb, paru aux Editions Albouraq, en 2017.<\/p>\n<\/div><\/div><div class=\"wpb_text_column\" ><div class=\"wpb_wrapper\"><p dir=\"ltr\">Nicknamed the \u201cmaster of masters\u201d by Muhyeddin Ibn \u2018Arabi, <strong>Sheikh Shu\u2019aib Abu Madyan<\/strong> is the central figure of Maghrebian and Andalusian Sufism. Born in the 12th century, originally from Andalusia, tireless traveler, he traveled all over the Maghreb and the East, in search of supreme knowledge. From Beja\u00efa, a coastal town in Algeria, where he will settle for the last years of his life, he will provide a spiritual teaching whose scent has survived to this day.<\/p>\n<p dir=\"ltr\">It is this edifying teaching that our friend, <strong>Slimane Rezki<\/strong> will tell us about. A graduate in religious sciences from the Ecole Pratique des Hautes Etudes, Slimane Rezki is a lecturer and translator of great figures in Sufism. He is the author of the book \u00ab\u00a0Abu Madyan, the Masters of Masters\u00a0\u00bb, published by Editions Albouraq, in 2017.<\/p>\n<\/div><\/div><div class=\"wpb_text_column\" ><div class=\"wpb_wrapper\"><p class=\"ydp32c9ccdemsonormal\" dir=\"RTL\"><span lang=\"AR\">\u064a\u0644\u0642\u0628 \u0627\u0644\u0634\u064a\u062e \u0634\u0639\u064a\u0628 \u0623\u0628\u0648 \u0645\u062f\u064a\u0646 \u0628\u0640 \u00ab\u00a0\u0634\u064a\u062e \u0627\u0644\u0645\u0634\u0627\u0626\u062e \u00a0\u00bb \u0645\u0646 \u0642\u0650\u0628\u064e\u0644 \u0645\u062d\u064a \u0627\u0644\u062f\u064a\u0646 \u0628\u0646 \u0639\u0631\u0628\u064a\u060c \u062d\u064a\u062b \u064a\u0639\u062a\u0628\u0631 \u0627\u0644\u0634\u062e\u0635\u064a\u0629 \u0627\u0644\u0645\u0631\u0643\u0632\u064a\u0629 \u0644\u0623\u0647\u0644 \u0627\u0644\u062a\u0635\u0648\u0641 \u0639\u0644\u0649 \u0627\u0644\u0635\u0639\u064a\u062f \u0627\u0644\u0645\u063a\u0627\u0631\u0628\u064a \u0648\u0627\u0644\u0623\u0646\u062f\u0644\u0633\u064a.<\/span><\/p>\n<p class=\"ydp32c9ccdemsonormal\" dir=\"RTL\"><span lang=\"AR\">\u0648\u0644\u062f \u0641\u064a \u0627\u0644\u0642\u0631\u0646 \u0627\u0644\u062b\u0627\u0646\u064a \u0639\u0634\u0631\u060c \u0623\u0635\u0644\u0647 \u0645\u0646 \u0627\u0644\u0623\u0646\u062f\u0644\u0633\u060c \u0633\u0627\u0626\u062d\u0627 \u0628\u0644\u0627 \u0643\u0644\u0644\u060c \u062d\u064a\u062b \u0633\u0627\u0641\u0631 \u0641\u064a \u062c\u0645\u064a\u0639 \u0623\u0646\u062d\u0627\u0621 \u0627\u0644\u0645\u063a\u0631\u0628 \u0627\u0644\u0639\u0631\u0628\u064a \u0648\u0627\u0644\u0634\u0631\u0642 \u0628\u062d\u062b\u064b\u0627 \u0639\u0646 \u0627\u0644\u0645\u0639\u0631\u0641\u0629 \u0627\u0644\u0631\u0628\u0627\u0646\u064a\u0629. \u062d\u064a\u062b \u0633\u064a\u0633\u062a\u0642\u0631 \u0641\u064a \u0627\u0644\u0633\u0646\u0648\u0627\u062a \u0627\u0644\u0623\u062e\u064a\u0631\u0629 \u0645\u0646 \u062d\u064a\u0627\u062a\u0647 \u0641\u064a \u0628\u0642\u0627\u0639 \u0628\u062c\u0627\u064a\u0629\u060c \u0645\u062f\u064a\u0646\u0629 \u0633\u0627\u062d\u0644\u064a\u0629 \u0641\u064a \u0627\u0644\u062c\u0632\u0627\u0626\u0631\u060c \u0648\u064a\u0642\u062f\u0645 \u062a\u0639\u0644\u064a\u0645\u064b\u0627 \u0631\u0648\u062d\u064a\u064b\u0627 \u0628\u0642\u064a\u062a \u0631\u0627\u0626\u062d\u062a\u0647 \u0625\u0644\u0649 \u064a\u0648\u0645\u0646\u0627 \u0647\u0630\u0627. \u0641\u0645\u0646 \u062e\u0644\u0627\u0644 \u0647\u0630\u0627 \u0627\u0644\u062a\u0639\u0644\u064a\u0645 \u0627\u0644\u0623\u0633\u0627\u0633\u064a \u0633\u064a\u062a\u062d\u062f\u062b \u0639\u0646\u0647 \u0635\u062f\u064a\u0642\u0646\u0627 \u0633\u0644\u064a\u0645\u0627\u0646 \u0631\u0632\u0642\u064a \u0648\u0647\u0648 \u062e\u0631\u0650\u0651\u064a\u062c \u0627\u0644\u0639\u0644\u0648\u0645 \u0627\u0644\u062f\u064a\u0646\u064a\u0629 \u0645\u0646 \u0627\u0644\u0645\u062f\u0631\u0633\u0629 \u0627\u0644\u062a\u0637\u0628\u064a\u0642\u064a\u0629 \u0644\u0644\u062f\u0631\u0627\u0633\u0627\u062a \u0627\u0644\u0639\u0644\u064a\u0627\u060c \u0645\u062d\u0627\u0636\u0631 \u0648\u0645\u062a\u0631\u062c\u0645 \u0644\u0623\u0647\u0645 \u0634\u062e\u0635\u064a\u0627\u062a \u0627\u0644\u062a\u0635\u0648\u0641. \u0623\u0644\u064e\u0651\u0641 \u0643\u062a\u0627\u0628 : \u00a0\u00bb \u0623\u0628\u0648 \u0645\u062f\u064a\u0646 \u0634\u064a\u062e \u0627\u0644\u0645\u0634\u0627\u0626\u062e \u00a0\u00bb \u0625\u0635\u062f\u0627\u0631\u0627\u062a \u0627\u0644\u0628\u0631\u0627\u0642 \u0639\u0627\u0645 2017.<\/span><\/p>\n<\/div><\/div><div class=\"wpb_text_column\" ><div class=\"wpb_wrapper\"><p class=\"ydp32c9ccdemsonormal\">Apodado el \u00ab\u00a0Maestro de Maestros\u00a0\u00bb por Muhyeddin Ibn &lsquo;Arabi, <strong>Shu&rsquo;aib Ab\u00fb Madyan<\/strong> es la figura central del sufismo magreb\u00ed y andaluz.\u00a0Nacido en el siglo XII, originario de Andaluc\u00eda, viajero incansable, recorri\u00f3 el Magreb y Oriente en busca del conocimiento supremo.\u00a0Desde Bug\u00eda, ciudad costera de Argelia, donde se instal\u00f3 los \u00faltimos a\u00f1os de su vida, imparti\u00f3 una ense\u00f1anza espiritual cuya influencia ha llegado hasta nuestros d\u00edas.<\/p>\n<p class=\"ydp32c9ccdemsonormal\">De esta edificante ense\u00f1anza nos hablar\u00e1 nuestro amigo <strong>Slimane Rezki<\/strong>.\u00a0Licenciado en ciencias religiosas por la Escuela Pr\u00e1ctica de Altos Estudios, Slimane Rezki es conferenciante y traductor de grandes figuras del sufismo.\u00a0Es autor del libro titulado \u00ab\u00a0Abu Madyan, el maestro de maestros\u00a0\u00bb, publicado por Editions Albouraq, en 2017.<\/p>\n<\/div><\/div><\/div><\/div><\/div><div class=\"vc_col-sm-4 vc_hidden-md vc_hidden-sm vc_hidden-xs wpb_column vc_column_container animate_aft\" style=\"animation-delay:0.2s\"><div class=\"vc_column-inner\"><div class=\"wpb_wrapper\"><div class=\"w-iconbox us_custom_1f64da91 iconpos_top style_default color_contrast align_center no_title no_text\"><div class=\"w-iconbox-icon\" style=\"font-size:10vw;\"><i class=\"fal fa-lightbulb-on\"><\/i><\/div><div class=\"w-iconbox-meta\"><\/div><\/div><\/div><\/div><\/div><\/div><\/div><\/section><section class=\"l-section wpb_row height_full valign_top color_primary with_img parallax_ver with_overlay\"><div class=\"l-section-img\" style=\"background-image: url(https:\/\/site.webjamaa.net\/wp-content\/uploads\/2021\/05\/40e-22-1.jpg);background-repeat: no-repeat;\" data-img-width=\"1778\" data-img-height=\"1000\"><\/div><div class=\"l-section-overlay\" style=\"background: linear-gradient(90deg,rgba(22,109,171,0.95),rgba(0,0,0,0))\"><\/div><div class=\"l-section-h i-cf\"><div class=\"g-cols vc_row type_default valign_middle reversed\"><div class=\"vc_col-sm-8 wpb_column vc_column_container animate_afb\"><div class=\"vc_column-inner\"><div class=\"wpb_wrapper\"><div class=\"w-separator size_small\"><\/div><h2 class=\"w-text us_custom_aa13cce3\"><span class=\"w-text-h\"><span class=\"w-text-value\">C\u00e9r\u00e9monie du 40e jour de Allaoui Abdellaoui Benkadour<\/span><\/span><\/h2><div class=\"wpb_text_column\" ><div class=\"wpb_wrapper\"><h4>dimanche 16 mai 2021 &#8211; 20h30 (heure de Paris)<\/h4>\n<\/div><\/div><div class=\"w-btn-wrapper width_auto align_left\"><a class=\"w-btn us-btn-style_6 icon_atleft\" title=\"Replay\" target=\"_blank\" href=\"https:\/\/youtu.be\/WBqTx3pJmdM\" rel=\"noopener\"><i class=\"fas fa-video\"><\/i><span class=\"w-btn-label\">Lien \/ \u0627\u0644\u0631\u0627\u0628\u0637 \/ Link \/ Enlace<\/span><\/a><\/div><div class=\"w-separator size_small\"><\/div><div class=\"wpb_text_column\" ><div class=\"wpb_wrapper\"><p>Allaouia Abdellaoui et ses enfants, Yasmina, Hasnia et Ya-sin, ont l\u2019honneur de vous inviter \u00e0 la veill\u00e9e spirituelle en hommage \u00e0 son mari et leur bien aim\u00e9 p\u00e8re, Allaoui Abdellaoui Benkadour, parti rejoindre la demeure de la Paix \u00e9ternelle le 6 avril dernier.<br \/>\nLa c\u00e9r\u00e9monie du 40e jour de son d\u00e9c\u00e8s aura lieu le <strong>dimanche 16 mai 2021\u00e0 20h30<\/strong>.<br \/>\nCette journ\u00e9e est doublement importante pour nous, car comme vous le savez, nous c\u00e9l\u00e9brons le 40\u00e8me jour du d\u00e9part de notre bien aim\u00e9 p\u00e8re Allaoui et \u00e0 la fois nous c\u00e9l\u00e9brons la journ\u00e9e internationale du vivre ensemble en paix.<br \/>\nNous serons honor\u00e9s de partager cet instant de recueillement.<br \/>\nAvec nos fraternelles salutations,<br \/>\nLa Famille Abdellaoui<\/p>\n<\/div><\/div><div class=\"wpb_text_column\" ><div class=\"wpb_wrapper\"><p>Allaouia Abdellaoui und ihre Kinder Yasmina, Hasnia und Ya-sin haben die Ehre, Sie zur geistlichen Andacht einzuladen, um ihrem Ehemann und ihrem geliebten Vater, Allaoui Abdellaoui Benkadour, zu gedenken, der am 6.\u00a0April in die Wohnst\u00e4tte des Ewigen Friedens gegangen ist.<br \/>\nDie Zeremonie zum 40. Tag seines Todes findet am <strong>Sonntag, den 16. Mai 2021 statt um 20:30 Uhr<\/strong>.<br \/>\nDieser Tag ist f\u00fcr uns doppelt wichtig, denn wie Sie wissen, feiern wir den 40. Tag der Abreise unseres geliebten Vater Allaoui und gleichzeitig den internationalen Tag des Zusammenlebens in Frieden.<\/p>\n<p>Es wird uns eine Ehre sein, diesen Moment der Kontemplation zu teilen.<\/p>\n<p>Mit unseren geschwusterlichen Gr\u00fc\u00dfen<br \/>\nMit geschwisterlichen Gr\u00fc\u00dfen<br \/>\nAbdellaoui Familie<\/p>\n<\/div><\/div><div class=\"wpb_text_column\" ><div class=\"wpb_wrapper\"><p dir=\"rtl\">\u062a\u062a\u0634\u0631\u0641 \u0639\u0644\u0648\u064a\u0629 \u0639\u0628\u062f\u0644\u0627\u0648\u064a \u0648\u0623\u0648\u0644\u0627\u062f\u0647\u0627 \u064a\u0627\u0633\u0645\u064a\u0646\u0629 \u0648\u062d\u0633\u0646\u064a\u0629 \u0648\u064a\u0627 \u0633\u064a\u0646 \u0628\u062f\u0639\u0648\u062a\u0643\u0645 \u0625\u0644\u0649 \u0627\u0644\u0645\u0634\u0627\u0631\u0643\u0629 \u0641\u064a\u00a0\u062c\u0645\u0639 \u0631\u0648\u062d\u064a\u00a0\u062a\u0643\u0631\u064a\u0645\u0627 \u0644\u0632\u0648\u062c\u0647\u0627 \u0648\u0648\u0627\u0644\u062f\u0647\u0645 \u0627\u0644\u062d\u0628\u064a\u0628 \u0639\u0644\u0648\u064a \u0639\u0628\u062f\u0644\u0627\u0648\u064a \u0628\u0646 \u0642\u062f\u0648\u0631 \u060c \u0627\u0644\u0630\u064a \u0627\u0646\u062a\u0642\u0644 \u0625\u0644\u0649 \u062f\u0627\u0631 \u0627\u0644\u0633\u0644\u0627\u0645 \u0627\u0644\u0623\u0628\u062f\u064a\u0629 \u0641\u064a \u0627\u0644\u064a\u0648\u0645 \u0627\u0644\u0633\u0627\u062f\u0633 \u0645\u0646 \u0634\u0647\u0631 \u0623\u0628\u0631\u064a\u0644 \u0627\u0644\u0645\u0627\u0636\u064a\u00a0\u00a0\u062d\u064a\u062b \u064a\u0642\u0627\u0645 \u062d\u0641\u0644 \u0627\u0644\u064a\u0648\u0645 \u0627\u0644\u0623\u0631\u0628\u0639\u064a\u0646 \u0644\u0648\u0641\u0627\u062a\u0647 \u064a\u0648\u0645 \u0627\u0644\u0623\u062d\u062f <strong>16 \u0645\u0627\u064a\u0648 2021 \u0639\u0644\u0649 \u0627\u0644\u0633\u0627\u0639\u0629 8:30 \u0645\u0633\u0627\u0621\u064b\u00a0\u00a0(\u0628\u062a\u0648\u0642\u064a\u062a \u0628\u0627\u0631\u064a\u0633)<\/strong>.<\/p>\n<p dir=\"rtl\">\u0647\u0630\u0627 \u0627\u0644\u064a\u0648\u0645 \u0644\u0647 \u0623\u0647\u0645\u064a\u0629 \u0645\u0636\u0627\u0639\u0641\u0629 \u0628\u0627\u0644\u0646\u0633\u0628\u0629 \u0644\u0646\u0627\u060c \u0644\u0623\u0646\u0647 \u0643\u0645\u0627 \u062a\u0639\u0644\u0645\u0648\u0646\u060c \u0646\u062d\u062a\u0641\u0644 \u0628\u0627\u0644\u064a\u0648\u0645 \u0627\u0644\u0623\u0631\u0628\u0639\u064a\u0646 \u0644\u0631\u062d\u064a\u0644 \u0623\u0628\u064a\u0646\u0627 \u0627\u0644\u062d\u0628\u064a\u0628 \u0639\u0644\u0627\u0648\u064a \u0648\u0641\u064a \u0646\u0641\u0633 \u0627\u0644\u0648\u0642\u062a \u0646\u062d\u062a\u0641\u0644 \u0628\u0627\u0644\u064a\u0648\u0645 \u0627\u0644\u062f\u0648\u0644\u064a \u0644\u0644\u0639\u064a\u0634 \u0645\u0639\u064b\u0627 \u0641\u064a \u0633\u0644\u0627\u0645\u060c \u0633\u0646\u062a\u0634\u0631\u0641 \u062c\u0645\u064a\u0639\u0627 \u0628\u0645\u0634\u0627\u0631\u0643\u0629 \u0644\u062d\u0638\u0627\u062a \u0627\u0644\u062a\u0623\u0645\u0644.<\/p>\n<p dir=\"rtl\">\u062a\u0642\u0628\u0644\u0648\u0627 \u062a\u062d\u064a\u0627\u062a\u0646\u0627 \u0627 \u0644\u0623\u062e\u0648\u064a\u0629.<\/p>\n<p dir=\"rtl\">\u0639\u0627\u0626\u0644\u0629 \u0627\u0644\u0639\u0628\u062f\u0644\u0627\u0648\u064a<\/p>\n<\/div><\/div><div class=\"wpb_text_column\" ><div class=\"wpb_wrapper\"><p>Allaouia Abdellaoui and her children, Yasmina, Hasnia and Ya-sin,<\/p>\n<p>have the honor to invite you to the spiritual assembly in homage to her husband and their beloved father, Allaoui Abdellaoui Benkadour, who left to join the abode of Eternal Peace on the 6th last April.<\/p>\n<p>The ceremony for the 40th day of his death will take place on <strong>Sunday May 16, 2021\u00a0at 8:30 p.m<\/strong>.<\/p>\n<p>This day is doubly important for us, because as you know, we celebrate the 40th day of the departure of our beloved Father Allaoui and at the same time we celebrate the international day of living together in peace.<\/p>\n<p>We will be honored to share this moment of contemplation.<br \/>\nWith our fraternal greetings,<br \/>\nAbdellaoui family<\/p>\n<\/div><\/div><div class=\"wpb_text_column\" ><div class=\"wpb_wrapper\"><p>Allaouia Abdellaoui y sus hijos, Yasmina, Hasnia y Ya-sin, tienen el honor de invitarles a la vigilia espiritual en homenaje a su marido y querido padre, Allaoui Abdellaoui Benkadour, que parti\u00f3 para unirse a la morada de la paz eterna el \u00faltimo 6 de abril.<\/p>\n<p>La ceremonia del 40\u00ba d\u00eda de su muerte se celebrar\u00e1 el domingo <strong>16 de mayo de 2021, 8:30 p.m.<\/strong><\/p>\n<p>Este d\u00eda es doblemente importante para nosotros, porque como saben, celebramos el 40\u00ba d\u00eda de la partida de nuestro querido padre Allaoui y al mismo tiempo celebramos el d\u00eda internacional de la convivencia en paz.<\/p>\n<p>Ser\u00e1 un honor compartir este momento de recuerdo.<br \/>\nCon nuestros saludos fraternales,<br \/>\nFamilia Abdellaoui<\/p>\n<\/div><\/div><\/div><\/div><\/div><div class=\"vc_col-sm-4 vc_hidden-md vc_hidden-sm vc_hidden-xs wpb_column vc_column_container animate_aft\" style=\"animation-delay:0.2s\"><div class=\"vc_column-inner\"><div class=\"wpb_wrapper\"><\/div><\/div><\/div><\/div><\/div><\/section><section class=\"l-section wpb_row height_full valign_top color_primary with_img parallax_ver\"><div class=\"l-section-img\" style=\"background-image: url(https:\/\/site.webjamaa.net\/wp-content\/uploads\/2021\/05\/modele_RN_170.jpg);background-repeat: no-repeat;\" data-img-width=\"1707\" data-img-height=\"960\"><\/div><div class=\"l-section-h i-cf\"><div class=\"g-cols vc_row type_default valign_middle reversed\"><div class=\"vc_col-sm-8 wpb_column vc_column_container animate_afb\"><div class=\"vc_column-inner\"><div class=\"wpb_wrapper\"><div class=\"w-separator size_small\"><\/div><div class=\"wpb_text_column\" ><div class=\"wpb_wrapper\"><p>Cycle Ramadan 2021 (1442)<\/p>\n<\/div><\/div><h2 class=\"w-text us_custom_aa13cce3\"><span class=\"w-text-h\"><span class=\"w-text-value\">Journ\u00e9e Aid el Fitr<\/span><\/span><\/h2><div class=\"wpb_text_column\" ><div class=\"wpb_wrapper\"><h4>jeudi 13 mai 2021<\/h4>\n<\/div><\/div><div class=\"w-separator size_small\"><\/div><div class=\"w-btn-wrapper width_auto align_left\"><a class=\"w-btn us-btn-style_6 icon_atleft\" title=\"Pri\u00e8re de l&#039;Aid el Fitr\" target=\"_blank\" href=\"https:\/\/youtu.be\/YPHqK5sQ8sI\" rel=\"noopener\"><i class=\"fad fa-video\"><\/i><span class=\"w-btn-label\">Pri\u00e8re de l&rsquo;Aid el Fitr<\/span><\/a><\/div><div class=\"w-btn-wrapper width_auto align_left\"><a class=\"w-btn us-btn-style_6 icon_atleft\" title=\"Pri\u00e8re de l&#039;Aid el Fitr - suite\" target=\"_blank\" href=\"https:\/\/youtu.be\/5QghNILzv1o\" rel=\"noopener\"><i class=\"fad fa-video\"><\/i><span class=\"w-btn-label\">Pri\u00e8re de l&rsquo;Aid el Fitr &#8211; suite<\/span><\/a><\/div><div class=\"w-btn-wrapper width_auto align_left\"><a class=\"w-btn us-btn-style_6 icon_atleft\" title=\"Voeux des jeunes\" target=\"_blank\" href=\"https:\/\/youtu.be\/cYzz3Qe44yo\" rel=\"noopener\"><i class=\"fas fa-video\"><\/i><span class=\"w-btn-label\">Voeux des jeunes<\/span><\/a><\/div><div class=\"w-btn-wrapper width_auto align_left\"><a class=\"w-btn us-btn-style_6 icon_atleft\" title=\"20:30 \/\/ C\u00e9l\u00e9bration de l&#039;Aid el Fitr\" target=\"_blank\" href=\"https:\/\/youtu.be\/6uZ0KeTHAnA\" rel=\"noopener\"><i class=\"fad fa-video\"><\/i><span class=\"w-btn-label\">C\u00e9l\u00e9bration de l&rsquo;Aid el Fitr<\/span><\/a><\/div><div class=\"w-separator size_small\"><\/div><div class=\"wpb_text_column\" ><div class=\"wpb_wrapper\"><p>Partageons ensemble la joie de la f\u00eate de l\u2019Aid El Fitr avec 3 \u00e9v\u00e9nements durant la journ\u00e9e du jeudi 13 Mai 2021. A 7h45, en direct de la Zaouia M\u00e8re de Mostaganem, nous c\u00e9l\u00e9brerons la pri\u00e8re de l\u2019Aid El Fitr. A 17h00, les jeunes nous souhaiteront leur v\u0153ux de l\u2019Aid \u00e0 travers une vid\u00e9o. A 20h30, nous cl\u00f4turons la journ\u00e9e par un voyage \u00e0 travers le monde \u00e0 la rencontre d\u2019autres voies soufies.<\/p>\n<\/div><\/div><div class=\"wpb_text_column\" ><div class=\"wpb_wrapper\"><p>Eid al-Fitr 2021<\/p>\n<p>Let us share the joy of Eid al-Fitr\u2019s celebration with three events that will occur, this Thursday, on May, 13th 2021. At 07:45 a.m., live from the Head Zaouia of Mostaganem, we will celebrate the prayer of Eid al-Fitr. At 5:00 p.m., young members will extend their wishes for this Eid in a video. At 08:30 p.m., lastly, we will bring this day to a close by embarking on a round-the-world journey to encounter other Sufi orders.<\/p>\n<\/div><\/div><div class=\"wpb_text_column\" ><div class=\"wpb_wrapper\"><p style=\"direction: rtl; text-align: right;\">\u0639\u064a\u062f \u0627\u0644\u0641\u0637\u0631 2021<\/p>\n<p style=\"direction: rtl; text-align: right;\">\u0644\u0646\u062a\u0634\u0627\u0631\u0643 \u0645\u0639\u064b\u0627 \u0641\u0631\u062d\u0629 \u0627\u0644\u0627\u062d\u062a\u0641\u0627\u0644 \u0628\u0639\u064a\u062f \u0627\u0644\u0641\u0637\u0631 \u0627\u0644\u0645\u0628\u0627\u0631\u0643 \u064a\u0648\u0645 \u0627\u0644\u062e\u0645\u064a\u0633 13 \u0645\u0627\u064a 2021 \u0645\u0646 \u062e\u0644\u0627\u0644 \u062b\u0644\u0627\u062b\u0629 \u0623\u062d\u062f\u0627\u062b \u00b7 \u0627\u0644\u0633\u0627\u0639\u0629 7:45 \u0635\u0628\u0627\u062d\u064b\u0627\u060c \u0645\u0628\u0627\u0634\u0631\u0629 \u0645\u0646 \u0627\u0644\u0632\u0627\u0648\u064a\u0629 \u0627\u0644\u0643\u0628\u0631\u0649 \u0628\u0645\u0633\u062a\u063a\u0627\u0646\u0645\u060c \u0623\u062f\u0627\u0621 \u0635\u0644\u0627\u0629 \u0639\u064a\u062f \u0627\u0644\u0641\u0637\u0631. \u00b7 \u0627\u0644\u0633\u0627\u0639\u0629 5:00 \u0645\u0633\u0627\u0621\u064b\u060c \u062a\u0647\u0646\u0626\u0629 \u0639\u064a\u062f \u0627\u0644\u0641\u0637\u0631 \u0639\u0628\u0631 \u0641\u064a\u062f\u064a\u0648 \u0645\u0646 \u0637\u0631\u0641 \u0627\u0644\u0634\u0628\u0627\u0628. \u00b7 \u0627\u0644\u0633\u0627\u0639\u0629 8:30 \u0645\u0633\u0627\u0621\u064b\u060c \u0646\u062e\u062a\u0645 \u064a\u0648\u0645\u0646\u0627 \u0628\u062c\u0648\u0644\u0629 \u0639\u0627\u0644\u0645\u064a\u0629 \u0645\u0639 \u0628\u0639\u0636 \u0627\u0644\u0637\u0631\u0642 \u0627\u0644\u0635\u0648\u0641\u064a\u0629.<\/p>\n<\/div><\/div><div class=\"wpb_text_column\" ><div class=\"wpb_wrapper\"><p>Aid El Fitr 2021<\/p>\n<p>Compartamos juntos la alegr\u00eda de la celebraci\u00f3n de Aid El Fitr con 3 eventos durante la jornada del jueves 13 de mayo de 2021. A las 7:45 am, en vivo desde la Madre Zaouia de Mostaganem, celebraremos la oraci\u00f3n de Aid El Fitr. A las 5:00 pm, los j\u00f3venes compartir\u00e1n con nosotros sus deseos del Aid a trav\u00e9s de un video. A las 8:30 p.m., concluiremos el d\u00eda con un viaje alrededor del mundo para conocer otras v\u00edas suf\u00edes.<\/p>\n<\/div><\/div><\/div><\/div><\/div><div class=\"vc_col-sm-4 vc_hidden-md vc_hidden-sm vc_hidden-xs wpb_column vc_column_container animate_aft\" style=\"animation-delay:0.2s\"><div class=\"vc_column-inner\"><div class=\"wpb_wrapper\"><\/div><\/div><\/div><\/div><\/div><\/section><section class=\"l-section wpb_row height_full valign_top color_primary with_img parallax_ver\"><div class=\"l-section-img\" style=\"background-image: url(https:\/\/site.webjamaa.net\/wp-content\/uploads\/2021\/05\/quran-obj-294-1a-0b.jpg);background-repeat: no-repeat;\" data-img-width=\"1088\" data-img-height=\"810\"><\/div><div class=\"l-section-h i-cf\"><div class=\"g-cols vc_row type_default valign_middle reversed\"><div class=\"vc_col-sm-8 wpb_column vc_column_container animate_afb with_overlay\"><div class=\"vc_column-inner\"><div class=\"vc_column-overlay\" style=\"background:rgba(20,20,19,0.60)\"><\/div><div class=\"wpb_wrapper\"><div class=\"w-separator size_small\"><\/div><div class=\"wpb_text_column\" ><div class=\"wpb_wrapper\"><p>Cycle Ramadan 2021 (1442)<\/p>\n<\/div><\/div><h2 class=\"w-text us_custom_aa13cce3\"><span class=\"w-text-h\"><span class=\"w-text-value\">Khalwa de la Nuit du Destin<\/span><\/span><\/h2><div class=\"wpb_text_column\" ><div class=\"wpb_wrapper\"><h4>du jeudi 6 mai au dimanche 9 mai 2021<\/h4>\n<\/div><\/div><div class=\"w-separator size_small\"><\/div><div class=\"w-btn-wrapper width_auto align_left\"><a class=\"w-btn us-btn-style_6 icon_atleft\" title=\"Programme Khalwa 2021\" target=\"_blank\" href=\"http:\/\/site.webjamaa.net\/wp-content\/uploads\/2021\/05\/RetraiteSpirituelleNuitduDestin2021_Fr-Ar.pdf\" rel=\"noopener\"><i class=\"fas fa-text\"><\/i><span class=\"w-btn-label\">Programme Khalwa 2021<\/span><\/a><\/div><div class=\"w-btn-wrapper width_auto align_left\"><a class=\"w-btn us-btn-style_5 icon_atleft\" title=\"Video Dhikr de la Khalwa\" target=\"_blank\" href=\"https:\/\/youtu.be\/RlwI9MutytQ\" rel=\"noopener\"><i class=\"fas fa-video\"><\/i><span class=\"w-btn-label\">Video Dhikr de la Khalwa<\/span><\/a><\/div><div class=\"w-separator size_small\"><\/div><div class=\"wpb_text_column\" ><div class=\"wpb_wrapper\"><p>En ces derniers jours du mois b\u00e9ni de Ramadan, partageons ensemble la khalwa (retraite spirituelle) de la Nuit du Destin, du jeudi 6 mai au dimanche 9 mai.<br \/>\nCette retraite est ouverte \u00e0 toutes et tous, affili\u00e9(e)s ou non \u00e0 la Tariqa Alawiyya-Darqawiyya-Shadiliyya.\u00a0La seule condition est d\u2019\u00eatre sinc\u00e8re et v\u00e9ridique dans son d\u00e9sir de partager ces instants de m\u00e9ditation spirituelle.<br \/>\nNous formulons la Niyya (intention) pour cette retraite exceptionnelle que ce mois b\u00e9ni de Ramadan apporte paix et r\u00e9conciliation pour nous, nos familles et \u00e0 l\u2019ensemble de la communaut\u00e9 humaine.<\/p>\n<\/div><\/div><div class=\"wpb_text_column\" ><div class=\"wpb_wrapper\"><div>\n<p><span lang=\"EN-US\">During the last days of this blessed month of Ramadan, let\u2019s share together the Night of Power\u2019s spiritual retreat (<i>Khalwa<\/i>), from the 6th to the 9th of May.<br \/>\n<\/span>This retreat is opened to all, whether one is affiliated or not, to the Tariqa Alawiyya- Darqawiyya-Shadiliyya. The only requirement is to be sincere and truthful in the desire to share these moments of spiritual mediation.<br \/>\nFor this exceptional retreat, we express the intention (<i>Niyya<\/i>) that this blessed month of Ramadan brings peace and reconciliation to us, to our families and to all mankind.<\/p>\n<\/div>\n<\/div><\/div><div class=\"wpb_text_column\" ><div class=\"wpb_wrapper\"><p style=\"direction: rtl; text-align: right;\">\u062e\u0644\u0627\u0644 \u0647\u0627\u062a\u0647 \u0627\u0644\u0623\u064a\u0627\u0645 \u0627\u0644\u0623\u062e\u064a\u0631\u0629 \u0645\u0646 \u0634\u0647\u0631 \u0631\u0645\u0636\u0627\u0646 \u0627\u0644\u0645\u0639\u0638\u0645\u060c \u0644\u0646\u062a\u0634\u0627\u0631\u0643 \u0645\u0639\u064b\u0627 \u062e\u0644\u0648\u0629 \u0644\u064a\u0644\u0629 \u0627\u0644\u0642\u062f\u0631 \u0627\u0644\u0645\u0628\u0627\u0631\u0643\u0629 \u060c \u0645\u0646 \u0627\u0644\u062e\u0645\u064a\u0633 6 \u0645\u0627\u064a \u0625\u0644\u0649 \u0627\u0644\u0623\u062d\u062f 9 \u0645\u0627\u064a.<br \/>\n\u0647\u0630\u0647 \u0627\u0644\u062e\u0644\u0648\u0629 \u0645\u0641\u062a\u0648\u062d\u0629 \u0644\u0644\u062c\u0645\u064a\u0639\u060c \u0633\u0648\u0627\u0621 \u0645\u0646\u062a\u0633\u0628\u064a\u0646 \u0623\u0645 \u0644\u0627 \u0644\u0644\u0637\u0631\u064a\u0642\u0629 \u0627\u0644\u0639\u0644\u0627\u0648\u064a\u0629 &#8211; \u0627\u0644\u062f\u0631\u0642\u0627\u0648\u064a\u0629 &#8211; \u0627\u0644\u0634\u0627\u0630\u0644\u064a\u0629.<br \/>\n\u0641\u0627\u0644\u0634\u0631\u0637 \u0627\u0644\u0648\u062d\u064a\u062f \u0647\u0648 \u0623\u0646 \u064a\u0643\u0648\u0646 \u0627\u0644\u0634\u062e\u0635 \u0645\u062e\u0644\u0635\u064b\u0627 \u0648\u0635\u0627\u062f\u0642\u064b\u0627 \u0641\u064a \u0631\u063a\u0628\u062a\u0647 \u0644\u0644\u0645\u0634\u0627\u0631\u0643\u0629 \u0641\u064a \u0644\u062d\u0638\u0627\u062a \u0627\u0644\u062a\u0623\u0645\u0644 \u0627\u0644\u0631\u0648\u062d\u064a.<br \/>\n\u0641\u0644\u0646\u0639\u0642\u062f \u0646\u064a\u062a\u0646\u0627 \u0644\u0647\u0627\u062a\u0629 \u0627\u0644\u062e\u0644\u0648\u0629 \u0627\u0644\u0627\u0633\u062a\u062b\u0646\u0627\u0626\u064a\u0629 \u0623\u0646\u0651 \u0634\u0647\u0631 \u0631\u0645\u0636\u0627\u0646 \u0627\u0644\u0645\u0628\u0627\u0631\u0643 \u064a\u062c\u0644\u0628 \u0644\u0646\u0627 \u0627\u0644\u0633\u0644\u0627\u0645 \u0648\u0627\u0644\u0645\u0635\u0627\u0644\u062d\u0629 \u0644\u0646\u0627 \u0648\u0644\u0639\u0627\u0626\u0644\u0627\u062a\u0646\u0627 \u0648\u0644\u0644\u0625\u0646\u0633\u0627\u0646\u064a\u0629 \u062c\u0645\u0639\u0627\u0621.<\/p>\n<\/div><\/div><div class=\"wpb_text_column\" ><div class=\"wpb_wrapper\"><p>En estos \u00faltimos d\u00edas del sagrado mes del Ramad\u00e1n, compartamos juntos la khalwa (retiro espiritual) de la Noche del Destino, del jueves 6 de Mayo al domingo 9 de Mayo.<br \/>\nEste retiro est\u00e1 abierto a todos, afiliados o no a la Tariqa Alawiyya-Darqawiyya-Shadiliyya.\u00a0La \u00fanica condici\u00f3n es ser sincero y veraz en su deseo de compartir estos momentos de meditaci\u00f3n espiritual.<br \/>\nFormulamos la Niyya (intenci\u00f3n) para este retiro excepcional, ya que este bendito mes de Ramad\u00e1n trae paz y reconciliaci\u00f3n para nosotros, nuestras familias y toda la comunidad humana.<\/p>\n<p>\u00a0<\/p>\n<\/div><\/div><\/div><\/div><\/div><div class=\"vc_col-sm-4 vc_hidden-md vc_hidden-sm vc_hidden-xs wpb_column vc_column_container animate_aft\" style=\"animation-delay:0.2s\"><div class=\"vc_column-inner\"><div class=\"wpb_wrapper\"><\/div><\/div><\/div><\/div><\/div><\/section><section class=\"l-section wpb_row height_full valign_top color_primary with_img parallax_ver\"><div class=\"l-section-img\" style=\"background-image: url(https:\/\/site.webjamaa.net\/wp-content\/uploads\/2021\/04\/modele_RN_17.jpg);background-repeat: no-repeat;\" data-img-width=\"2133\" data-img-height=\"1200\"><\/div><div class=\"l-section-h i-cf\"><div class=\"g-cols vc_row type_default valign_middle reversed\"><div class=\"vc_col-sm-8 wpb_column vc_column_container animate_afb\"><div class=\"vc_column-inner\"><div class=\"wpb_wrapper\"><div class=\"w-separator size_small\"><\/div><div class=\"wpb_text_column\" ><div class=\"wpb_wrapper\"><p>Cycle Ramadan 2021 (1442)<\/p>\n<\/div><\/div><h2 class=\"w-text us_custom_aa13cce3\"><span class=\"w-text-h\"><span class=\"w-text-value\">Ramadan Nights<\/span><\/span><\/h2>[vc_raw_html]JTVCYWlvdmdfdmlkZW8lMjB0eXBlJTNEJTIyeW91dHViZSUyMiUyMHlvdXR1YmUlM0QlMjJodHRwcyUzQSUyRiUyRnlvdXR1LmJlJTJGa1ptV0dQdWZCTU0lMjIlMjBhdXRvcGxheSUzRCUyMjElMjIlNUQ=[\/vc_raw_html]<div class=\"w-separator size_small\"><\/div><div class=\"w-btn-wrapper width_auto align_left\"><a class=\"w-btn us-btn-style_6 icon_atleft\" title=\"Calendrier Ramadan Nights\" target=\"_blank\" href=\"http:\/\/site.webjamaa.net\/wp-content\/uploads\/2021\/04\/Calendrier-RN.pdf\" rel=\"noopener\"><i class=\"fas fa-calendar\"><\/i><span class=\"w-btn-label\">Calendrier Ramadan Nights<\/span><\/a><\/div><div class=\"w-btn-wrapper width_auto align_left\"><a class=\"w-btn us-btn-style_6 icon_atleft\" title=\"Calendrier Wird et Coran\" target=\"_blank\" href=\"http:\/\/site.webjamaa.net\/wp-content\/uploads\/2021\/04\/Calendrier-LRC.pdf\" rel=\"noopener\"><i class=\"fas fa-calendar\"><\/i><span class=\"w-btn-label\">Calendrier Wird et Coran<\/span><\/a><\/div><div class=\"wpb_text_column\" ><div class=\"wpb_wrapper\"><\/div><\/div><div class=\"wpb_text_column\" ><div class=\"wpb_wrapper\"><p>Pendant tout le mois de Ramadan, goutons des moments de qui\u00e9tude et de paix, ce\u00a0mois sacr\u00e9 de la R\u00e9v\u00e9lation, nous invite \u00e0 vivre les valeurs du partage, de convivialit\u00e9 et de solidarit\u00e9.<br \/>\nRetrouvons-nous\u00a0\u00e0 18h00 pour la r\u00e9citation du <em>Wird<\/em> et du Coran et \u00e0 22h00 pour une veill\u00e9e spirituelle.<\/p>\n<\/div><\/div><div class=\"wpb_text_column\" ><div class=\"wpb_wrapper\"><p>Ramadan is the sacred month of Divine Revelation.\u00a0It invites us to renew and live the values of sharing, conviviality and solidarity.\u00a0Let us enjoy and seize its moments of tranquility and peace.<br \/>\nCongregations will be held as followed: Wird and Qu\u2019ran recitation at 06:00 p.m. and Spiritual gathering at 10:00 p.m.<\/p>\n<\/div><\/div><div class=\"wpb_text_column\" ><div class=\"wpb_wrapper\"><p style=\"direction: rtl;\">\u0643\u0644 \u064a\u0648\u0645 \u0648\u0637\u064a\u0644\u0629 \u0634\u0647\u0631 \u0631\u0645\u0636\u0627\u0646\u060c \u0646\u062f\u0639\u0648\u0643\u0645 \u0644\u0646\u0639\u064a\u0634 \u0645\u0639\u0627 \u0644\u062d\u0638\u0627\u062a \u0645\u0646 \u0627\u0644\u0630\u0643\u0631 \u0648\u0627\u0644\u062a\u0623\u0645\u0644 \u0648\u0627\u0644\u0633\u0644\u0627\u0645.<br \/>\n\u0641\u064a \u0647\u0630\u0627 \u0627\u0644\u0634\u0647\u0631 \u0627\u0644\u0641\u0636\u064a\u0644\u060c \u0634\u0647\u0631 \u0627\u0644\u062a\u0646\u0632\u064a\u0644 \u0646\u0633\u062a\u062d\u0636\u0631 \u0645\u0639\u0627 \u0642\u064a\u0645 \u0627\u0644\u062a\u0633\u0627\u0645\u062d \u0648\u0627\u0644\u062a\u0639\u0627\u064a\u0634\u060c<br \/>\n\u062d\u064a\u062b\u00a0\u0633\u0646\u0644\u062a\u0642\u064a \u0639\u0644\u0649 \u0627\u0644\u0633\u0627\u0639\u0629\u00a006:00\u00a0\u00a0\u0645\u0633\u0627\u0621\u064b\u00a0\u0644\u0630\u0643\u0631\u00a0\u0627\u0644\u0648\u0631\u062f \u0648\u062a\u0644\u0627\u0648\u0629 \u0627\u0644\u0642\u0631\u0622\u0646 \u0627\u0644\u0643\u0631\u064a\u0645\u060c<br \/>\n\u0648\u0639\u0644\u0649 \u0627\u0644\u0633\u0627\u0639\u0629 10:00\u00a0\u0644\u062c\u0645\u0639 \u0631\u0648\u062d\u064a.<\/p>\n<\/div><\/div><div class=\"wpb_text_column\" ><div class=\"wpb_wrapper\"><p>Durante todo el mes de Ramad\u00e1n, saborearemos momentos de tranquilidad y de paz, este mes sagrado de la Revelaci\u00f3n, nos invita a vivir los valores de compartir, de convivencia y de solidaridad.\u00a0\u00a0Nos encontraremos a las 18:00 para la recitaci\u00f3n del Wird y del Cor\u00e1n y a las 22:00 para una velada espiritual.<\/p>\n<\/div><\/div><div class=\"wpb_text_column\" ><div class=\"wpb_wrapper\"><p>Lassen Sie uns w\u00e4hrend des gesamten Monats Ramadan Momente der Ruhe\u00a0und des Friedens schmecken. Dieser heilige Monat der Offenbarung l\u00e4dt uns ein,\u00a0die Werte des Teilens, der Geselligkeit und der Solidarit\u00e4t zu leben.<br \/>\nTreffen wir uns um 18.00 Uhr zur Rezitation von Wird\u00a0und Koran und um 22.00 Uhr zu eine spirituelle Andacht.<\/p>\n<\/div><\/div><\/div><\/div><\/div><div class=\"vc_col-sm-4 vc_hidden-md vc_hidden-sm vc_hidden-xs wpb_column vc_column_container animate_aft\" style=\"animation-delay:0.2s\"><div class=\"vc_column-inner\"><div class=\"wpb_wrapper\"><\/div><\/div><\/div><\/div><\/div><\/section><section class=\"l-section wpb_row height_full valign_top color_primary with_img parallax_ver with_overlay\"><div class=\"l-section-img\" style=\"background-image: url(https:\/\/site.webjamaa.net\/wp-content\/uploads\/2021\/03\/00-page-de-garde3-1.jpg);background-repeat: no-repeat;\" data-img-width=\"1707\" data-img-height=\"960\"><\/div><div class=\"l-section-overlay\" style=\"background: linear-gradient(50deg,rgba(7,114,181,0.7),rgba(0,0,0,0))\"><\/div><div class=\"l-section-h i-cf\"><div class=\"g-cols vc_row type_default valign_middle reversed\"><div class=\"vc_col-sm-8 wpb_column vc_column_container animate_afb\"><div class=\"vc_column-inner\"><div class=\"wpb_wrapper\"><div class=\"w-separator size_small\"><\/div><div class=\"wpb_text_column\" ><div class=\"wpb_wrapper\"><p>R\u00e9flexion \/ <em>Fikr<\/em><\/p>\n<\/div><\/div><h2 class=\"w-text us_custom_aa13cce3\"><span class=\"w-text-h\"><span class=\"w-text-value\">R\u00fbm\u00ee, l\u2019\u00e9preuve de l\u2019amour<\/span><\/span><\/h2><div class=\"wpb_text_column\" ><div class=\"wpb_wrapper\"><p>9 avril 2021 \u00e0 21h00 (Europe)<\/p>\n<\/div><\/div><div class=\"wpb_text_column\" ><div class=\"wpb_wrapper\"><p dir=\"ltr\">Madame <strong>Hayat Nur Artiran<\/strong>\u00a0nous livre dans son dernier ouvrage, intitul\u00e9 en fran\u00e7ais \u00ab\u00a0<strong>R\u00fbm\u00ee, l\u2019\u00e9preuve de l\u2019amour<\/strong>\u00a0\u00bb, le sens profond de la qu\u00eate spirituelle et la dimension de l\u2019amour chez les soufis.<br \/>\n\u00ab <em>Notre v\u0153u,\u00a0nous dit-elle, c\u2019est de comprendre ce que nous lisons, de voir ce que nous comprenons et de vivre ce que nous voyons<\/em>\u00a0\u00bb. Elle interviendra, au cours d\u2019une s\u00e9ance en ligne, le vendredi 9 avril 2021 \u00e0 21:00 (Heure de Paris) pour partager avec nous, sa lecture de l\u2019\u0153uvre de Mawlana Djall\u00e2l ad-D\u00een R\u00fbm\u00ee.<\/p>\n<\/div><\/div><div class=\"wpb_text_column\" ><div class=\"wpb_wrapper\"><p dir=\"ltr\">In this latest work, Mme\u00a0<strong>Hayat Nur Artiran<\/strong> explores the deep meaning of the spiritual quest and the dimension of love among Sufis.<br \/>\n\u201c<em>Our wish is to understand what we read, to perceive what we understand and to experience what we perceive<\/em>,\u201d she says.<br \/>\nOn Friday, 9 April 2021, Mme Hayat Nur Artiran will give a webinar to share her views on the work of Mawlana Djallal ad-D\u00een R\u00fbm\u00ee.<br \/>\nNur Art\u0131ran is a researcher, writer, scholar and educator on the path of R\u00fbm\u00ee. Her Sufi Master was \u015eefik Can of whom she is the successor. She is the President of the \u015eefik Can International Mevl\u00e2n\u00e2 Education and Culture Foundation.<\/p>\n<\/div><\/div><div class=\"wpb_text_column\" ><div class=\"wpb_wrapper\"><p style=\"text-align: right;\"><span style=\"unicode-bidi: embed; direction: rtl;\">\u062a\u0639\u0637\u064a\u0646\u0627 \u0627\u0644\u0633\u064a\u062f\u0629 \u062d\u064a\u0627\u0629 \u0646\u0648\u0631 \u0623\u0631\u062a\u064a\u0631\u0627\u0646 * \u0639\u0628\u0631 \u0623\u062d\u062f\u062b \u0623\u0639\u0645\u0627\u0644\u0647\u0627 \u0628\u0627\u0644\u0644\u063a\u0629 \u0627\u0644\u0641\u0631\u0646\u0633\u064a\u0629 \u062a\u062d\u062a \u0639\u0646\u0648\u0627\u0646 \u00ab\u00a0\u0631\u0648\u0645\u064a \u0627\u062e\u062a\u0628\u0627\u0631 \u0627\u0644\u062d\u0628\u00a0\u00bb \u0627\u0644\u0645\u0639\u0646\u0649 \u0627\u0644\u0639\u0645\u064a\u0642 \u0644\u0644\u0633\u0639\u064a \u0627\u0644\u0631\u0648\u062d\u064a \u0648\u0628\u064f\u0639\u062f \u0627\u0644\u062d\u0628 \u0639\u0646\u062f \u0627\u0644\u0635\u0648\u0641\u064a\u0629.<br \/>\n\u0631\u063a\u0628\u062a\u0646\u0627 &#8211; \u0643\u0645\u0627 \u062a\u0642\u0648\u0644 \u0644\u0646\u0627 &#8211; \u0647\u064a \u0623\u0646 \u0646\u0641\u0647\u0645 \u0645\u0627 \u0646\u0642\u0631\u0623\u0647\u060c \u0648\u0623\u0646 \u0646\u0631\u0649 \u0645\u0627 \u0646\u0641\u0647\u0645\u0647 \u0648\u0623\u0646 \u0646\u0639\u064a\u0634 \u0645\u0627 \u0646\u0631\u0627\u0647 \u00ab\u00a0.<br \/>\n\u0645\u0648\u0639\u062f\u0646\u0627 \u064a\u0648\u0645 \u0627\u0644\u062c\u0645\u0639\u0629 9 \u0623\u0628\u0631\u064a\u0644 2021 \u0639\u0644\u0649 \u0627\u0644\u0633\u0627\u0639\u0629 9:00 \u0645\u0633\u0627\u0621\u064b (\u0628\u062a\u0648\u0642\u064a\u062a \u0628\u0627\u0631\u064a\u0633) \u0641\u064a \u0645\u062f\u0627\u062e\u0644\u0629 \u0639\u0628\u0631 \u0627\u0644\u0625\u0646\u062a\u0631\u0646\u062a \u0644\u0644\u0633\u064a\u062f\u0629 \u062d\u064a\u0627\u0629 \u0646\u0648\u0631 \u0623\u0631\u062a\u064a\u0631\u0627\u0646 \u0644\u062a\u0634\u0627\u0631\u0643\u0646\u0627 \u0642\u0631\u0627\u0621\u062a\u0647\u0627 \u0644\u0639\u0645\u0644 \u0645\u0648\u0644\u0627\u0646\u0627 \u062c\u0644\u0627\u0644 \u0627\u0644\u062f\u064a\u0646 \u0631\u0648\u0645\u064a.<\/span><\/p>\n<p>* \u062a\u0645 \u062a\u0639\u064a\u064a\u0646 \u062d\u064a\u0627\u0629 \u0646\u0648\u0631 \u0623\u0631\u062a\u064a\u0631\u0627\u0646 \u0645\u0646 \u0642\u0650\u0628\u0644 \u0623\u0633\u062a\u0627\u0630\u0647\u0627 \u0634\u0641\u064a\u0642 \u062e\u0627\u0646 \u0644\u062a\u0643\u0648\u0646 \u0627\u0644\u0645\u0648\u0644\u0648\u064a\u0629 \u0627\u0644\u062c\u062f\u064a\u062f\u0629.<br \/>\n\u0628\u0639\u062f \u0648\u0641\u0627\u062a\u0647 \u0623\u0633\u0651\u064e\u0633\u062a \u062c\u0645\u0639\u064a\u0629 \u062f\u0648\u0644\u064a\u0629 \u0623\u0635\u0628\u062d\u062a \u0641\u064a \u0639\u0627\u0645 2015 \u0645\u0624\u0633\u0633\u0629 \u0634\u0641\u064a\u0642 \u062e\u0627\u0646 \u0627\u0644\u062f\u0648\u0644\u064a\u0629 \u0644\u0644\u062a\u0631\u0628\u064a\u0629 \u0648\u0627\u0644\u062b\u0642\u0627\u0641\u0629 \u062d\u0648\u0644 \u0645\u0648\u0644\u0627\u0646\u0627.<\/p>\n<\/div><\/div><div class=\"wpb_text_column\" ><div class=\"wpb_wrapper\"><\/div><\/div><div class=\"w-btn-wrapper width_auto align_left\"><a class=\"w-btn us-btn-style_6 icon_atleft\" title=\"Replay\" target=\"_blank\" href=\"https:\/\/youtu.be\/lBze1B55CfI\" rel=\"noopener\"><i class=\"fas fa-video\"><\/i><span class=\"w-btn-label\">Replay<\/span><\/a><\/div><\/div><\/div><\/div><div class=\"vc_col-sm-4 vc_hidden-md vc_hidden-sm vc_hidden-xs wpb_column vc_column_container animate_aft\" style=\"animation-delay:0.2s\"><div class=\"vc_column-inner\"><div class=\"wpb_wrapper\"><div class=\"w-iconbox us_custom_1f64da91 iconpos_top style_default color_contrast align_center no_title no_text\"><div class=\"w-iconbox-icon\" style=\"font-size:10vw;\"><i class=\"fal fa-lightbulb-on\"><\/i><\/div><div class=\"w-iconbox-meta\"><\/div><\/div><\/div><\/div><\/div><\/div><\/div><\/section><section class=\"l-section wpb_row height_full valign_center color_primary with_img parallax_ver\"><div class=\"l-section-img\" style=\"background-image: url(https:\/\/site.webjamaa.net\/wp-content\/uploads\/2021\/03\/00-page-de-garde4.jpg);\" data-img-width=\"1707\" data-img-height=\"960\"><\/div><div class=\"l-section-h i-cf\"><div class=\"g-cols vc_row type_default valign_middle reversed\"><div class=\"vc_col-sm-8 wpb_column vc_column_container animate_afb with_overlay\"><div class=\"vc_column-inner\"><div class=\"vc_column-overlay\" style=\"background:rgba(242,236,196,0.80)\"><\/div><div class=\"wpb_wrapper\"><div class=\"w-separator size_small\"><\/div><div class=\"wpb_text_column\" ><div class=\"wpb_wrapper\"><div class=\"form-group\">\n<div class=\"form-group\">\n<div class=\"form-group\">\n<div class=\"form-group\">\n<div class=\"form-group\">\n<h1 class=\"content\"><span style=\"color: #333333;\">R\u00e9union spirituelle de Ch\u00e2aban<\/span><\/h1>\n<\/div>\n<\/div>\n<\/div>\n<\/div>\n<\/div>\n<\/div><\/div><div class=\"wpb_text_column\" ><div class=\"wpb_wrapper\"><h4><span style=\"color: #333333;\">26 mars 2021 &#8211; 21h00 (Europe)<\/span><\/h4>\n<\/div><\/div><div class=\"w-separator size_small\"><\/div><div class=\"wpb_text_column\" ><div class=\"wpb_wrapper\"><div class=\"z-form-row\">\n<div class=\"form-group\">\n<div class=\"content col-md-offset-2\">\n<p class=\"ydp297880fdMsoNormal\"><span style=\"color: #333333;\">Nous allons, pour la deuxi\u00e8me ann\u00e9e cons\u00e9cutive, marqu\u00e9e par la pand\u00e9mie Covid-19, c\u00e9l\u00e9brer quotidiennement le mois de <em>Ramadan<\/em> par la pri\u00e8re et le <em>dhikr<\/em> via le <em>Webjamaa<\/em> afin de nous rassembler et go\u00fbter des moments de qui\u00e9tude et de paix.<\/span><br \/>\n<span style=\"color: #333333;\">Le <em>Ramadan<\/em>, mois sacr\u00e9 de la R\u00e9v\u00e9lation, nous invite \u00e0 vivre les valeurs de partage, de convivialit\u00e9 et de solidarit\u00e9.<\/span><br \/>\n<span style=\"color: #333333;\">Le Cheikh Hadj El Mehdi Bentounes (Que Dieu sanctifie son \u00e2me) a instaur\u00e9, \u00e0 la fin du mois de <em>Ch\u00e2aban<\/em>, une tradition sous la forme d\u2019une rencontre spirituelle pour l\u2019accueillir et se pr\u00e9parer int\u00e9rieurement \u00e0 le vivre en pleine conscience.\u00a0A cette fin, nos fr\u00e8res et s\u0153urs de Mostaganem (Alg\u00e9rie) nous re\u00e7oivent le vendredi 26 Mars 2021 \u00e0 21h00 (Heure de Paris) \u00e0 une veill\u00e9e spirituelle d\u2019invocation (<em>dhikr<\/em>).<\/span><\/p>\n<\/div>\n<\/div>\n<\/div>\n<\/div><\/div><div class=\"wpb_text_column\" ><div class=\"wpb_wrapper\"><div class=\"z-form-row\">\n<div class=\"form-group\">\n<div class=\"content col-md-offset-2\">\n<p class=\"ydp297880fdMsoNormal\"><span style=\"color: #000000;\">Por segundo a\u00f1o consecutivo, marcado por la pandemia del Covid-19, vamos a celebrar diariamente el mes de Ramad\u00e1n mediante la oraci\u00f3n y el dhikr a trav\u00e9s del Webjamaa para reunirnos y disfrutar de momentos de tranquilidad y paz.<\/span><br \/>\n<span style=\"color: #000000;\">El Ramad\u00e1n, mes sagrado de la Revelaci\u00f3n, nos invita a vivir los valores del compartir, la convivencia y la solidaridad.<\/span><br \/>\n<span style=\"color: #000000;\">El Cheikh Hadj El Mehdi Bentounes (que Dios santifique su alma) estableci\u00f3, al final del mes de Shaban, una tradici\u00f3n en forma de reuni\u00f3n espiritual para recibir el Ramadan y prepararse interiormente para vivirlo con plena conciencia.<span class=\"ydp297880fdapple-converted-space\"><br \/>\n<\/span>Para ello, nuestros hermanos y hermanas de Mostaganem (Argelia) nos recibir\u00e1n el viernes 26 de marzo de 2021 a las 21:00 (hora de Par\u00eds) para una velada espiritual de invocaci\u00f3n (dhikr).<\/span><\/p>\n<\/div>\n<\/div>\n<\/div>\n<\/div><\/div><div class=\"wpb_text_column\" ><div class=\"wpb_wrapper\"><div class=\"z-form-row\">\n<div class=\"form-group\">\n<div class=\"content col-md-offset-2\">\n<p class=\"ydp297880fdMsoNormal\"><span style=\"color: #333333;\"><span lang=\"EN-US\">For the second consecutive year, marked by the Covid-19 pandemic, we will celebrate the month of Ramadan daily through prayer and dhikr via Webjamaa in order to bring us together and enjoy moments of quietude and peace.<br \/>\n<\/span><span lang=\"EN-US\">Ramadan, the holy month of revelation, invites us to live the values of sharing, conviviality and solidarity. \u00a0<\/span><span lang=\"EN-US\"><br \/>\nSheikh Hadj El Mehdi Bentounes (May God sanctify his soul) has established, at the end of the month of Shaban, a tradition in the form of a spiritual meeting to welcome it and to prepare oneself internally to live it in full awareness.<span class=\"ydp297880fdapple-converted-space\"><br \/>\n<\/span><\/span><span lang=\"EN-US\">To this end, our brothers and sisters in Mostaganem (Algeria) will welcome us on Friday\u00a0<\/span><span lang=\"EN-US\">26<\/span><sup><span lang=\"EN-US\">th<\/span><\/sup><span lang=\"EN-US\">\u00a0of \u00a0March 2021 at 9:00 pm (Paris time) for a spiritual evening of invocation (dhikr).<\/span><\/span><\/p>\n<\/div>\n<\/div>\n<\/div>\n<\/div><\/div><div class=\"wpb_text_column\" ><div class=\"wpb_wrapper\"><div class=\"z-form-row\">\n<div class=\"form-group\">\n<div class=\"content col-md-offset-2\">\n<p class=\"ydp297880fdyiv0328198454msonormal\"><span style=\"color: #000000;\">Wir werden das zweite Jahr in Folge, das von der Covid-19-Pandemie gepr\u00e4gt ist, den Monat Ramadan t\u00e4glich mit Gebet und Dhikr \u00fcber das Webjamaa feiern, um zusammenzukommen und Momente der Ruhe und des Friedens zu genie\u00dfen.<\/span><br \/>\n<span style=\"color: #000000;\">Der Ramadan, der heilige Monat der Offenbarung, l\u00e4dt uns ein, die Werte des Teilens, der Geselligkeit und der Solidarit\u00e4t zu leben.<\/span><br \/>\n<span style=\"color: #000000;\"><span lang=\"EN-US\">Scheich Hadj El Mehdi Bentounes (M\u00f6ge Gott seine Seele heiligen) f\u00fchrte am Ende des Monats Ch\u00e2aban eine Tradition in Form eines spirituellen Treffens ein, um ihn willkommen zu hei\u00dfen und sich innerlich darauf vorzubereiten, ihn in vollem Bewusstsein zu leben.<br \/>\nZu diesem Zweck empfangen uns unsere Br\u00fcder und Schwestern aus Mostaganem (Algerien) am Freitag, den 26.\u00a0<\/span>M\u00e4rz 2021, um 21.00 Uhr (Pariser Zeit) zu einer spirituellen Andacht der Anrufung (dhikr).<\/span><\/p>\n<\/div>\n<\/div>\n<\/div>\n<\/div><\/div><div class=\"wpb_text_column\" ><div class=\"wpb_wrapper\"><div class=\"z-form-row\">\n<div class=\"form-group\">\n<div class=\"content col-md-offset-2\">\n<p class=\"ydpbcd63514MsoNormal\" dir=\"RTL\"><span style=\"color: #333333;\"><span lang=\"AR-SA\">\u0633\u0646\u062d\u062a\u0641\u0644<\/span><span lang=\"AR\">\u00a0\u0628\u0634\u0647\u0631 \u0631\u0645\u0636\u0627\u0646 \u064a\u0648\u0645\u064a\u0627\u064b \u0644\u0644\u0633\u0646\u0629 \u0627\u0644\u062b\u0627\u0646\u064a\u0629 \u0639\u0644\u0649 \u0627\u0644\u062a\u0648\u0627\u0644\u064a \u0648\u0627\u0644\u062a\u064a \u062a\u0645\u064a\u0632\u062a \u0628\u062c\u0627\u0626\u062d\u0629 \u0643\u0648\u0641\u064a\u062f -19 \u060c\u0639\u0628\u0631\u00a0<\/span><b><span dir=\"LTR\">Webjamaa<\/span><\/b><span lang=\"AR\">\u00a0\u0628\u0627\u0644\u0635\u0644\u0627\u0629 \u0648\u0627\u0644\u0630\u0643\u0631\u060c \u062d\u064a\u062b \u0646\u062c\u062a\u0645\u0639 \u0648\u0646\u0633\u062a\u0645\u062a\u0639 \u0645\u0639\u0627\u064b \u0628\u0644\u062d\u0638\u0627\u062a<\/span><span lang=\"AR-SA\">\u00a0\u062a\u063a\u0645\u0631\u0647\u0627\u00a0<\/span><span lang=\"AR\">\u0627\u0644\u0633\u0643\u064a\u0646\u0629 \u0648\u0627\u0644\u0633\u0644\u0627\u0645.<\/span><\/span><\/p>\n<p class=\"ydpbcd63514MsoNormal\" dir=\"RTL\"><span style=\"color: #333333;\"><span lang=\"AR\">\u064a\u062f\u0639\u0648\u0646\u0627 \u0631\u0645\u0636\u0627\u0646 \u0627\u0644\u0645\u0639\u0638\u0645\u060c \u0634\u0647\u0631 \u0627\u0644\u0648\u062d\u064a\u060c \u0644\u0646\u0639\u064a\u0634 \u0645\u0639\u0627 \u0642\u0650\u064a\u064e\u0645 \u0627\u0644\u062a\u0636\u0627\u0645\u0646 \u0648\u0627\u0644\u0648\u062f<\/span><span dir=\"LTR\" lang=\"AR\">\u00a0<\/span><span lang=\"AR-SA\">\u0648\u0645\u0634\u0627\u0631\u0643\u0629 \u0627\u0644\u062c\u0645\u064a\u0639<\/span><span lang=\"AR\">.<\/span><\/span><\/p>\n<p class=\"ydpbcd63514MsoNormal\" dir=\"RTL\"><span style=\"color: #333333;\"><span lang=\"AR\">\u0641\u0642\u062f \u0633\u0646\u0651 \u0627\u0644\u0634\u064a\u062e \u0627\u0644\u062d\u0627\u062c \u0627\u0644\u0645\u0647\u062f\u064a \u0628\u0646 \u062a\u0648\u0646\u0633<\/span><span lang=\"AR\">\u00a0(\u0642\u062f\u0633 \u0627\u0644\u0644\u0647 \u0631\u0648\u062d\u0647)\u060c\u00a0<\/span><span lang=\"AR\">\u062e\u0644\u0627\u0644 \u0634\u0647\u0631 \u0634\u0639\u0628\u0627\u0646 \u0633\u064c\u0646\u0651\u0629\u064b \u0639\u0644\u0649 \u0634\u0643\u0644 \u062c\u0645\u0639 \u0631\u0648\u062d\u064a \u0643\u0627\u0633\u062a\u0639\u062f\u0627\u062f \u0628\u0627\u0637\u0646\u064a \u0644\u0646\u0643\u0648\u0646 \u0641\u064a \u0623\u0641\u0636\u0644 \u062d\u0627\u0644\u0629 \u0631\u0628\u0627\u0646\u064a\u0629 \u0644\u0627\u0633\u062a\u0642\u0628\u0627\u0644 \u0647\u0630\u0627 \u0627\u0644\u0634\u0647\u0631 \u0627\u0644\u0643\u0631\u064a\u0645 \u0648\u0639\u064a\u0634\u0647 \u0641\u064a \u0634\u0639\u0648\u0631 \u0623\u0641\u0636\u0644.<\/span><\/span><\/p>\n<p class=\"ydpbcd63514MsoNormal\" dir=\"RTL\"><span style=\"color: #333333;\"><span lang=\"AR\">\u062a\u062d\u0642\u064a\u0642\u0627 \u0644\u0647\u0627\u062a\u0647 \u0627\u0644\u063a\u0627\u064a\u0629\u060c \u064a\u0631\u062d\u0650\u0651\u0628 \u0628\u0646\u0627 \u0625\u062e\u0648\u0627\u0646\u0646\u0627 \u0648\u0623\u062e\u0648\u0627\u062a\u0646\u0627 \u0645\u0646 \u0645\u0633\u062a\u063a\u0627\u0646\u0645 (\u0627\u0644\u062c\u0632\u0627\u0626\u0631)\u00a0<\/span><span lang=\"AR\">\u064a\u0648\u0645 \u0627\u0644\u062c\u0645\u0639\u0629 26 \u0645\u0627\u0631\u0633 \u0639\u0644\u0649 \u0627\u0644\u0633\u0627\u0639\u0629 9:00 \u0645\u0633\u0627\u0621\u064b (\u0628\u062a\u0648\u0642\u064a\u062a \u0628\u0627\u0631\u064a\u0633) \u0644\u0625\u062d\u064a\u0627\u0621 \u0647\u0627\u062a\u0647 \u0627\u0644\u0623\u0645\u0633\u064a\u0629 \u0627\u0644\u0631\u0648\u062d\u064a\u0629 \u0641\u064a \u062d\u0644\u0642\u0629 \u0627\u0644\u0630\u0643\u0631.<\/span><\/span><\/p>\n<\/div>\n<\/div>\n<\/div>\n<\/div><\/div><div class=\"w-btn-wrapper width_auto align_left\"><a class=\"w-btn us-btn-style_6 icon_atleft\" title=\"Replay\" href=\"https:\/\/youtu.be\/WMc3101BBwU\"><i class=\"fas fa-video\"><\/i><span class=\"w-btn-label\">Replay<\/span><\/a><\/div><div class=\"w-separator size_small\"><\/div><\/div><\/div><\/div><div class=\"vc_col-sm-4 vc_hidden-md vc_hidden-sm vc_hidden-xs wpb_column vc_column_container animate_afb\" style=\"animation-delay:0.2s\"><div class=\"vc_column-inner\"><div class=\"wpb_wrapper\"><div class=\"w-iconbox iconpos_top style_default color_contrast align_center no_title no_text\"><div class=\"w-iconbox-icon\" style=\"font-size:11vw;\"><i class=\"fal fa-chart-network\"><\/i><\/div><div class=\"w-iconbox-meta\"><\/div><\/div><\/div><\/div><\/div><\/div><\/div><\/section><section class=\"l-section wpb_row height_full valign_top color_primary with_img parallax_ver with_overlay\"><div class=\"l-section-img\" style=\"background-image: url(https:\/\/site.webjamaa.net\/wp-content\/uploads\/2021\/03\/00-page-de-garde3.jpg);background-repeat: no-repeat;\" data-img-width=\"1707\" data-img-height=\"960\"><\/div><div class=\"l-section-overlay\" style=\"background: linear-gradient(10deg,rgba(212,238,252,0.65),rgba(0,0,0,0))\"><\/div><div class=\"l-section-h i-cf\"><div class=\"g-cols vc_row type_default valign_middle reversed\"><div class=\"vc_col-sm-8 wpb_column vc_column_container animate_afb\"><div class=\"vc_column-inner\"><div class=\"wpb_wrapper\"><div class=\"w-separator size_small\"><\/div><div class=\"wpb_text_column\" ><div class=\"wpb_wrapper\"><p>R\u00e9flexion \/ <em>Fikr<\/em><\/p>\n<\/div><\/div><h2 class=\"w-text us_custom_aa13cce3\"><span class=\"w-text-h\"><span class=\"w-text-value\">Far\u00eed al-D\u00een Att\u00e2r, une vie, une oeuvre<\/span><\/span><\/h2><div class=\"wpb_text_column\" ><div class=\"wpb_wrapper\"><p>12 mars 2021 \u00e0 20h30 (Paris)<\/p>\n<\/div><\/div><div class=\"wpb_text_column\" ><div class=\"wpb_wrapper\"><p dir=\"ltr\">Nous sommes heureux de vous inviter \u00e0 une soir\u00e9e autour de la figure de \u2019Att\u00e2r. En premi\u00e8re partie, Leili Anvar, ma\u00eetre de conf\u00e9rences en litt\u00e9rature persane, interviendra sur le th\u00e8me : \u00ab \u2019Att\u00e2r, sa vie, son \u0153uvre et son message \u00bb. Cette conf\u00e9rence sera suivie par une pr\u00e9sentation de l\u2019exposition intitul\u00e9e : \u00ab La Qu\u00eate de l\u2019Essen-Ciel, trente \u0153uvres inspir\u00e9es du cantique des oiseaux d\u2019\u2018Att\u00e2r \u00bb par Rany Rouabah, calligraphe-enlumineur.<\/p>\n<\/div><\/div><div class=\"wpb_text_column\" ><div class=\"wpb_wrapper\"><p style=\"direction: rtl;\">\u064a\u0633\u0639\u062f\u0646\u0627 \u062f\u0639\u0648\u062a\u0643\u0645 \u0644\u0642\u0636\u0627\u0621 \u0623\u0645\u0633\u064a\u0629 \u062d\u0648\u0644 \u0634\u062e\u0635\u064a\u0629 \u0627\u0644\u0639\u064e\u0637\u064e\u0651\u0627\u0631.<br \/>\n\u0641\u064a \u0627\u0644\u062c\u0632\u0621 \u0627\u0644\u0623\u0648\u0644 \u060c \u0633\u062a\u062a\u062d\u062f\u062b \u0644\u064a\u0644\u064a \u0623\u0646\u0641\u0627\u0631 \u060c \u0623\u0633\u062a\u0627\u0630\u0629 \u0645\u062d\u0627\u0636\u0631\u0629 \u0641\u064a \u0627\u0644\u0623\u062f\u0628 \u0627\u0644\u0641\u0627\u0631\u0633\u064a \u060c \u0639\u0646 \u00a0\u00bb \u062d\u064a\u0627\u062a\u0647 \u060c \u0639\u0645\u0644\u0647 \u0648\u0631\u0633\u0627\u0644\u062a\u0647\u00a0\u00bb.<br \/>\n\u0628\u0639\u062f \u0627\u0644\u0645\u062d\u0627\u0636\u0631\u0629 \u060c \u0633\u064a\u062a\u0645 \u062a\u0642\u062f\u064a\u0645 \u0645\u0639\u0631\u0636 \u0628\u0639\u0646\u0648\u0627\u0646: \u00ab\u00a0\u0627\u0644\u0628\u062d\u062b \u0639\u0646 \u0627\u0644\u0636\u0631\u0648\u0631\u064a \u060c \u062b\u0644\u0627\u062b\u0648\u0646 \u0639\u0645\u0644\u0627\u064b \u0645\u0633\u062a\u0648\u062d\u0649 \u0645\u0646 \u0646\u0634\u064a\u062f \u0627\u0644\u0637\u064a\u0648\u0631 \u0644\u0650\u0644\u0639\u064e\u0637\u064e\u0651\u0627\u0631\u00a0\u00bb \u0628\u0642\u0644\u0645 \u063a\u0627\u0646\u064a \u0631\u0648\u0627\u0628\u062d \u060c \u0627\u0644\u062e\u0637\u0627\u0637 \u0627\u0644\u0632\u062e\u0631\u0641\u064a.<\/p>\n<\/div><\/div><div class=\"wpb_text_column\" ><div class=\"wpb_wrapper\"><\/div><\/div><div class=\"w-btn-wrapper width_auto align_left\"><a class=\"w-btn us-btn-style_6 icon_atleft\" title=\"Replay\" target=\"_blank\" href=\"https:\/\/youtu.be\/Pi7z0ElZ0kE\" rel=\"noopener\"><i class=\"fas fa-video\"><\/i><span class=\"w-btn-label\">Replay<\/span><\/a><\/div><\/div><\/div><\/div><div class=\"vc_col-sm-4 vc_hidden-md vc_hidden-sm vc_hidden-xs wpb_column vc_column_container animate_aft\" style=\"animation-delay:0.2s\"><div class=\"vc_column-inner\"><div class=\"wpb_wrapper\"><div class=\"w-iconbox us_custom_1f64da91 iconpos_top style_default color_contrast align_center no_title no_text\"><div class=\"w-iconbox-icon\" style=\"font-size:10vw;\"><i class=\"fal fa-lightbulb-on\"><\/i><\/div><div class=\"w-iconbox-meta\"><\/div><\/div><\/div><\/div><\/div><\/div><\/div><\/section><section class=\"l-section wpb_row height_full valign_top color_primary with_img parallax_ver with_overlay\"><div class=\"l-section-img\" style=\"background-image: url(https:\/\/site.webjamaa.net\/wp-content\/uploads\/2021\/02\/00-page-de-garde3.jpg);background-repeat: no-repeat;\" data-img-width=\"1707\" data-img-height=\"960\"><\/div><div class=\"l-section-overlay\" style=\"background: linear-gradient(30deg,rgba(20,185,245,0.8),rgba(0,0,0,0))\"><\/div><div class=\"l-section-h i-cf\"><div class=\"g-cols vc_row type_default valign_middle reversed\"><div class=\"vc_col-sm-8 wpb_column vc_column_container animate_afb\"><div class=\"vc_column-inner\"><div class=\"wpb_wrapper\"><div class=\"w-separator size_small\"><\/div><div class=\"wpb_text_column\" ><div class=\"wpb_wrapper\"><p>R\u00e9flexion \/ <em>Fikr<\/em><\/p>\n<\/div><\/div><h2 class=\"w-text us_custom_aa13cce3\"><span class=\"w-text-h\"><span class=\"w-text-value\">La passion de Hallaj<\/span><\/span><\/h2><div class=\"wpb_text_column\" ><div class=\"wpb_wrapper\"><p>26 f\u00e9vrier 2021 \u00e0 21h00 (Paris)<\/p>\n<\/div><\/div><div class=\"wpb_text_column\" ><div class=\"wpb_wrapper\"><p dir=\"ltr\">On rapporte que certains ont dit qu&rsquo;au jour de la r\u00e9surrection, il faudrait qu&rsquo;al-Hall\u00e2j soit encha\u00een\u00e9 car sans cela tout le monde risque l\u00e0 encore de pol\u00e9miquer encore \u00e0 son sujet !\u00a0Saint personnage pour les uns, h\u00e9r\u00e9tique pour les autres, l&rsquo;histoire de l&rsquo;Islam a rarement connu de personnage aussi clivant qu&rsquo;al-Husayn Ibn Mans\u00fbr al-Hall\u00e2j (858-922).<br \/>\nSuite au dernier webjamaa durant lequel Mano\u00ebl P\u00e9nicaud nous a entretenu de la figure de Louis Massignon, biographe d&rsquo;al-Hall\u00e2j, Omar Bellaari, enseignant, agr\u00e9g\u00e9 en langue et litt\u00e9rature arabe (ULB) et S\u00e9bastien Nechelput enseignant, dipl\u00f4m\u00e9 en langue et litt\u00e9rature arabe et en histoire du christianisme (ULB), en compagnie de Gr\u00e9gory Vandamme &#8211; chercheur-doctorant (FNRS-FRESH, UCL), sp\u00e9cialiste du soufisme et de l&rsquo;\u00e9cole akbarienne en particulier, reviendront sur la vie, la mort et le message de cette grande figure de la spiritualit\u00e9 universelle.<\/p>\n<\/div><\/div><div class=\"wpb_text_column\" ><div class=\"wpb_wrapper\"><\/div><\/div><div class=\"w-btn-wrapper width_auto align_left\"><a class=\"w-btn us-btn-style_6 icon_atleft\" title=\"Replay\" target=\"_blank\" href=\"https:\/\/youtu.be\/A3HlfaQIWzA\" rel=\"noopener\"><i class=\"fas fa-video\"><\/i><span class=\"w-btn-label\">Replay<\/span><\/a><\/div><\/div><\/div><\/div><div class=\"vc_col-sm-4 vc_hidden-md vc_hidden-sm vc_hidden-xs wpb_column vc_column_container animate_aft\" style=\"animation-delay:0.2s\"><div class=\"vc_column-inner\"><div class=\"wpb_wrapper\"><div class=\"w-iconbox us_custom_1f64da91 iconpos_top style_default color_contrast align_center no_title no_text\"><div class=\"w-iconbox-icon\" style=\"font-size:10vw;\"><i class=\"fal fa-lightbulb-on\"><\/i><\/div><div class=\"w-iconbox-meta\"><\/div><\/div><\/div><\/div><\/div><\/div><\/div><\/section><section class=\"l-section wpb_row height_full valign_center color_primary with_img parallax_ver with_overlay\"><div class=\"l-section-img\" style=\"background-image: url(https:\/\/site.webjamaa.net\/wp-content\/uploads\/2021\/02\/00-page-titre3.jpg);\" data-img-width=\"1707\" data-img-height=\"960\"><\/div><div class=\"l-section-overlay\" style=\"background: linear-gradient(90deg,rgba(133,9,133,0.671875),rgba(0,0,0,0.00))\"><\/div><div class=\"l-section-h i-cf\"><div class=\"g-cols vc_row type_default valign_middle reversed\"><div class=\"vc_col-sm-8 wpb_column vc_column_container animate_afb\"><div class=\"vc_column-inner\"><div class=\"wpb_wrapper\"><div class=\"wpb_text_column\" ><div class=\"wpb_wrapper\"><div class=\"form-group\">\n<div class=\"form-group\">\n<div class=\"form-group\">\n<div class=\"form-group\">\n<div class=\"form-group\">\n<h1 class=\"content\">Hommage \u00e0 nos regrett\u00e9s s\u0153urs et fr\u00e8res de la voie soufie Alawiya<\/h1>\n<\/div>\n<\/div>\n<\/div>\n<\/div>\n<\/div>\n<\/div><\/div><div class=\"wpb_text_column\" ><div class=\"wpb_wrapper\"><h4><span style=\"color: #ffffff;\">19<\/span><span style=\"color: #ffffff;\"> f\u00e9vrier 2021 &#8211; 21h00 (Europe)<\/span><\/h4>\n<\/div><\/div><div class=\"w-separator size_small\"><\/div><div class=\"wpb_text_column\" ><div class=\"wpb_wrapper\"><div class=\"z-form-row\">\n<div class=\"form-group\">\n<div class=\"content col-md-offset-2\">\n<p>Nous sommes heureux de vous inviter \u00e0 une veill\u00e9e spirituelle en hommage \u00e0 nos regrett\u00e9s s\u0153urs et fr\u00e8res de la voie soufie Al\u00e2wiyya.<\/p>\n<p>Nos complace invitarles a una velada espiritual en homenaje a nuestros difuntos hermanos y hermanas de la v\u00eda suf\u00ed Al\u00e2wiyya. Os esperamos este viernes 19 de febrero de 2021 en Webjamaa a las 21:00 horas (GMT+1).<\/p>\n<\/div>\n<\/div>\n<\/div>\n<\/div><\/div><div class=\"wpb_text_column\" ><div class=\"wpb_wrapper\"><div class=\"z-form-row\">\n<div class=\"form-group\">\n<div class=\"content col-md-offset-2\">\n<p>We are pleased to invite you to a spiritual evening to pay tribute to our late sisters and brothers of the Al\u00e2wiyya Sufi Path. We look forward to seeing you this Friday, February 19th, 2021 on Webjamaa at 9:00 pm (Paris time).<\/p>\n<p>Wir freuen uns, Sie zu einer spirituellen Andacht als Hommage an unsere verstorbenen Schwestern und Br\u00fcder des Sufi-Ordens Al\u00e2wiyya einzuladen. Wir laden Sie ein, sich an diesem Freitag, dem 19. Februar 2021, um 21.00 Uhr (Pariser Zeit) auf Webjamaa zu treffen.<\/p>\n<\/div>\n<\/div>\n<\/div>\n<\/div><\/div><div class=\"wpb_text_column\" ><div class=\"wpb_wrapper\"><div class=\"z-form-row\">\n<div class=\"form-group\">\n<div class=\"content col-md-offset-2\">\n<p class=\"ydpad22dfefmsonormal\" dir=\"RTL\">\u064a\u0633\u0639\u062f\u0646\u0627 \u062f\u0639\u0648\u062a\u0643\u0645 \u0625\u0644\u0649 \u0644\u0642\u0627\u0621 \u0631\u0648\u062d\u064a\u060c \u00a0\u00bb \u062a\u0643\u0631\u064a\u0645\u064b\u0627 \u0644\u0623\u062e\u0648\u0627\u062a\u0646\u0627 \u0648\u0625\u062e\u0648\u0627\u0646\u0646\u0627 \u0645\u0631\u064a\u062f\u064a \u0648\u0645\u0631\u064a\u062f\u0627\u062a \u0627\u0644\u0637\u0631\u064a\u0642\u0629 \u0627\u0644\u0635\u0648\u0641\u064a\u0629 \u0627\u0644\u0639\u0644\u0627\u0648\u064a\u0629 \u0627\u0644\u0644\u0630\u064a\u0646 \u0631\u062d\u0644\u0648\u0627 \u0627\u0644\u0649 \u062f\u0627\u0631\u0627\u0644\u0628\u0642\u0627\u0621 \u00ab\u00a0\u060c \u0648\u0630\u0644\u0643 \u064a\u0648\u0645 \u0627\u0644\u062c\u0645\u0639\u0629 19 \u0641\u0628\u0631\u0627\u064a\u0631 2021 \u0639\u0644\u0649 Webjamaa \u0641\u064a \u062a\u0645\u0627\u0645 \u0627\u0644\u0633\u0627\u0639\u0629 9:00 \u0645\u0633\u0627\u0621\u064b (\u0628\u062a\u0648\u0642\u064a\u062a \u0628\u0627\u0631\u064a\u0633).<\/p>\n<\/div>\n<\/div>\n<\/div>\n<\/div><\/div><div class=\"w-btn-wrapper width_auto align_left\"><a class=\"w-btn us-btn-style_6 icon_atleft\" title=\"Replay\" href=\"https:\/\/youtu.be\/lA-2BZV5wuU\"><i class=\"fas fa-video\"><\/i><span class=\"w-btn-label\">Replay<\/span><\/a><\/div><div class=\"w-btn-wrapper width_auto align_left\"><a class=\"w-btn us-btn-style_5 icon_atleft\" title=\"Pri\u00e8re EN\" href=\"http:\/\/site.webjamaa.net\/wp-content\/uploads\/2021\/02\/doua-19-anglais-version-finale.pdf\"><i class=\"fas fa-text\"><\/i><span class=\"w-btn-label\">Pri\u00e8re EN<\/span><\/a><\/div><div class=\"w-btn-wrapper width_auto align_left\"><a class=\"w-btn us-btn-style_5 icon_atleft\" title=\"Pri\u00e8re ES\" href=\"http:\/\/site.webjamaa.net\/wp-content\/uploads\/2021\/02\/duaa-19022021-es.pdf\"><i class=\"fas fa-text\"><\/i><span class=\"w-btn-label\">Pri\u00e8re ES<\/span><\/a><\/div><\/div><\/div><\/div><div class=\"vc_col-sm-4 vc_hidden-md vc_hidden-sm vc_hidden-xs wpb_column vc_column_container animate_afb\" style=\"animation-delay:0.2s\"><div class=\"vc_column-inner\"><div class=\"wpb_wrapper\"><div class=\"w-iconbox iconpos_top style_default color_contrast align_center no_title no_text\"><div class=\"w-iconbox-icon\" style=\"font-size:11vw;\"><i class=\"fal fa-chart-network\"><\/i><\/div><div class=\"w-iconbox-meta\"><\/div><\/div><\/div><\/div><\/div><\/div><\/div><\/section><section class=\"l-section wpb_row height_full valign_center color_primary with_img parallax_ver with_overlay\"><div class=\"l-section-img\" style=\"background-image: url(https:\/\/site.webjamaa.net\/wp-content\/uploads\/2021\/02\/00-page-titre2.jpg);\" data-img-width=\"1707\" data-img-height=\"960\"><\/div><div class=\"l-section-overlay\" style=\"background: linear-gradient(165deg,rgba(11,216,227,0.60),rgba(0,0,0,0))\"><\/div><div class=\"l-section-h i-cf\"><div class=\"g-cols vc_row type_default valign_middle reversed\"><div class=\"vc_col-sm-8 wpb_column vc_column_container animate_afb\"><div class=\"vc_column-inner\"><div class=\"wpb_wrapper\"><div class=\"wpb_text_column\" ><div class=\"wpb_wrapper\"><div class=\"form-group\">\n<div class=\"form-group\">\n<div class=\"form-group\">\n<div class=\"form-group\">\n<h1 class=\"content\">Pri\u00e8re pour l&rsquo;Amour<\/h1>\n<\/div>\n<\/div>\n<\/div>\n<\/div>\n<\/div><\/div><div class=\"wpb_text_column\" ><div class=\"wpb_wrapper\"><h4><span style=\"color: #ffffff;\">12 f\u00e9vrier 2021 &#8211; 21h00 (Europe)<\/span><\/h4>\n<\/div><\/div><div class=\"w-separator size_small\"><\/div><div class=\"wpb_text_column\" ><div class=\"wpb_wrapper\"><div class=\"z-form-row\">\n<div class=\"form-group\">\n<div class=\"content col-md-offset-2\">\n<p>Nous sommes heureux de vous inviter \u00e0 une rencontre spirituelle ayant pour th\u00e8me\u00a0<b>l\u2019Amour<\/b>.\u00a0Nos fr\u00e8res et s\u0153urs de la Province de Murcie en Espagne, nous accueillent pour une soir\u00e9e d\u2019invocation (<em>dhikr<\/em>) afin que la force de l\u2019Amour Divin r\u00e9unisse les c\u0153urs, les esprits et les consciences pour un monde meilleur.<\/p>\n<\/div>\n<\/div>\n<\/div>\n<\/div><\/div><div class=\"wpb_text_column\" ><div class=\"wpb_wrapper\"><div class=\"z-form-row\">\n<div class=\"form-group\">\n<div class=\"content col-md-offset-2\">\n<p>Nos complace invitarles a un encuentro espiritual con el tema:<span class=\"ydpad22dfefapple-converted-space\">\u00a0<\/span><b>\u00ab\u00a0<\/b><b>de Amor\u00a0\u00bb<\/b>. Nuestros hermanos y hermanas de la Provincia de Murcia en Espa\u00f1a, nos dan la bienvenida el viernes 12 de febrero de 2021 a las 21:00h (hora de Madrid), para una velada de invocaci\u00f3n (<em>dhikr<\/em>) para que la fuerza del Amor Divino una los corazones, los esp\u00edritus y las conciencias por un mundo mejor.<\/p>\n<p class=\"ydpad22dfefmsonormal\"><span lang=\"EN-US\">We would like to invite you to a spiritual meeting. <\/span><span lang=\"EN-US\">The theme is: \u00ab\u00a0<strong>the Love\u00a0\u00bb.\u00a0<\/strong><\/span><span lang=\"EN-US\">Our brothers and sisters from the Province of Murcia in Spain welcome us on Friday February 12 2021 at 9:00 p.m. (Paris time) to an evening of invocation (<em>dhikr<\/em>).\u00a0<\/span><span lang=\"EN-US\">We pray that the power of divine love finds a home in our hearts and minds. We pray that it spreads around the world.\u00a0<\/span><\/p>\n<p>Wir freuen uns, Sie zu einem spirituellen Treffen zum Thema \u00ab\u00a0<strong>der Liebe<\/strong>\u00a0\u00bb einzuladen.\u00a0<span lang=\"EN-US\">Unsere Schwestern und Br\u00fcder aus der spanischen Provinz Murcia begr\u00fc\u00dfen uns am Freitag, den 12. Februar 2021 um 21:00 Uhr (Pariser Zeit) zu einem Abend der Anrufung (<\/span><span lang=\"EN-US\"><em>dhikr<\/em>), damit die Kraft der g\u00f6ttlichen Liebe die Herzen, Geist und Gewissen f\u00fcr eine bessere Welt\u00a0vereint.<\/span><\/p>\n<\/div>\n<\/div>\n<\/div>\n<\/div><\/div><div class=\"wpb_text_column\" ><div class=\"wpb_wrapper\"><div class=\"z-form-row\">\n<div class=\"form-group\">\n<div class=\"content col-md-offset-2\">\n<p class=\"ydpad22dfefmsonormal\" dir=\"RTL\"><b><span lang=\"AR-SA\">\u0623\u0635\u062f\u0642\u0627\u0621\u0646\u0627 \u0627\u0644\u0623\u0639\u0632\u0627\u0621<\/span><\/b> <b><span lang=\"AR\">\u064a\u0633\u0639\u062f\u0646\u0627 \u062f\u0639\u0648\u062a\u0643<\/span><\/b><b><span lang=\"AR-SA\">\u0645<\/span><\/b><b><span lang=\"AR\">\u00a0\u0625\u0644\u0649 \u0644\u0642\u0627\u0621 \u0631\u0648\u062d\u064a \u062d\u0648\u0644: \u00ab\u00a0\u0627\u0644\u0645\u062d\u0628\u0629\u00a0\u00bb\u060c \u062d\u064a\u062b \u064a\u0631\u062d\u0628 \u0628\u0646\u0627 \u0625\u062e\u0648\u0627\u0646\u0646\u0627 \u0648\u0623\u062e\u0648\u0627\u062a\u0646\u0627 \u0645\u0646 \u0645\u062f\u064a\u0646\u0629 \u0645\u0648\u0631\u0633\u064a\u0627 \u0628\u0625\u0633\u0628\u0627\u0646\u064a\u0627\u060c \u0627\u0644\u062c\u0645\u0639\u0629 12 \u0641\u0628\u0631\u0627\u064a\u0631 2021\u00a0<\/span><\/b><b><span lang=\"AR-SA\">\u0641\u064a \u062a\u0645\u0627\u0645 \u0627\u0644\u0633\u0627\u0639\u0629 9:00 \u0645\u0633\u0627\u0621\u064b (\u0628\u062a\u0648\u0642\u064a\u062a \u0628\u0627\u0631\u064a\u0633)<\/span><\/b><b><span dir=\"LTR\">\u00a0<\/span><\/b><b><span lang=\"AR\">\u060c \u0641\u064a \u0623\u0645\u0633\u064a\u0629 \u0627\u0644\u0630\u0643\u0631 \u062d\u062a\u064e\u0651\u0649 \u062a\u062c\u0645\u0639 \u0642\u0648\u0629\u064c \u0627\u0644\u062d\u0628 \u0627\u0644\u0625\u0644\u0647\u064a \u0643\u064c\u0644\u064e\u0651 \u0627\u0644\u0642\u0644\u0648\u0628 \u0648\u0627\u0644\u0623\u0631\u0648\u0627\u062d \u0648 \u0627\u0644\u0636\u0645\u0627\u0626\u0631 \u0645\u0646 \u0623\u062c\u0644 \u0639\u0627\u0644\u0645 \u0623\u0641\u0636\u0644.<\/span><\/b><\/p>\n<\/div>\n<\/div>\n<\/div>\n<\/div><\/div><div class=\"w-btn-wrapper width_auto align_left\"><a class=\"w-btn us-btn-style_6 icon_atleft\" title=\"Replay\" href=\"https:\/\/youtu.be\/o2Vg7E8X3r8\"><i class=\"fas fa-video\"><\/i><span class=\"w-btn-label\">Replay<\/span><\/a><\/div><\/div><\/div><\/div><div class=\"vc_col-sm-4 vc_hidden-md vc_hidden-sm vc_hidden-xs wpb_column vc_column_container animate_afb\" style=\"animation-delay:0.2s\"><div class=\"vc_column-inner\"><div class=\"wpb_wrapper\"><div class=\"w-iconbox iconpos_top style_default color_contrast align_center no_title no_text\"><div class=\"w-iconbox-icon\" style=\"font-size:11vw;\"><i class=\"fal fa-chart-network\"><\/i><\/div><div class=\"w-iconbox-meta\"><\/div><\/div><\/div><\/div><\/div><\/div><\/div><\/section><section class=\"l-section wpb_row height_full valign_top color_primary with_img parallax_ver with_overlay\"><div class=\"l-section-img\" style=\"background-image: url(https:\/\/site.webjamaa.net\/wp-content\/uploads\/2021\/01\/00-page-titre2.jpg);background-repeat: no-repeat;\" data-img-width=\"1707\" data-img-height=\"960\"><\/div><div class=\"l-section-overlay\" style=\"background: linear-gradient(120deg,rgba(13,150,168,0.9),rgba(0,0,0,0))\"><\/div><div class=\"l-section-h i-cf\"><div class=\"g-cols vc_row type_default valign_middle reversed\"><div class=\"vc_col-sm-8 wpb_column vc_column_container animate_afb\"><div class=\"vc_column-inner\"><div class=\"wpb_wrapper\"><div class=\"w-separator size_large\"><\/div><div class=\"wpb_text_column\" ><div class=\"wpb_wrapper\"><p>R\u00e9flexion \/ <em>Fikr<\/em><\/p>\n<\/div><\/div><h2 class=\"w-text us_custom_aa13cce3\"><span class=\"w-text-h\"><span class=\"w-text-value\">Louis Massignon. Le \u00ab\u00a0catholique musulman\u00a0\u00bb ?<\/span><\/span><\/h2><div class=\"wpb_text_column\" ><div class=\"wpb_wrapper\"><p>29 janvier 2021 \u00e0 21h00 (Paris)<\/p>\n<\/div><\/div><div class=\"wpb_text_column\" ><div class=\"wpb_wrapper\"><p dir=\"ltr\">Surnomm\u00e9 le \u00ab catholique musulman \u00bb par le Pape Pie XI, Louis Massignon est un grand t\u00e9moin et acteur du XX\u00e8me si\u00e8cle. Professeur au Coll\u00e8ge de France, islamologue, historien, linguiste, sociologue, militaire, aventurier, \u00e9crivain, homme engag\u00e9\u2026 Sa vie offre une amplitude exceptionnelle et en fait l\u2019un des plus fascinants savants fran\u00e7ais du si\u00e8cle dernier ainsi qu&rsquo;un pr\u00e9curseur du \u00ab\u00a0vivre ensemble en paix\u00a0\u00bb.<br \/>\nAu cours de cette conf\u00e9rence, Mano\u00ebl P\u00e9nicaud fera (re)conna\u00eetre toute la modernit\u00e9 et l\u2019importance qu\u2019il m\u00e9rite \u00e0 cet extraordinaire \u00ab passeur interreligieux \u00bb.<br \/>\nMano\u00ebl P\u00e9nicaud est anthropologue, charg\u00e9 de recherche au CNRS et sp\u00e9cialiste des relations interreligieuses. Il a notamment publi\u00e9 r\u00e9cemment \u00ab\u00a0Louis Massignon, le catholique musulman\u00a0\u00bb.<\/p>\n<\/div><\/div><div class=\"wpb_text_column\" ><div class=\"wpb_wrapper\"><p style=\"text-align: right;\">\u0644\u0648\u064a\u0633 \u0645\u0627\u0633\u064a\u0646\u064a\u0648\u0646 \u060c \u0627\u0644\u0645\u0644\u0642\u0628 \u0628\u0640\u00a0\u00a0\u00ab\u00a0\u0627\u0644\u0643\u0627\u062b\u0648\u0644\u064a\u0643\u064a \u0627\u0644\u0645\u0633\u0644\u0645\u00a0\u00bb\u00a0\u0645\u0646 \u0642\u0628\u0644 \u0627\u0644\u0628\u0627\u0628\u0627 \u0628\u064a \u0627\u0644\u062d\u0627\u062f\u064a \u0639\u0634\u0631 \u060c \u0634\u0627\u0647\u062f\u064b\u0627\u00a0\u00a0\u0648 \u0641\u0627\u0639\u0644\u0627\u00a0\u0639\u0638\u064a\u0645\u064b\u0627 \u0641\u064a \u0627\u0644\u0642\u0631\u0646 \u0627\u0644\u0639\u0634\u0631\u064a\u0646. \u0623\u0633\u062a\u0627\u0630\u00a0\u00a0\u0628\u0627\u0644\u0645\u064f\u062c\u0645\u064e\u0651\u0639\u0652\u00a0\u0627\u0644\u0641\u0631\u0646\u0633\u064a\u060c \u0645\u062e\u062a\u0635 \u0641\u064a \u0627\u0644\u0625\u0633\u0644\u0627\u0645 \u060c \u0645\u0624\u0631\u062e \u060c \u0644\u063a\u0648\u064a \u060c \u0639\u0627\u0644\u0645 \u0627\u062c\u062a\u0645\u0627\u0639\u00a0\u00a0\u060c \u062c\u0646\u062f\u064a \u060c \u0645\u063a\u0627\u0645\u0631 \u060c \u0643\u0627\u062a\u0628 \u060c \u0631\u062c\u0644 \u0645\u0644\u062a\u0632\u0645 &#8230; \u062a\u0639\u0637\u064a\u0646\u0627 \u062d\u064a\u0627\u062a\u0647 \u0645\u062a\u0651\u0633\u0639\u0627 \u0627\u0633\u062a\u062b\u0646\u0627\u0626\u064a\u064b\u0627 \u0648\u062a\u062c\u0639\u0644\u0647 \u0623\u062d\u062f \u0623\u0631\u0648\u0639 \u0627\u0644\u0639\u0644\u0645\u0627\u0621 \u0627\u0644\u0641\u0631\u0646\u0633\u064a\u064a\u0646 \u0641\u064a \u0627\u0644\u0642\u0631\u0646 \u0627\u0644\u0645\u0627\u0636\u064a \u0628\u0627\u0644\u0625\u0636\u0627\u0641\u0629 \u0625\u0644\u0649 \u0643\u0648\u0646\u0647 \u0631\u0627\u0626\u062f\u064b\u0627\u00a0\u00ab\u0644\u0644\u0639\u064a\u0634 \u0645\u0639\u0627 \u0641\u064a \u0633\u0644\u0627\u0645\u00a0\u00bb.<br \/>\n\u0633\u064a\u0639\u0642\u062f \u064a\u0648\u0645 \u0627\u0644\u062c\u0645\u0639\u0629 29 \u064a\u0646\u0627\u064a\u0631 2021 \u0641\u064a \u062a\u0645\u0627\u0645 \u0627\u0644\u0633\u0627\u0639\u0629 9:00 \u0645\u0633\u0627\u0621\u064b (\u0628\u062a\u0648\u0642\u064a\u062a \u0628\u0627\u0631\u064a\u0633) \u0645\u062d\u0627\u0636\u0631\u0629 \u0639\u0628\u0631 \u0627\u0644\u0625\u0646\u062a\u0631\u0646\u062a \u0645\u0646 \u062e\u0644\u0627\u0644\u0647\u0627 \u060c \u0633\u064a\u0639\u0631\u0641 \u0645\u0646 \u062c\u062f\u064a\u062f (\u0645\u0627\u0646\u0648\u064a\u0644 \u0628\u064a\u0646\u064a\u0643\u0648\u062f) \u0643\u0644 \u0627\u0644\u062d\u062f\u0627\u062b\u0629 \u0648\u0627\u0644\u0623\u0647\u0645\u064a\u0629 \u0627\u0644\u062a\u064a \u064a\u0633\u062a\u062d\u0642\u0647\u0627 \u0647\u0630\u0627 \u0627\u0644\u0627\u0633\u062a\u062b\u0646\u0627\u0626\u064a \u0645\u0646 \u0637\u0628\u0639\u0647\u00a0\u00ab\u0627\u0644\u0645\u064a\u0633\u0631 \u0628\u064a\u0646 \u0627\u0644\u0623\u062f\u064a\u0627\u0646\u00bb.<br \/>\n\u0641\u0623\u0645\u0627\u060c \u0645\u0627\u0646\u0648\u064a\u0644 \u0628\u064a\u0646\u064a\u0643\u0648 \u0641\u0647\u0648\u0639\u0627\u0644\u0645 \u0623\u0646\u062b\u0631\u0648\u0628\u0648\u0644\u0648\u062c\u064a\u0627 \u0648\u0628\u0627\u062d\u062b \u0641\u064a \u0627\u0644\u0645\u0631\u0643\u0632 \u0627\u0644\u0648\u0637\u0646\u064a \u0644\u0644\u0628\u062d\u062b \u0627\u0644\u0639\u0644\u0645\u064a \u0648\u0645\u062a\u062e\u0635\u0635 \u0641\u064a \u0627\u0644\u0639\u0644\u0627\u0642\u0627\u062a \u0645\u0627 \u0628\u064a\u0646 \u0627\u0644\u0623\u062f\u064a\u0627\u0646\u060c \u0646\u0634\u0631 \u0645\u0624\u062e\u0631\u0627 \u0643\u062a\u0627\u0628\u0627 \u062a\u062d\u062a \u0639\u0646\u0648\u0627\u0646\u00a0: \u00ab\u0644\u0648\u064a\u0633 \u0645\u0627\u0633\u064a\u0646\u064a\u0648\u0646 \u060c \u0627\u0644\u0643\u0627\u062b\u0648\u0644\u064a\u0643\u064a \u0627\u0644\u0645\u0633\u0644\u0645\u00bb.<\/p>\n<\/div><\/div><div class=\"w-btn-wrapper width_auto align_left\"><a class=\"w-btn us-btn-style_6 icon_atleft\" title=\"Replay\" target=\"_blank\" href=\"https:\/\/youtu.be\/46RLNmVCG9w\" rel=\"noopener\"><i class=\"fas fa-video\"><\/i><span class=\"w-btn-label\">Replay<\/span><\/a><\/div><\/div><\/div><\/div><div class=\"vc_col-sm-4 vc_hidden-md vc_hidden-sm vc_hidden-xs wpb_column vc_column_container animate_aft\" style=\"animation-delay:0.2s\"><div class=\"vc_column-inner\"><div class=\"wpb_wrapper\"><div class=\"w-iconbox us_custom_1f64da91 iconpos_top style_default color_contrast align_center no_title no_text\"><div class=\"w-iconbox-icon\" style=\"font-size:10vw;\"><i class=\"fal fa-lightbulb-on\"><\/i><\/div><div class=\"w-iconbox-meta\"><\/div><\/div><\/div><\/div><\/div><\/div><\/div><\/section><section class=\"l-section wpb_row height_full valign_center color_primary with_img parallax_ver with_overlay\"><div class=\"l-section-img\" style=\"background-image: url(https:\/\/site.webjamaa.net\/wp-content\/uploads\/2021\/01\/0901-pt2.jpg);\" data-img-width=\"1707\" data-img-height=\"960\"><\/div><div class=\"l-section-overlay\" style=\"background: linear-gradient(165deg,rgba(227,159,11,0.85),rgba(0,0,0,0))\"><\/div><div class=\"l-section-h i-cf\"><div class=\"g-cols vc_row type_default valign_middle reversed\"><div class=\"vc_col-sm-8 wpb_column vc_column_container animate_afb\"><div class=\"vc_column-inner\"><div class=\"wpb_wrapper\"><div class=\"wpb_text_column\" ><div class=\"wpb_wrapper\"><div class=\"form-group\">\n<div class=\"form-group\">\n<div class=\"form-group\">\n<div class=\"form-group\">\n<h1 class=\"content\">Pri\u00e8re pour un monde d\u2019esp\u00e9rance<\/h1>\n<\/div>\n<\/div>\n<\/div>\n<\/div>\n<\/div><\/div><div class=\"wpb_text_column\" ><div class=\"wpb_wrapper\"><h4><span style=\"color: #ffffff;\">15 janvier 2021 &#8211; 21h00 (Europe)<\/span><\/h4>\n<\/div><\/div><div class=\"wpb_text_column\" ><div class=\"wpb_wrapper\"><div class=\"z-form-row\">\n<div class=\"form-group\">\n<div class=\"content col-md-offset-2\">\n<p>Nous sommes heureux de vous inviter \u00e0 une rencontre spirituelle ayant pour th\u00e8me : \u00ab <strong>Pri\u00e8re pour un Monde d\u2019Esp\u00e9rance<\/strong> \u00bb. Nos fr\u00e8res et s\u0153urs de Frankfort en Allemagne nous accueillent pour une soir\u00e9e d\u2019invocation (<em>dhikr<\/em>) afin d\u2019entrer dans cette nouvelle ann\u00e9e en union pour un monde d\u2019esp\u00e9rance.<\/p>\n<\/div>\n<\/div>\n<\/div>\n<\/div><\/div><div class=\"wpb_text_column\" ><div class=\"wpb_wrapper\"><div class=\"z-form-row\">\n<div class=\"form-group\">\n<div class=\"content col-md-offset-2\">\n<h5 style=\"direction: rtl; text-align: right;\">\u064a\u0633\u0639\u062f\u0646\u0627 \u0623\u0646 \u0646\u062f\u0639\u0648\u0643\u0645 \u0625\u0644\u0649 \u0644\u0642\u0627\u0621 \u0631\u0648\u062d\u064a \u062d\u0648\u0644 \u0645\u0648\u0636\u0648\u0639: \u00ab\u00a0<strong>\u0630\u0643\u0631 \u0645\u0646 \u0623\u062c\u0644 \u0639\u0627\u0644\u0645 \u0645\u0644\u0624\u0647 \u0627\u0644\u0623\u0645\u0644<\/strong>\u00ab\u00a0\u060c \u062d\u064a\u062b\u064a\u0631\u062d\u0628 \u0628\u0646\u0627 \u0625\u062e\u0648\u062a\u0646\u0627 \u0648\u0623\u062e\u0648\u0627\u062a\u0646\u0627 \u0645\u0646 \u0645\u062f\u064a\u0646\u0629 \u0641\u0631\u0627\u0646\u0643\u0641\u0648\u0631\u062a \u0628\u0623\u0644\u0645\u0627\u0646\u064a\u0627 \u0641\u064a \u0623\u0645\u0633\u064a\u0629 \u0630\u0643\u0631 \u0644\u0644\u062f\u062e\u0648\u0644 \u0645\u0639\u0627 \u0647\u0630\u0627 \u0627\u0644\u0639\u0627\u0645 \u0627\u0644\u062c\u062f\u064a\u062f \u0641\u064a \u0648\u062d\u062f\u0629 \u0645\u0646 \u0623\u062c\u0644 \u0639\u0627\u0644\u0645 \u0627\u0644\u0623\u0645\u0644.<\/h5>\n<\/div>\n<\/div>\n<\/div>\n<\/div><\/div><div class=\"wpb_text_column\" ><div class=\"wpb_wrapper\"><div class=\"z-form-row\">\n<div class=\"form-group\">\n<div class=\"content col-md-offset-2\">\n<p>Wir freuen uns, Sie zu einem spirituellen Treffen zum Thema \u00ab\u00a0<strong>Gebet f\u00fcr eine Welt der Hoffnung<\/strong>\u00a0\u00bb einzuladen. Unsere Br\u00fcder und Schwestern aus Frankfurt in Deutschland begr\u00fc\u00dfen uns zu einem Abend des Gebets (d<em>hikr<\/em>), um gemeinsam in dieses neue Jahr f\u00fcr eine Welt der Hoffnung einzutreten.<\/p>\n<p>Nos complace invitarles a un encuentro espiritual con el tema: \u00ab\u00a0<strong>Oraci\u00f3n por un Mundo de Esperanza<\/strong>\u00ab\u00a0. Nuestros hermanos y hermanas de Frankfurt en Alemania nos dan la bienvenida para una velada de invocaci\u00f3n (d<em>hikr<\/em>) para entrar en este nuevo a\u00f1o en uni\u00f3n por un mundo de esperanza.<\/p>\n<p>We would like to invite you to a spiritual meeting on the theme: \u00ab\u00a0<strong>Prayer for a World of Hope<\/strong>\u00ab\u00a0. Our brothers and sisters from Frankfort, Germany, welcome us to an evening of invocation (d<em>hikr<\/em>) to celebrate this new year &#8211; united for a world of hope.<\/p>\n<\/div>\n<\/div>\n<\/div>\n<\/div><\/div><div class=\"w-btn-wrapper width_auto align_left\"><a class=\"w-btn us-btn-style_6 icon_atleft\" title=\"Replay\" href=\"https:\/\/youtu.be\/Tg-4z38VRnY\"><i class=\"fas fa-video\"><\/i><span class=\"w-btn-label\">Replay<\/span><\/a><\/div><\/div><\/div><\/div><div class=\"vc_col-sm-4 vc_hidden-md vc_hidden-sm vc_hidden-xs wpb_column vc_column_container animate_afb\" style=\"animation-delay:0.2s\"><div class=\"vc_column-inner\"><div class=\"wpb_wrapper\"><div class=\"w-iconbox iconpos_top style_default color_contrast align_center no_title no_text\"><div class=\"w-iconbox-icon\" style=\"font-size:11vw;\"><i class=\"fal fa-chart-network\"><\/i><\/div><div class=\"w-iconbox-meta\"><\/div><\/div><\/div><\/div><\/div><\/div><\/div><\/section><section class=\"l-section wpb_row height_full valign_center color_primary with_img parallax_ver\"><div class=\"l-section-img\" style=\"background-image: url(https:\/\/site.webjamaa.net\/wp-content\/uploads\/2020\/12\/Page4.jpg);\" data-img-width=\"1707\" data-img-height=\"960\"><\/div><div class=\"l-section-h i-cf\"><div class=\"g-cols vc_row type_default valign_middle reversed\"><div class=\"vc_col-sm-8 wpb_column vc_column_container has-fill animate_afb\"><div class=\"vc_column-inner us_custom_121d103d\"><div class=\"wpb_wrapper\"><div class=\"wpb_text_column\" ><div class=\"wpb_wrapper\"><div class=\"form-group\">\n<div class=\"form-group\">\n<div class=\"form-group\">\n<h1 class=\"content\"><span style=\"color: #333333;\">Pr\u00e9sentation du Projet Ahad-Unity<\/span><\/h1>\n<\/div>\n<\/div>\n<\/div>\n<\/div><\/div><div class=\"wpb_text_column\" ><div class=\"wpb_wrapper\"><h4><span style=\"color: #333333;\">31 d\u00e9cembre\u00a02020 &#8211; 17h00 (Europe)<\/span><\/h4>\n<\/div><\/div><div class=\"wpb_text_column\" ><div class=\"wpb_wrapper\"><div class=\"z-form-row\">\n<div class=\"form-group\">\n<div class=\"content col-md-offset-2\">\n<p><span style=\"color: #333333;\">Vous \u00eates convi\u00e9s, le jeudi 31 d\u00e9cembre 2020 \u00e0 17h00 (Paris), \u00e0 la pr\u00e9sentation du Projet Ahad-Unity. En premi\u00e8re partie, la Troupe Ahad d\u2019Alg\u00e9rie donnera une repr\u00e9sentation, \u00ab Un appel qui interpelle \u00bb. Suivra ensuite une d\u00e9monstration de la premi\u00e8re maquette du projet.<\/span><\/p>\n<\/div>\n<\/div>\n<\/div>\n<\/div><\/div><div class=\"wpb_text_column\" ><div class=\"wpb_wrapper\"><div class=\"z-form-row\">\n<div class=\"form-group\">\n<div class=\"content col-md-offset-2\">\n<h5 style=\"direction: rtl; text-align: right;\"><span style=\"color: #333333;\">\u0646\u062f\u0639\u0648\u0643\u0645 \u0644\u0639\u0631\u0636 \u0645\u0634\u0631\u0648\u0639 \u0623\u062d\u062f \u064a\u0648\u0645 \u0627\u0644\u062e\u0645\u064a\u0633 31 \u062f\u064a\u0633\u0645\u0628\u0631 2020 \u0639\u0644\u0649 \u0627\u0644\u0633\u0627\u0639\u0629 5:00 \u0645\u0633\u0627\u0621\u064b (\u0628\u062a\u0648\u0642\u064a\u062a \u0628\u0627\u0631\u064a\u0633).<\/span><br \/>\n<span style=\"color: #333333;\">\u0641\u064a \u0627\u0644\u062c\u0632\u0621 \u0627\u0644\u0623\u0648\u0644\u060c \u0633\u062a\u0642\u062f\u0645 \u0641\u0631\u0642\u0629 \u0623\u062d\u062f \u0627\u0644\u062c\u0632\u0627\u0626\u0631\u064a\u0629 \u0645\u0633\u0631\u062d\u064a\u0629 \u0628\u0639\u0646\u0648\u0627\u0646 \u00ab\u00a0\u0635\u0648\u062a \u064a\u0646\u0627\u062f\u064a \u0648\u064a\u062a\u0633\u0627\u0621\u0644 \u00ab\u00a0. \u062b\u0645 \u064a\u0644\u064a \u0630\u0644\u0643 \u0639\u0631\u0636 \u062a\u0648\u0636\u064a\u062d\u064a \u0644\u0644\u0646\u0645\u0648\u0630\u062c \u0627\u0644\u0623\u0648\u0644 \u0644\u0644\u0645\u0634\u0631\u0648\u0639.<\/span><\/h5>\n<\/div>\n<\/div>\n<\/div>\n<\/div><\/div><div class=\"wpb_text_column\" ><div class=\"wpb_wrapper\"><div class=\"z-form-row\">\n<div class=\"form-group\">\n<div class=\"content col-md-offset-2\">\n<p><span style=\"color: #333333;\">We are pleased to invite you to the presentation of the Ahad-Unity Project. First, the Ahad Group of Algeria will present \u201cA Call that Challenges\u201d. A demonstration of the first model of the project will follow.<\/span><\/p>\n<p><span style=\"color: #333333;\">Est\u00e1n invitados, el jueves 31 de diciembre de 2020, a las 17h00 horas (Par\u00eds), a la presentaci\u00f3n del Proyecto Ahad-Unity. En la primera parte, el grupo teatral Ahad, de Argelia representar\u00e1 la obra, \u00abUna llamada que interpela\u00bb. A continuaci\u00f3n, seguir\u00e1 la demostraci\u00f3n de la primera maqueta del proyecto.<\/span><\/p>\n<\/div>\n<\/div>\n<\/div>\n<\/div><\/div><div class=\"w-btn-wrapper width_auto align_left\"><a class=\"w-btn us-btn-style_6 icon_atleft\" title=\"Replay\" href=\"https:\/\/youtu.be\/COBgj7DwxQ0\"><i class=\"fas fa-video\"><\/i><span class=\"w-btn-label\">Replay<\/span><\/a><\/div><\/div><\/div><\/div><div class=\"vc_col-sm-4 vc_hidden-md vc_hidden-sm vc_hidden-xs wpb_column vc_column_container animate_afb\" style=\"animation-delay:0.2s\"><div class=\"vc_column-inner\"><div class=\"wpb_wrapper\"><div class=\"w-iconbox iconpos_top style_default color_contrast align_center no_title no_text\"><div class=\"w-iconbox-icon\" style=\"font-size:11vw;\"><i class=\"fal fa-lightbulb-on\"><\/i><\/div><div class=\"w-iconbox-meta\"><\/div><\/div><\/div><\/div><\/div><\/div><\/div><\/section><section class=\"l-section wpb_row height_full valign_center color_primary with_img parallax_ver with_overlay\"><div class=\"l-section-img\" style=\"background-image: url(https:\/\/site.webjamaa.net\/wp-content\/uploads\/2020\/12\/Page6.jpg);\" data-img-width=\"1707\" data-img-height=\"960\"><\/div><div class=\"l-section-overlay\" style=\"background: linear-gradient(165deg,rgba(10,161,151,0.85),rgba(0,0,0,0))\"><\/div><div class=\"l-section-h i-cf\"><div class=\"g-cols vc_row type_default valign_middle reversed\"><div class=\"vc_col-sm-8 wpb_column vc_column_container animate_afb\"><div class=\"vc_column-inner\"><div class=\"wpb_wrapper\"><div class=\"wpb_text_column\" ><div class=\"wpb_wrapper\"><div class=\"form-group\">\n<div class=\"form-group\">\n<div class=\"form-group\">\n<h1 class=\"content\">Rencontre spirituelle<br \/>\n\u00ab\u00a0Du monde de la s\u00e9paration vers le monde de l\u2019Unit\u00e9\u00a0\u00bb<\/h1>\n<\/div>\n<\/div>\n<\/div>\n<\/div><\/div><div class=\"wpb_text_column\" ><div class=\"wpb_wrapper\"><h4><span style=\"color: #ffffff;\">31 d\u00e9cembre\u00a02020 &#8211; 21h30 (Europe)<\/span><\/h4>\n<\/div><\/div><div class=\"wpb_text_column\" ><div class=\"wpb_wrapper\"><div class=\"z-form-row\">\n<div class=\"form-group\">\n<div class=\"content col-md-offset-2\">\n<p>Nous sommes heureux de vous inviter \u00e0 une rencontre spirituelle ayant pour th\u00e8me : \u00ab Du monde de la s\u00e9paration vers le monde de l\u2019Unit\u00e9 \u00bb. Le 31 d\u00e9cembre 2020 \u00e0 partir de 21h30 (Paris), la soir\u00e9e d\u00e9butera par une interview du Cheikh Khaled Bentounes puis se poursuivra par des r\u00e9citations et des samaa jusqu\u2019au passage \u00e0 la nouvelle ann\u00e9e.<\/p>\n<\/div>\n<\/div>\n<\/div>\n<\/div><\/div><div class=\"wpb_text_column\" ><div class=\"wpb_wrapper\"><div class=\"z-form-row\">\n<div class=\"form-group\">\n<div class=\"content col-md-offset-2\">\n<h5 style=\"direction: rtl; text-align: right;\">\u064a\u0633\u0639\u062f\u0646\u0627 \u0623\u0646 \u0646\u062f\u0639\u0648\u0643\u0645 \u0625\u0644\u0649 \u0644\u0642\u0627\u0621 \u0631\u0648\u062d\u064a \u062d\u0648\u0644 \u0645\u0648\u0636\u0648\u0639: \u00ab\u00a0\u0645\u0646 \u0639\u0627\u0644\u0645 \u0627\u0644\u0627\u0646\u0641\u0635\u0627\u0644 \u0625\u0644\u0649 \u0639\u0627\u0644\u0645 \u0627\u0644\u0648\u062d\u062f\u0629\u00a0\u00bb. \u064a\u0648\u0645 \u0627\u0644\u062e\u0645\u064a\u0633 31 \u062f\u064a\u0633\u0645\u0628\u0631 2020 \u0627\u0628\u062a\u062f\u0627\u0621\u064b \u0645\u0646 \u0627\u0644\u0633\u0627\u0639\u0629 9:30 \u0645\u0633\u0627\u0621\u064b (\u0628\u062a\u0648\u0642\u064a\u062a \u0628\u0627\u0631\u064a\u0633)\u060c \u062d\u064a\u062b \u0646\u0641\u062a\u062a\u062d \u0628\u062d\u0635\u0629 \u00ab\u00a0\u0644\u0642\u0627\u0621 \u0648\u062d\u0648\u0627\u0631\u00a0\u00bb \u0645\u0639 \u0627\u0644\u0634\u064a\u062e \u062e\u0627\u0644\u062f \u0628\u0646 \u062a\u0648\u0646\u0633 \u062b\u0645 \u062a\u062a\u0648\u0627\u0635\u0644 \u0627\u0644\u0623\u0645\u0633\u064a\u0629 \u0628\u0623\u0630\u0643\u0627\u0631 \u0648\u0633\u0645\u0627\u0639 \u062d\u062a\u0649 \u0628\u062f\u0627\u064a\u0629 \u0627\u0644\u0639\u0627\u0645 \u0627\u0644\u062c\u062f\u064a\u062f.<\/h5>\n<\/div>\n<\/div>\n<\/div>\n<\/div><\/div><div class=\"wpb_text_column\" ><div class=\"wpb_wrapper\"><div class=\"z-form-row\">\n<div class=\"form-group\">\n<div class=\"content col-md-offset-2\">\n<p>We are pleased to invite you to a spiritual conference on the theme: \u201cFrom the World of Separation to the World of Unity.\u201d The evening will start with an interview with Sheikh Khaled Bentounes. Recitations and sama\u2018 will follow until the New Year begins.<\/p>\n<p>Nos alegra invitaros a un encuentro espiritual con el tema: \u00abDel mundo de la separaci\u00f3n al mundo de la unidad\u00bb. El 31 de diciembre de 2020, a partir de las 21h30 horas (Par\u00eds), la velada comenzar\u00e1 con una entrevista al Cheikh Khaled Bentounes y continuar\u00e1 con recitaciones y samaa hasta el paso al nuevo a\u00f1o.<\/p>\n<\/div>\n<\/div>\n<\/div>\n<\/div><\/div><div class=\"w-btn-wrapper width_auto align_left\"><a class=\"w-btn us-btn-style_6 icon_atleft\" title=\"Replay\" href=\"https:\/\/youtu.be\/bkNZnqxjPQM\"><i class=\"fas fa-video\"><\/i><span class=\"w-btn-label\">Replay<\/span><\/a><\/div><\/div><\/div><\/div><div class=\"vc_col-sm-4 vc_hidden-md vc_hidden-sm vc_hidden-xs wpb_column vc_column_container animate_afb\" style=\"animation-delay:0.2s\"><div class=\"vc_column-inner\"><div class=\"wpb_wrapper\"><div class=\"w-iconbox iconpos_top style_default color_contrast align_center no_title no_text\"><div class=\"w-iconbox-icon\" style=\"font-size:11vw;\"><i class=\"fal fa-chart-network\"><\/i><\/div><div class=\"w-iconbox-meta\"><\/div><\/div><\/div><\/div><\/div><\/div><\/div><\/section><section class=\"l-section wpb_row height_full valign_center color_primary with_img parallax_ver with_overlay\"><div class=\"l-section-img\" style=\"background-image: url(https:\/\/site.webjamaa.net\/wp-content\/uploads\/2020\/12\/Page2.jpg);\" data-img-width=\"1707\" data-img-height=\"960\"><\/div><div class=\"l-section-overlay\" style=\"background: transparent\"><\/div><div class=\"l-section-h i-cf\"><div class=\"g-cols vc_row type_default valign_middle reversed\"><div class=\"vc_col-sm-8 wpb_column vc_column_container animate_afb\"><div class=\"vc_column-inner\"><div class=\"wpb_wrapper\"><div class=\"wpb_text_column\" ><div class=\"wpb_wrapper\"><div class=\"form-group\">\n<div class=\"form-group\">\n<h1 class=\"content\">Concert du groupe El Amel<\/h1>\n<\/div>\n<\/div>\n<\/div><\/div><div class=\"wpb_text_column\" ><div class=\"wpb_wrapper\"><h4><span style=\"color: #ffffff;\">30 d\u00e9cembre\u00a02020 &#8211; 21h00 (Europe)<\/span><\/h4>\n<\/div><\/div><div class=\"wpb_text_column\" ><div class=\"wpb_wrapper\"><div class=\"z-form-row\">\n<div class=\"form-group\">\n<div class=\"content col-md-offset-2\">\n<p>Nous sommes heureux de vous convier \u00e0 une soir\u00e9e musicale du groupe El Amel de l\u2019\u00e9cole de musique traditionnelle de la fondation Djanatu al-Arif de Mostaganem, Alge\u0301rie, le mercredi 30 d\u00e9cembre \u00e0 21h00 (Paris).<\/p>\n<\/div>\n<\/div>\n<\/div>\n<\/div><\/div><div class=\"wpb_text_column\" ><div class=\"wpb_wrapper\"><div class=\"z-form-row\">\n<div class=\"form-group\">\n<div class=\"content col-md-offset-2\">\n<h5 style=\"direction: rtl; text-align: right;\"><span style=\"color: #ffffff;\">\u064a\u0633\u0639\u062f\u0646\u0627 \u0623\u0646 \u0646\u062f\u0639\u0648\u0643\u0645 \u0625\u0644\u0649 \u0623\u0645\u0633\u064a\u0629 \u0645\u0648\u0633\u064a\u0642\u064a\u0629 \u0644\u0641\u0631\u0642\u0629 \u0627\u0644\u0623\u0645\u0644 \u0645\u0646 \u0645\u062f\u0631\u0633\u0629 \u0627\u0644\u0645\u0648\u0633\u064a\u0642\u0649 \u0627\u0644\u0639\u0631\u064a\u0642\u0629 \u0627\u0644\u062a\u0627\u0628\u0639\u0629 \u0644\u0645\u0624\u0633\u0633\u0629 \u062c\u0646\u0629 \u0627\u0644\u0639\u0627\u0631\u0641 \u0641\u064a \u0645\u0633\u062a\u063a\u0627\u0646\u0645\u060c \u0627\u0644\u062c\u0632\u0627\u0626\u0631\u060c \u0648\u0630\u0644\u0643 \u064a\u0648\u0645 \u0627\u0644\u0623\u0631\u0628\u0639\u0627\u0621 30 \u062f\u064a\u0633\u0645\u0628\u0631 \u0639\u0644\u0649 \u0627\u0644\u0633\u0627\u0639\u0629 9:00 \u0645\u0633\u0627\u0621\u064b (\u0628\u062a\u0648\u0642\u064a\u062a \u0628\u0627\u0631\u064a\u0633).<\/span><\/h5>\n<\/div>\n<\/div>\n<\/div>\n<\/div><\/div><div class=\"wpb_text_column\" ><div class=\"wpb_wrapper\"><div class=\"z-form-row\">\n<div class=\"form-group\">\n<div class=\"content col-md-offset-2\">\n<p>We are pleased to invite you to an evening of music, featuring the group El Amel, from the traditional music school of the Djanatu al-Arif Foundation in Mostaganem, Algeria, Wednesday 30 December, 9:00 p.m. (Paris\u2019 time).<\/p>\n<p>Estamos encantados de invitarles a una velada musical del grupo El Amel, de la escuela de m\u00fasica tradicional de la fundaci\u00f3n Djanatu al-Arif de Mostaganem, Argelia, el mi\u00e9rcoles 30 de diciembre a las 21h00 (Par\u00eds).<\/p>\n<\/div>\n<\/div>\n<\/div>\n<\/div><\/div><div class=\"w-btn-wrapper width_auto align_left\"><a class=\"w-btn us-btn-style_6 icon_atleft\" title=\"Replay\" href=\"https:\/\/youtu.be\/BOv29NTplHk\"><i class=\"fas fa-video\"><\/i><span class=\"w-btn-label\">Replay<\/span><\/a><\/div><\/div><\/div><\/div><div class=\"vc_col-sm-4 vc_hidden-md vc_hidden-sm vc_hidden-xs wpb_column vc_column_container animate_afb\" style=\"animation-delay:0.2s\"><div class=\"vc_column-inner\"><div class=\"wpb_wrapper\"><div class=\"w-iconbox iconpos_top style_default color_contrast align_center no_title no_text\"><div class=\"w-iconbox-icon\" style=\"font-size:11vw;\"><i class=\"fal fa-chart-network\"><\/i><\/div><div class=\"w-iconbox-meta\"><\/div><\/div><\/div><\/div><\/div><\/div><\/div><\/section><section class=\"l-section wpb_row height_full valign_center color_primary with_img parallax_ver with_overlay\"><div class=\"l-section-img\" style=\"background-image: url(https:\/\/site.webjamaa.net\/wp-content\/uploads\/2020\/12\/00-page-titre-s.jpg);\" data-img-width=\"1707\" data-img-height=\"960\"><\/div><div class=\"l-section-overlay\" style=\"background: linear-gradient(90deg,rgba(30,122,214,0.30),rgba(0,0,0,0))\"><\/div><div class=\"l-section-h i-cf\"><div class=\"g-cols vc_row type_default valign_middle reversed\"><div class=\"vc_col-sm-8 wpb_column vc_column_container animate_afb with_overlay\"><div class=\"vc_column-inner\"><div class=\"vc_column-overlay\" style=\"background:rgba(245,245,245,0.60)\"><\/div><div class=\"wpb_wrapper\"><div class=\"w-separator size_medium\"><\/div><div class=\"wpb_text_column\" ><div class=\"wpb_wrapper\"><p><span style=\"color: #000000;\">Rem\u00e9moration \/ <em>Dhikr<\/em><\/span><\/p>\n<\/div><\/div><div class=\"wpb_text_column\" ><div class=\"wpb_wrapper\"><div class=\"form-group\">\n<h1><span style=\"color: #333333;\"><em>Dhikr<\/em>\u00a0\u00e0 la m\u00e9moire de<br \/>\nSidi Ahmed Chergui<\/span><\/h1>\n<\/div>\n<\/div><\/div><div class=\"wpb_text_column\" ><div class=\"wpb_wrapper\"><p><span style=\"color: #000000;\">12 d\u00e9cembre 2020 &#8211; 20h30 (Europe)<\/span><\/p>\n<\/div><\/div><div class=\"wpb_text_column\" ><div class=\"wpb_wrapper\"><div class=\"z-form-row\">\n<div class=\"form-group\">\n<div class=\"content col-md-offset-2\">\n<p><span style=\"color: #333333;\">Nous vous convions \u00e0 un webjamaa pour comm\u00e9morer le d\u00e9c\u00e8s de notre fr\u00e8re Hadj Ahmed Chergui, qui nous a quitt\u00e9 le jeudi 10 d\u00e9cembre 2020. N\u00e9 en 1936 \u00e0 Djebel Hmam au c\u0153ur de la r\u00e9gion montagneuse du Rif au Maroc, il est le fils de Sidi Moqadem Chergui qui a contribu\u00e9 \u00e0 implanter la Tar\u00eeqa Al\u00e2wiyya au Maroc. D&rsquo;une grande bont\u00e9 et d&rsquo;une tendresse sans limite, par son engagement sinc\u00e8re, Hadj Ahmed est devenu le Moqadem de Djebel Hmam en 2006. Consacrant son temps et son \u00e9nergie aux foqaras, il a \u00e9t\u00e9 un grand soutien \u00e0 la tar\u00eeqa et au Cheikh Khaled Bentounes. Il fut un d\u00e9fenseur infatigable des valeurs port\u00e9es par AISA ONG.<\/span><\/p>\n<\/div>\n<\/div>\n<\/div>\n<\/div><\/div><div class=\"wpb_text_column\" ><div class=\"wpb_wrapper\"><div class=\"z-form-row\">\n<div class=\"form-group\">\n<div class=\"content col-md-offset-2\">\n<p style=\"text-align: right;\"><span style=\"color: #333333;\">\u00a0\u0646\u062f\u0639\u0648\u0643\u0645 \u0625\u0644\u0649 \u062c\u0645\u0639 \u0631\u0648\u062d\u064a \u0644\u0625\u062d\u064a\u0627\u0621 \u0630\u0643\u0631\u0649 \u0648\u0641\u0627\u0629 \u0623\u062e\u064a\u0646\u0627 \u0627\u0644\u062d\u0627\u062c \u0623\u062d\u0645\u062f \u0634\u0631\u0642\u064a \u0627\u0644\u0630\u064a \u0648\u0627\u0641\u062a\u0647 \u0627\u0644\u0645\u0646\u064a\u0629 \u064a\u0648\u0645 \u0627\u0644\u062e\u0645\u064a\u0633 10 \u062f\u064a\u0633\u0645\u0628\u0631 2020. \u0648\u0644\u062f \u0639\u0627\u0645 1936 \u0628\u062c\u0628\u0644 \u062d\u0645\u0627\u0645 \u0641\u064a \u0642\u0644\u0628 \u0645\u0646\u0637\u0642\u0629 \u0627\u0644\u0631\u064a\u0641 \u0627\u0644\u062c\u0628\u0644\u064a\u0629 \u0641\u064a \u0627\u0644\u0645\u063a\u0631\u0628\u060c \u0648\u0647\u0648 \u0627\u0628\u0646 \u0633\u064a\u062f\u064a \u0627\u0644\u0645\u0642\u062f\u0645 \u0634\u0631\u0642\u064a \u0627\u0644\u0630\u064a \u0633\u0627\u0647\u0645 \u0641\u064a \u062a\u0623\u0633\u064a\u0633 \u0627\u0644\u0637\u0631\u064a\u0642\u0629 \u0627\u0644\u0639\u0644\u0627\u0648\u064a\u0629 \u0641\u064a \u0627\u0644\u0645\u063a\u0631\u0628.\u00a0\u0643\u0627\u0646 \u0645\u0639\u0631\u0648\u0641\u0627 \u0628\u0644\u0637\u0627\u0641\u062a\u0647 \u0648\u0627\u0644\u062a\u0632\u0627\u0645\u0647 \u0627\u0644\u0635\u0627\u062f\u0642\u060c \u0645\u0646 \u062e\u0644\u0627\u0644\u0647 \u0623\u0635\u0628\u062d \u0627\u0644\u062d\u0627\u062c \u0623\u062d\u0645\u062f \u0645\u0642\u062f\u0645\u064b\u0627 \u0644\u062c\u0628\u0644 \u0644\u062d\u0645\u0627\u0645 \u0641\u064a \u0645\u0646\u0637\u0642\u0629 \u0627\u0644\u0631\u064a\u0641 \u0639\u0627\u0645 2006. \u0642\u062f \u0643\u0631\u0651\u0633 \u0648\u0642\u062a\u0647 \u0648\u0637\u0627\u0642\u062a\u0647 \u0641\u064a \u062e\u062f\u0645\u0629 \u0627\u0644\u0637\u0631\u064a\u0642 \u0648\u0625\u062e\u0648\u0627\u0646\u0647 \u0627\u0644\u0641\u0642\u0631\u0627\u0621\u060c \u0643\u0627\u0646 \u062d\u0627\u0636\u0631\u0627 \u0641\u064a \u0634\u062a\u0649 \u0627\u0644\u0623\u062d\u062f\u0627\u062b \u0627\u0644\u062a\u064a \u0646\u0638\u0645\u062a\u0647\u0627 \u062c\u0645\u0639\u064a\u0629\u00a0AISA ONG\u00a0\u060c\u00a0\u00a0\u062d\u064a\u062b \u064a\u064f\u0639\u062f\u0651 \u0645\u0646 \u0623\u0646\u0635\u0627\u0631 \u0627\u0644\u0637\u0631\u064a\u0642\u0629 \u0627\u0644\u0639\u0644\u0627\u0648\u064a\u0629 \u0648\u062f\u0639\u0645\u0627 \u0635\u0627\u062f\u0642\u0627\u00a0\u0644\u0644\u0634\u064a\u062e \u0633\u064a\u062f\u064a \u062e\u0627\u0644\u062f \u0628\u0646 \u062a\u0648\u0646\u0633 \u0648\u0643\u0627\u0646 \u062d\u0632\u064a\u0645\u0627 \u0644\u0627 \u064a\u0639\u0631\u0641 \u0627\u0644\u0639\u062c\u0632 \u0648\u0627\u0644\u0643\u0633\u0644 \u0644\u0644\u062f\u0641\u0627\u0639 \u0639\u0646 \u0627\u0644\u0642\u064a\u0645 \u0627\u0644\u062a\u064a \u062a\u062d\u0645\u0644\u0647\u0627 \u062c\u0645\u0639\u064a\u0629 AISA ONG<\/span><\/p>\n<\/div>\n<\/div>\n<\/div>\n<\/div><\/div><div class=\"w-btn-wrapper width_auto align_left\"><a class=\"w-btn us-btn-style_6 icon_atleft\" title=\"Replay\" href=\"https:\/\/youtu.be\/3edKWdTl9q4\"><i class=\"fas fa-video\"><\/i><span class=\"w-btn-label\">Replay<\/span><\/a><\/div><div class=\"w-separator size_medium\"><\/div><\/div><\/div><\/div><div class=\"vc_col-sm-4 vc_hidden-md vc_hidden-sm vc_hidden-xs wpb_column vc_column_container animate_afb\" style=\"animation-delay:0.2s\"><div class=\"vc_column-inner\"><div class=\"wpb_wrapper\"><div class=\"w-iconbox iconpos_top style_default color_contrast align_center no_title no_text\"><div class=\"w-iconbox-icon\" style=\"font-size:11vw;\"><i class=\"fal fa-chart-network\"><\/i><\/div><div class=\"w-iconbox-meta\"><\/div><\/div><\/div><\/div><\/div><\/div><\/div><\/section><section class=\"l-section wpb_row height_full valign_top color_primary with_img parallax_ver with_overlay\"><div class=\"l-section-img\" style=\"background-image: url(https:\/\/site.webjamaa.net\/wp-content\/uploads\/2020\/12\/00-page-titre-v2.jpg);background-repeat: no-repeat;\" data-img-width=\"1707\" data-img-height=\"960\"><\/div><div class=\"l-section-overlay\" style=\"background: linear-gradient(90deg,rgba(26,26,26,0.35),rgba(0,0,0,0.00))\"><\/div><div class=\"l-section-h i-cf\"><div class=\"g-cols vc_row type_default valign_middle reversed\"><div class=\"vc_col-sm-8 wpb_column vc_column_container animate_afb\"><div class=\"vc_column-inner\"><div class=\"wpb_wrapper\"><div class=\"w-separator size_large\"><\/div><div class=\"wpb_text_column\" ><div class=\"wpb_wrapper\"><p>R\u00e9flexion \/ <em>Fikr<\/em><\/p>\n<\/div><\/div><h2 class=\"w-text us_custom_aa13cce3\"><span class=\"w-text-h\"><span class=\"w-text-value\">Initiation \u00e0 la chevalerie<\/span><\/span><\/h2><div class=\"wpb_text_column\" ><div class=\"wpb_wrapper\"><p>11 d\u00e9cembre 2020 \u00e0 21h00 (Paris)<\/p>\n<\/div><\/div><div class=\"wpb_text_column\" ><div class=\"wpb_wrapper\"><h6 dir=\"rtl\" data-setdir=\"false\">\u0628\u0627\u0644\u0646\u0633\u0628\u0629 \u0644\u0644\u062d\u0635\u0629 \u0627\u0644\u0642\u0627\u062f\u0645\u0629 \u0645\u0646 \u0645\u0644\u062a\u0642\u064a\u0627\u062a\u0646\u0627 Webjamaa\u00a0\u060c \u064a\u0642\u062f\u0645 \u0644\u0646\u0627 \u0639\u0645\u0631 \u0648\u0633\u064a\u0628\u0627\u0633\u062a\u064a\u0627\u0646 \u0627\u0644\u062a\u0644\u0642\u064a\u0646 \u0641\u064a \u0627\u0644\u0641\u0631\u0648\u0633\u064a\u0629: \u00ab\u00a0\u0627\u0644\u0641\u0627\u0631\u0633 \u0648 \u0645\u0637\u064a\u062a\u0647\u00a0\u00bb\u060c \u0648\u0647\u0630\u0627 \u0645\u0646\u0630\u0627\u0644\u062a\u0642\u0627\u0644\u064a\u062f \u0627\u0644\u0642\u062f\u064a\u0645\u0629 \u0625\u0644\u0649 \u0623\u062c\u064a\u0627\u0644 \u0627\u0644\u0645\u0633\u062a\u0642\u0628\u0644\u00a0\u00bb.<span class=\"ydp2eda8bc2JLqJ4b\" data-language-for-alternatives=\"ar\" data-language-to-translate-into=\"auto\" data-phrase-index=\"1\"><span class=\"ydp2eda8bc2JLqJ4b ydp2eda8bc2ChMk0b\" data-language-for-alternatives=\"ar\" data-language-to-translate-into=\"auto\" data-phrase-index=\"2\">\u0639\u0645\u0631 \u0628\u0644\u0639\u0627\u0631\u064a \u0623\u0633\u062a\u0627\u0630 \u0627\u0644\u0644\u063a\u062a\u064a\u0646 \u0627\u0644\u0639\u0631\u0628\u064a\u0629 \u0648\u0627\u0644\u0641\u0631\u0646\u0633\u064a\u0629 \u0641\u064a EPFC \u0628\u0628\u0631\u0648\u0643\u0633\u0644 \u0648\u0633\u064a\u0628\u0627\u0633\u062a\u064a\u0627\u0646 \u0646\u064a\u0634\u0644\u0628\u0648\u062a \u0623\u0633\u062a\u0627\u0630 \u0627\u0644\u0623\u062f\u0628 \u0627\u0644\u0639\u0631\u0628\u064a \u0628\u062c\u0627\u0645\u0639\u0629 \u0628\u0631\u0648\u0643\u0633\u064a\u0644 \u0627\u0644\u062d\u0631\u0629.<\/span><\/span><\/h6>\n<\/div><\/div><div class=\"wpb_text_column\" ><div class=\"wpb_wrapper\"><p>Pour notre prochain webjamaa, Omar et S\u00e9bastien nous proposent une initiation \u00e0 la chevalerie\u00a0: \u00ab\u00a0Le chevalier et sa monture, de l\u2019antique tradition aux g\u00e9n\u00e9rations futures\u00a0\u00bb.\u00a0Omar Bellaari est professeur d\u2019arabe et de fran\u00e7ais \u00e0 l\u2019EPFC de Bruxelles. S\u00e9bastien Nechelput, licenci\u00e9 en langues et litt\u00e9rature arabe (ULB) est enseignant \u00e0 Bruxelles.<\/p>\n<p>For our upcoming Webjamaa, Omar and S\u00e9bastien will invite us to an initiation to chivalry: \u00ab\u00a0The fellow and his mount, from ancient tradition to future generations\u00a0\u00bb.\u00a0Omar Bellaari teaches Arabic and French at the EPFC in Brussels. S\u00e9bastien Nechelput teaches Arabic literature at the \u00ab\u00a0Universit\u00e9 Libre\u00a0\u00bb in Brussels.<\/p>\n<p>Para nuestro pr\u00f3ximo Webjamaa, Omar y Sebastien nos ofrecen una introducci\u00f3n a la caballer\u00eda: \u00ab\u00a0El caballero y su montura, de la antigua tradici\u00f3n a las generaciones futuras\u00a0\u00bb.\u00a0Omar Bellaari es profesor de \u00e1rabe y franc\u00e9s en el EPFC en Bruselas. Sebastien Nechelput es profesor de literatura \u00e1rabe en la Universidad Libre de Bruselas.<\/p>\n<\/div><\/div><div class=\"w-btn-wrapper width_auto align_left\"><a class=\"w-btn us-btn-style_5 icon_atleft\" title=\"Replay\" target=\"_blank\" href=\"https:\/\/youtu.be\/iRUEy3IPre0\" rel=\"noopener\"><i class=\"fas fa-video\"><\/i><span class=\"w-btn-label\">Replay<\/span><\/a><\/div><\/div><\/div><\/div><div class=\"vc_col-sm-4 vc_hidden-md vc_hidden-sm vc_hidden-xs wpb_column vc_column_container animate_aft\" style=\"animation-delay:0.2s\"><div class=\"vc_column-inner\"><div class=\"wpb_wrapper\"><div class=\"w-iconbox us_custom_1f64da91 iconpos_top style_default color_contrast align_center no_title no_text\"><div class=\"w-iconbox-icon\" style=\"font-size:10vw;\"><i class=\"fal fa-lightbulb-on\"><\/i><\/div><div class=\"w-iconbox-meta\"><\/div><\/div><\/div><\/div><\/div><\/div><\/div><\/section><section class=\"l-section wpb_row height_full valign_center color_primary with_img parallax_ver with_overlay\"><div class=\"l-section-img\" style=\"background-image: url(https:\/\/site.webjamaa.net\/wp-content\/uploads\/2020\/11\/00-page-titre-27-113.jpg);\" data-img-width=\"1707\" data-img-height=\"960\"><\/div><div class=\"l-section-overlay\" style=\"background: transparent\"><\/div><div class=\"l-section-h i-cf\"><div class=\"g-cols vc_row type_default valign_middle reversed\"><div class=\"vc_col-sm-8 wpb_column vc_column_container animate_afb\"><div class=\"vc_column-inner\"><div class=\"wpb_wrapper\"><div class=\"wpb_text_column\" ><div class=\"wpb_wrapper\"><p><span style=\"color: #000000;\">Rem\u00e9moration \/ <em>Dhikr<\/em><\/span><\/p>\n<\/div><\/div><div class=\"wpb_text_column\" ><div class=\"wpb_wrapper\"><div class=\"form-group\">\n<h1 class=\"content\"><span style=\"color: #000000;\">La Mis\u00e9ricorde,<\/span><br \/>\n<span style=\"color: #000000;\">rencontre de dhikr<\/span><\/h1>\n<\/div>\n<\/div><\/div><div class=\"wpb_text_column\" ><div class=\"wpb_wrapper\"><p><span style=\"color: #000000;\">27 novembre 2020 &#8211; 21h00 (Europe)<\/span><\/p>\n<\/div><\/div><div class=\"wpb_text_column\" ><div class=\"wpb_wrapper\"><div class=\"z-form-row\">\n<div class=\"form-group\">\n<div class=\"content col-md-offset-2\">\n<p><span style=\"color: #000000;\">Les s\u0153urs et fr\u00e8res de la ville de Tanger au Maroc ont le plaisir de vous inviter, ce vendredi 27 novembre 2020 \u00e0 21h00 (Europe), \u00e0 une rencontre de dhikr (rem\u00e9moration) sur le th\u00e8me de la Mis\u00e9ricorde.<\/span><\/p>\n<\/div>\n<\/div>\n<\/div>\n<\/div><\/div><div class=\"wpb_text_column\" ><div class=\"wpb_wrapper\"><div class=\"z-form-row\">\n<div class=\"form-group\">\n<div class=\"content col-md-offset-2\">\n<h5 style=\"text-align: right;\"><span style=\"color: #333333;\">\u064a\u062a\u0634\u0631\u0641 \u0641\u0642\u064a\u0631\u0627\u062a \u0648\u0641\u0642\u0631\u0627\u0621 \u0645\u062f\u064a\u0646\u0629 \u0637\u0646\u062c\u0629 \u0645\u0646 \u0627\u0644\u0645\u063a\u0631\u0628 \u0628\u0627\u0633\u062a\u062f\u0639\u0627\u0626\u0643\u0645 \u0644\u0644\u062d\u0636\u0648\u0631 \u0641\u064a \u0627\u0644\u062c\u0645\u0639 \u0627\u0644\u0631\u0648\u062d\u064a \u0627\u0644\u0630\u064a \u0633\u064a\u0642\u0627\u0645 \u064a\u0648\u0645 \u0627\u0644\u062c\u0645\u0639\u0629 27 \u0646\u0648\u0641\u0645\u0628\u0631 2020\u060c \u0639\u0644\u0649 \u0627\u0644\u0633\u0627\u0639\u0629 \u0627\u0644\u062a\u0627\u0633\u0639\u0629 \u0644\u064a\u0644\u0627 (\u0628\u062a\u0648\u0642\u064a\u062a \u0628\u0627\u0631\u064a\u0633) \u0645\u0648\u0636\u0648\u0639 \u062d\u0644\u0642\u0629 \u0627\u0644\u0630\u0643\u0631 \u0647\u0627\u062a\u0647 \u0633\u064a\u0643\u0648\u0646 \u0647\u0648 \u0627\u0644\u0631\u062d\u0645\u0629<\/span><\/h5>\n<\/div>\n<\/div>\n<\/div>\n<\/div><\/div><div class=\"wpb_text_column\" ><div class=\"wpb_wrapper\"><div class=\"z-form-row\">\n<div class=\"form-group\">\n<div class=\"content col-md-offset-2\">\n<p><span style=\"color: #000000;\">Our brothers and sisters from Tangiers, Morocco, are pleased to invite you to a dhikr (recalling) on the theme of Mercy. This will take place on Friday the 27th November at 9 p.m. (Europe time).<\/span><\/p>\n<p><span style=\"color: #000000;\">Las hermanas y hermanos de la ciudad de T\u00e1nger en Marruecos se complacen en invitarles, este viernes 27 de noviembre de 2020 a las 21:00 horas (Europa), a una reuni\u00f3n de dhikr (recuerdo) sobre el tema de la Misericordia.<\/span><\/p>\n<\/div>\n<\/div>\n<\/div>\n<\/div><\/div><div class=\"w-btn-wrapper width_auto align_left\"><a class=\"w-btn us-btn-style_6 icon_atleft\" title=\"Replay\" href=\"https:\/\/youtu.be\/C1mhbupsJJA\"><i class=\"fas fa-video\"><\/i><span class=\"w-btn-label\">Replay<\/span><\/a><\/div><div class=\"w-btn-wrapper width_auto align_left\"><a class=\"w-btn us-btn-style_5 icon_atleft\" title=\"Wird\" href=\"http:\/\/site.webjamaa.net\/wp-content\/uploads\/2020\/11\/01-WIRD-Webjamaa-Tanger-du-27_11_2020.pdf\"><i class=\"fas fa-book-open\"><\/i><span class=\"w-btn-label\">Wird<\/span><\/a><\/div><div class=\"w-btn-wrapper width_auto align_left\"><a class=\"w-btn us-btn-style_5 icon_atleft\" title=\"Samaa\" href=\"http:\/\/site.webjamaa.net\/wp-content\/uploads\/2020\/11\/02-SAMAA-et-HADITH-WEBJAMAA-Tanger-du-27_11_2020.pdf\"><i class=\"fas fa-book-open\"><\/i><span class=\"w-btn-label\">Samaa<\/span><\/a><\/div><div class=\"w-btn-wrapper width_auto align_left\"><a class=\"w-btn us-btn-style_5 icon_atleft\" title=\"Hadith\" href=\"http:\/\/site.webjamaa.net\/wp-content\/uploads\/2020\/11\/03-Hadith_WEBJAMAA-Tanger-du-27_11_2020.pdf\"><i class=\"fas fa-book-open\"><\/i><span class=\"w-btn-label\">Hadith<\/span><\/a><\/div><div class=\"w-btn-wrapper width_auto align_left\"><a class=\"w-btn us-btn-style_5 icon_atleft\" title=\"Hizb al-Bahr\" href=\"http:\/\/site.webjamaa.net\/wp-content\/uploads\/2020\/11\/04-Hizb-al-Bahr-WEBJAMAA-Tanger-27_11_2020.pdf\"><i class=\"fas fa-book-open\"><\/i><span class=\"w-btn-label\">Hizb al-Bahr<\/span><\/a><\/div><div class=\"w-btn-wrapper width_auto align_left\"><a class=\"w-btn us-btn-style_5 icon_atleft\" title=\"Ya Ghayatun\" href=\"http:\/\/site.webjamaa.net\/wp-content\/uploads\/2020\/11\/05-Ya-Ghayatun-WEBJAMAA-Tanger-27_11_2020.pdf\"><i class=\"fas fa-book-open\"><\/i><span class=\"w-btn-label\">Ya Ghayatun<\/span><\/a><\/div><\/div><\/div><\/div><div class=\"vc_col-sm-4 vc_hidden-md vc_hidden-sm vc_hidden-xs wpb_column vc_column_container animate_afb\" style=\"animation-delay:0.2s\"><div class=\"vc_column-inner\"><div class=\"wpb_wrapper\"><div class=\"w-iconbox iconpos_top style_default color_contrast align_center no_title no_text\"><div class=\"w-iconbox-icon\" style=\"font-size:11vw;\"><i class=\"fal fa-chart-network\"><\/i><\/div><div class=\"w-iconbox-meta\"><\/div><\/div><\/div><\/div><\/div><\/div><\/div><\/section><section class=\"l-section wpb_row height_full valign_top color_primary with_img parallax_ver\"><div class=\"l-section-img\" style=\"background-image: url(https:\/\/site.webjamaa.net\/wp-content\/uploads\/2020\/11\/00-page-titre-13-115.jpg);background-repeat: no-repeat;\" data-img-width=\"1707\" data-img-height=\"960\"><\/div><div class=\"l-section-h i-cf\"><div class=\"g-cols vc_row type_default valign_middle reversed\"><div class=\"vc_col-sm-8 wpb_column vc_column_container animate_afb\"><div class=\"vc_column-inner\"><div class=\"wpb_wrapper\"><div class=\"wpb_text_column\" ><div class=\"wpb_wrapper\"><p>R\u00e9flexion \/ <em>Fikr<\/em><\/p>\n<\/div><\/div><h2 class=\"w-text us_custom_aa13cce3\"><span class=\"w-text-h\"><span class=\"w-text-value\">Contexte historique et dimension spirituelle de la c\u00e9l\u00e9bration du Mawlid Nabawi<\/span><\/span><\/h2><div class=\"wpb_text_column\" ><div class=\"wpb_wrapper\"><p>13 novembre 2020 \u00e0 21h00 (Paris)<\/p>\n<\/div><\/div><div class=\"wpb_text_column us_custom_733cf2a7\" ><div class=\"wpb_wrapper\"><p style=\"text-align: right;\"><span style=\"unicode-bidi: embed; direction: rtl;\">\u064a\u0633\u0639\u062f\u0646\u0627 \u0623\u0646 \u0646\u0633\u062a\u062f\u0639\u064a\u0643\u0645 \u064a\u0648\u0645 \u0627\u0644\u062c\u0645\u0639\u0629 13 \u0646\u0648\u0641\u0645\u0628\u0631 2020 \u0639\u0644\u0649 \u0627\u0644\u0633\u0627\u0639\u0629 \u0627\u0644\u062a\u0627\u0633\u0639\u0629 \u0645\u0633\u0627\u0621 \u0628\u062a\u0648\u0642\u064a\u062a \u0628\u0627\u0631\u064a\u0633 \u0644\u062d\u0636\u0648\u0631 \u0645\u062d\u0627\u0636\u0631\u0629 \u0628\u0639\u0646\u0648\u0627\u0646 : <strong>\u0627\u0644\u0633\u064a\u0627\u0642 \u0627\u0644\u062a\u0627\u0631\u064a\u062e\u064a \u0648\u0627\u0644\u0628\u0639\u062f \u0627\u0644\u0631\u0648\u062d\u064a \u0644\u0644\u0627\u062d\u062a\u0641\u0627\u0644 \u0628\u0627\u0644\u0645\u0648\u0644\u062f \u0627\u0644\u0646\u0628\u0648\u064a<\/strong> \u0648\u0627\u0644\u062a\u064a \u0633\u064a\u0644\u0642\u064a\u0647\u0627 \u0639\u0644\u064a\u0646\u0627 \u0627\u0644\u0627\u0633\u062a\u0627\u0630 <strong>\u0627\u0644\u0637\u064a\u0628 \u0634\u0648\u064a\u0631\u0641<\/strong><\/span><\/p>\n<\/div><\/div><div class=\"wpb_text_column us_custom_733cf2a7\" ><div class=\"wpb_wrapper\"><p>Nous sommes heureux de vous convier, le vendredi 13 novembre 2020 \u00e0 21h (Paris), \u00e0 une conf\u00e9rence-d\u00e9bat sur le th\u00e8me : <strong>Contexte historique et dimension spirituelle de la c\u00e9l\u00e9bration du Mawlid Nabawi<\/strong>, donn\u00e9e par le Professeur <strong>Tayeb Chouiref<\/strong>.<\/p>\n<p>We are pleased to invite you to a conference-debate by Professor <strong>Tayeb Chouiref<\/strong>, on Friday 13th November 2020 at 9 PM (Paris time). The theme will be: <strong>Historical context and spiritual dimension in the celebration of Mawlid Nabawi<\/strong>.<\/p>\n<p>Nos complace invitarles, el viernes 13 de noviembre de 2020 a las 21 horas (Par\u00eds), a una conferencia-debate sobre el tema: <strong>Contexto hist\u00f3rico y dimensi\u00f3n espiritual de la celebraci\u00f3n del Mawlid Nabawi<\/strong>, impartida por el profesor <strong>Tayeb Chouiref<\/strong>.<\/p>\n<\/div><\/div><div class=\"w-btn-wrapper width_auto align_left\"><a class=\"w-btn us-btn-style_5 icon_atleft\" title=\"Replay\" target=\"_blank\" href=\"https:\/\/youtu.be\/hURs7sQaVbk\" rel=\"noopener\"><i class=\"fas fa-video\"><\/i><span class=\"w-btn-label\">Replay<\/span><\/a><\/div><\/div><\/div><\/div><div class=\"vc_col-sm-4 vc_hidden-md vc_hidden-sm vc_hidden-xs wpb_column vc_column_container animate_aft\" style=\"animation-delay:0.2s\"><div class=\"vc_column-inner\"><div class=\"wpb_wrapper\"><div class=\"w-iconbox us_custom_1f64da91 iconpos_top style_default color_contrast align_center no_title no_text\"><div class=\"w-iconbox-icon\" style=\"font-size:10vw;\"><i class=\"fal fa-lightbulb-on\"><\/i><\/div><div class=\"w-iconbox-meta\"><\/div><\/div><\/div><\/div><\/div><\/div><\/div><\/section><section class=\"l-section wpb_row height_full valign_center color_primary with_img parallax_ver with_overlay\"><div class=\"l-section-img\" style=\"background-image: url(https:\/\/site.webjamaa.net\/wp-content\/uploads\/2020\/10\/00-page-titre-3010-site2.jpg);\" data-img-width=\"1707\" data-img-height=\"960\"><\/div><div class=\"l-section-overlay\" style=\"background: linear-gradient(160deg,rgba(91,237,47,0.45),rgba(0,0,0,0))\"><\/div><div class=\"l-section-h i-cf\"><div class=\"g-cols vc_row type_default valign_middle reversed\"><div class=\"vc_col-sm-8 wpb_column vc_column_container animate_afb\"><div class=\"vc_column-inner\"><div class=\"wpb_wrapper\"><div class=\"wpb_text_column\" ><div class=\"wpb_wrapper\"><p>Rem\u00e9moration \/ <em>Dhikr<\/em><\/p>\n<\/div><\/div><div class=\"wpb_text_column\" ><div class=\"wpb_wrapper\"><h1>C\u00e9l\u00e9bration du Mawlid<br \/>\nan-nabaw\u00ee<\/h1>\n<\/div><\/div><div class=\"wpb_text_column\" ><div class=\"wpb_wrapper\"><p>30 octobre 2020 &#8211; 21h00 (Europe)<\/p>\n<\/div><\/div><div class=\"wpb_text_column\" ><div class=\"wpb_wrapper\"><div class=\"z-form-row\">\n<div class=\"form-group\">\n<div class=\"content col-md-offset-2\">\n<p>A l\u2019occasion du Mawlid Ennabaoui Echarif, c\u00e9l\u00e9bration de la naissance du Proph\u00e8te Muhammad (sur lui la gr\u00e2ce et la paix), la Zaouia Alawiyya de Mostaganem (Alg\u00e9rie) vous invite, le vendredi 30 octobre 2020 \u00e0 21h00 (Paris), \u00e0 une veill\u00e9e spirituelle au cours de laquelle seront r\u00e9cit\u00e9s des invocations et des chants \u00e0 l\u2019\u00e9loge du Proph\u00e8te. En fin de soir\u00e9e, nous assisterons \u00e0 une pi\u00e8ce de th\u00e9\u00e2tre, donn\u00e9e par des enfants, intitul\u00e9e\u00a0: La Porte de la Paix.<\/p>\n<\/div>\n<\/div>\n<\/div>\n<\/div><\/div><div class=\"wpb_text_column\" ><div class=\"wpb_wrapper\"><div class=\"z-form-row\">\n<div class=\"form-group\">\n<div class=\"content col-md-offset-2\">\n<p style=\"text-align: right;\">\u0628\u0645\u0646\u0627\u0633\u0628\u0629 \u0627\u0644\u0645\u0648\u0644\u062f \u0627\u0644\u0646\u0628\u0648\u064a \u0627\u0644\u0634\u0631\u064a\u0641\u060c \u062a\u062f\u0639\u0648\u0643\u0645 \u0627\u0644\u0632\u0627\u0648\u064a\u0629 \u0627\u0644\u0639\u0644\u0627\u0648\u064a\u0629 \u0641\u064a \u0645\u0633\u062a\u063a\u0627\u0646\u0645 (\u0627\u0644\u062c\u0632\u0627\u0626\u0631) \u060c \u064a\u0648\u0645 \u0627\u0644\u062c\u0645\u0639\u0629 30 \u0623\u0643\u062a\u0648\u0628\u0631 2020 \u0627\u0644\u0633\u0627\u0639\u0629 9:00 \u0645\u0633\u0627\u0621\u064b (\u0628\u062a\u0648\u0642\u064a\u062a \u0628\u0627\u0631\u064a\u0633) \u060c \u0625\u0644\u0649 \u0633\u0647\u0631\u0629 \u0631\u0648\u062d\u064a\u0629 \u062a\u064f\u062a\u0644\u0649 \u0645\u0646 \u062e\u0644\u0627\u0644\u0647\u0627 \u0623\u062f\u0639\u064a\u0629 \u0648\u0623\u0646\u0627\u0634\u064a\u062f \u0641\u064a \u0645\u062f\u062d \u0627\u0644\u0631\u0633\u0648\u0644 \u0639\u0644\u064a\u0647 \u0623\u0641\u0636\u0644 \u0627\u0644\u0635\u0644\u0627\u0629 \u0648 \u0623\u0632\u0643\u0649 \u0627\u0644\u062a\u0633\u0644\u064a\u0645. \u0643\u0645\u0627 \u0633\u0646\u062d\u0636\u0631 \u0641\u064a \u062e\u062a\u0627\u0645 \u0627\u0644\u0633\u0647\u0631\u0629\u060c \u0645\u0633\u0631\u062d\u064a\u0629 \u064a\u0642\u062f\u0645\u0647\u0627 \u0627\u0644\u0623\u0637\u0641\u0627\u0644 \u0628\u0639\u0646\u0648\u0627\u0646:\u00a0\u00bb\u0628\u0627\u0628 \u0627\u0644\u0633\u0644\u0627\u0645\u00a0\u00bb.<\/p>\n<\/div>\n<\/div>\n<\/div>\n<\/div><\/div><div class=\"wpb_text_column\" ><div class=\"wpb_wrapper\"><div class=\"z-form-row\">\n<div class=\"form-group\">\n<div class=\"content col-md-offset-2\">\n<p style=\"text-align: left;\">On the occasion of Mawlid Ennabaoui Echarif, which is the celebration of Prophet Muhammad &lsquo;s (peace be upon him) birth, the Zaouia Alawiyya in Mostaganem (Algeria) is inviting you to a spiritual evening, on Friday, 30th October 2020 at 9 pm (Paris). On that occasion, invocations and songs praising the Prophet will be recited. Later in the evening, we will attend a play performed by children, and entitled: the Door of Peace.<\/p>\n<\/div>\n<\/div>\n<\/div>\n<\/div><\/div><div class=\"wpb_text_column\" ><div class=\"wpb_wrapper\"><div class=\"z-form-row\">\n<div class=\"form-group\">\n<div class=\"content col-md-offset-2\">\n<p style=\"text-align: left;\">Con motivo del Mawlid Ennabaoui Echarif, celebraci\u00f3n del nacimiento del Profeta Muhammad (la Paz y la Gracia sean con \u00e9l), la Zaouia Alawiyya de Mostaganem (Argelia) les invita, el viernes 30 de octubre de 2020 a las 21 horas (Par\u00eds), a una velada espiritual durante la cual se recitar\u00e1n invocaciones y cantos de alabanza al Profeta. Al final de la noche, asistiremos a una obra de teatro, interpretada por ni\u00f1os, titulada: La Porte de la Paix (La Puerta de la Paz).<\/p>\n<\/div>\n<\/div>\n<\/div>\n<\/div><\/div><div class=\"w-btn-wrapper width_auto align_left\"><a class=\"w-btn us-btn-style_5 icon_atleft\" title=\"Replay\" href=\"https:\/\/youtu.be\/vPDWapwCYWg\"><i class=\"fas fa-video\"><\/i><span class=\"w-btn-label\">Replay<\/span><\/a><\/div><\/div><\/div><\/div><div class=\"vc_col-sm-4 vc_hidden-md vc_hidden-sm vc_hidden-xs wpb_column vc_column_container animate_afb\" style=\"animation-delay:0.2s\"><div class=\"vc_column-inner\"><div class=\"wpb_wrapper\"><\/div><\/div><\/div><\/div><\/div><\/section><section class=\"l-section wpb_row height_full valign_top color_primary with_img parallax_ver\"><div class=\"l-section-img\" style=\"background-image: url(https:\/\/site.webjamaa.net\/wp-content\/uploads\/2020\/10\/00-page-titre-fikr-1610-site.jpg);background-repeat: no-repeat;\" data-img-width=\"1707\" data-img-height=\"960\"><\/div><div class=\"l-section-h i-cf\"><div class=\"g-cols vc_row type_default valign_middle reversed\"><div class=\"vc_col-sm-8 wpb_column vc_column_container animate_afb\"><div class=\"vc_column-inner\"><div class=\"wpb_wrapper\"><div class=\"wpb_text_column\" ><div class=\"wpb_wrapper\"><p>R\u00e9flexion \/ <em>Fikr<\/em><\/p>\n<\/div><\/div><h2 class=\"w-text us_custom_aa13cce3\"><span class=\"w-text-h\"><span class=\"w-text-value\">Muhammad, le proph\u00e8te et le mod\u00e8le de l\u2019homme universel<\/span><\/span><\/h2><div class=\"wpb_text_column\" ><div class=\"wpb_wrapper\"><p>16 octobre 2020 \u00e0 21h00 (Paris)<\/p>\n<\/div><\/div><div class=\"wpb_text_column us_custom_733cf2a7\" ><div class=\"wpb_wrapper\"><p>Ce vendredi 16 octobre \u00e0 21h00 (Paris), nous vous invitons \u00e0 suivre en direct une conf\u00e9rence sur le th\u00e8me de &lsquo;<strong>Muhammad, le proph\u00e8te et le mod\u00e8le de l\u2019homme universel<\/strong>&lsquo; en compagnie de <strong>Slimane Rezki<\/strong>.<\/p>\n<p>Alors que nombre de pol\u00e9miques s&rsquo;arr\u00eatent aux ph\u00e9nom\u00e8nes politiques, juridiques et sociaux engendr\u00e9s par le fait religieux islamique, le conf\u00e9rencier tentera de lever le voile des apparences pour nous rappeler la dimension universelle inh\u00e9rente \u00e0 la fonction proph\u00e9tique, consid\u00e9r\u00e9e en son int\u00e9riorit\u00e9 profonde et au travers de ses diff\u00e9rentes manifestations historiques.<\/p>\n<p>Si l&rsquo;expos\u00e9 ne pourra faire l&rsquo;\u00e9conomie de certains aspects doctrinaux, cette conf\u00e9rence visera davantage \u00e0 montrer comment fut v\u00e9cu et exp\u00e9riment\u00e9 ce rapport \u00e0 l&rsquo;esprit proph\u00e9tique, au cours de l&rsquo;histoire de l&rsquo;islam en particulier mais \u00e9galement au cours de l&rsquo;histoire humaine prise en sa g\u00e9n\u00e9ralit\u00e9.<\/p>\n<\/div><\/div><div class=\"w-btn-wrapper width_auto align_left\"><a class=\"w-btn us-btn-style_5 icon_atleft\" title=\"Replay\" target=\"_blank\" href=\"https:\/\/youtu.be\/yhl6OeFGMPA\" rel=\"noopener\"><i class=\"fas fa-video\"><\/i><span class=\"w-btn-label\">Replay<\/span><\/a><\/div><\/div><\/div><\/div><div class=\"vc_col-sm-4 vc_hidden-md vc_hidden-sm vc_hidden-xs wpb_column vc_column_container animate_aft\" style=\"animation-delay:0.2s\"><div class=\"vc_column-inner\"><div class=\"wpb_wrapper\"><div class=\"w-iconbox us_custom_1f64da91 iconpos_top style_default color_contrast align_center no_title no_text\"><div class=\"w-iconbox-icon\" style=\"font-size:10vw;\"><i class=\"fal fa-lightbulb-on\"><\/i><\/div><div class=\"w-iconbox-meta\"><\/div><\/div><\/div><\/div><\/div><\/div><\/div><\/section><section class=\"l-section wpb_row height_full valign_center color_primary with_img parallax_ver with_overlay\"><div class=\"l-section-img\" style=\"background-image: url(https:\/\/site.webjamaa.net\/wp-content\/uploads\/2020\/10\/00-page-titre-Dhikr-site.jpg);\" data-img-width=\"1707\" data-img-height=\"960\"><\/div><div class=\"l-section-overlay\" style=\"background: linear-gradient(160deg,rgba(47,228,237,0.45),rgba(0,0,0,0))\"><\/div><div class=\"l-section-h i-cf\"><div class=\"g-cols vc_row type_default valign_middle reversed\"><div class=\"vc_col-sm-8 wpb_column vc_column_container animate_afb\"><div class=\"vc_column-inner\"><div class=\"wpb_wrapper\"><div class=\"wpb_text_column\" ><div class=\"wpb_wrapper\"><p>Rem\u00e9moration \/ <em>Dhikr<\/em><\/p>\n<\/div><\/div><div class=\"wpb_text_column\" ><div class=\"wpb_wrapper\"><h1>Pri\u00e8re pour la r\u00e9conciliation<br \/>\nde la famille humaine<\/h1>\n<\/div><\/div><div class=\"wpb_text_column\" ><div class=\"wpb_wrapper\"><p>02 octobre 2020 &#8211; 21h00 (Europe)<\/p>\n<\/div><\/div><div class=\"wpb_text_column\" ><div class=\"wpb_wrapper\"><div class=\"z-form-row\">\n<div class=\"form-group\">\n<div class=\"content col-md-offset-2\">\n<p>Ce vendredi 2 octobre \u00e0 21:00, nous vous invitons \u00e0 partager une soir\u00e9e de\u00a0<em>Dhikr<\/em>\u00a0(invocation) autour du th\u00e8me de \u00ab l&rsquo;Unicit\u00e9, Tawhid \u00bb pour la r\u00e9conciliation de la famille humaine et l&rsquo;\u00e9veil des consciences pour pr\u00e9server l&rsquo;Unit\u00e9 du Vivant. Il est plus que jamais n\u00e9cessaire de revenir \u00e0 cette unit\u00e9 fondamentale qui unit tous les \u00eatres pour retrouver l&rsquo;harmonie et l&rsquo;\u00e9quilibre de nos \u00e9cosyst\u00e8mes. C&rsquo;est tout le sens de cette soir\u00e9e d&rsquo;invocation qui sera assur\u00e9e par nos fr\u00e8res et soeurs d&rsquo;Occitanie (France).<\/p>\n<\/div>\n<\/div>\n<\/div>\n<\/div><\/div><div class=\"w-btn-wrapper width_auto align_left\"><a class=\"w-btn us-btn-style_5 icon_atleft\" title=\"Replay\" href=\"https:\/\/youtu.be\/lczbGaHeECc\"><i class=\"fas fa-video\"><\/i><span class=\"w-btn-label\">Replay<\/span><\/a><\/div><div class=\"w-btn-wrapper width_auto align_left\"><a class=\"w-btn us-btn-style_5 icon_atleft\" title=\"Texte\" href=\"http:\/\/site.webjamaa.net\/wp-content\/uploads\/2020\/10\/deroule-du-djeemaa-du-02_10_2020.pdf\"><i class=\"fas fa-text\"><\/i><span class=\"w-btn-label\">Texte<\/span><\/a><\/div><div class=\"w-btn-wrapper width_auto align_left\"><a class=\"w-btn us-btn-style_5 icon_atleft\" title=\"Pr\u00e9sentation\" href=\"http:\/\/site.webjamaa.net\/wp-content\/uploads\/2020\/10\/Presentation-02-0ctobre-2020.pdf\"><i class=\"fas fa-text\"><\/i><span class=\"w-btn-label\">Pr\u00e9sentation Fr\/Ar\/Es<\/span><\/a><\/div><\/div><\/div><\/div><div class=\"vc_col-sm-4 vc_hidden-md vc_hidden-sm vc_hidden-xs wpb_column vc_column_container animate_afb\" style=\"animation-delay:0.2s\"><div class=\"vc_column-inner\"><div class=\"wpb_wrapper\"><div class=\"w-iconbox iconpos_top style_default color_contrast align_center no_title no_text\"><div class=\"w-iconbox-icon\" style=\"font-size:11vw;\"><i class=\"fal fa-chart-network\"><\/i><\/div><div class=\"w-iconbox-meta\"><\/div><\/div><\/div><\/div><\/div><\/div><\/div><\/section><section class=\"l-section wpb_row height_full valign_center color_primary with_img parallax_ver\"><div class=\"l-section-img\" style=\"background-image: url(https:\/\/site.webjamaa.net\/wp-content\/uploads\/2020\/09\/noor2.jpg);background-repeat: no-repeat;\" data-img-width=\"1552\" data-img-height=\"829\"><\/div><div class=\"l-section-h i-cf\"><div class=\"g-cols vc_row type_default valign_middle reversed\"><div class=\"vc_col-sm-3 wpb_column vc_column_container animate_afb\"><div class=\"vc_column-inner\"><div class=\"wpb_wrapper\"><\/div><\/div><\/div><div class=\"vc_col-sm-6 wpb_column vc_column_container\"><div class=\"vc_column-inner\"><div class=\"wpb_wrapper\"><div class=\"wpb_text_column\" ><div class=\"wpb_wrapper\"><p>R\u00e9flexion \/ <em>Fikr<\/em><\/p>\n<\/div><\/div><div class=\"wpb_text_column\" ><div class=\"wpb_wrapper\"><p>19 septembre 2020 &#8211; 21h00<\/p>\n<\/div><\/div><h2 class=\"w-text us_custom_aa13cce3\"><span class=\"w-text-h\"><span class=\"w-text-value\">Soufisme et \u00e9cologie Sufism and ecology<\/span><\/span><\/h2><div class=\"wpb_text_column\" ><div class=\"wpb_wrapper\"><p>Ce samedi se fera autour d\u2019un th\u00e8me inscrit dans la vision de AISA ONG Internationale \u00e0 savoir l\u2019urgence \u00e0 renouer avec une \u00e9conomie qui, depuis des millions d\u2019ann\u00e9es, respecte la cha\u00eene du vivant et produit des ressources \u00e0 profusion dans un cycle de renouvellement permanent sans g\u00e9n\u00e9rer de d\u00e9chets, l\u2019\u00e9conomie de la nature. A cette occasion, <strong>Madame H. Nur Artiran<\/strong>, nous honorera de sa pr\u00e9sence et abordera cette question \u00e0 travers la th\u00e9matique\u00a0:\u00a0\u00ab\u00a0<strong>Soufisme et \u00e9cologie\u00a0<\/strong>\u00bb.<\/p>\n<p>This Saturday will be around a theme engraved within AISA NGO International&rsquo;s vision, namely, the urgency to reconnect with an economy that, for millions of years, has respected the living chain and produced resources in abundance in a renewing permanent cycle, without generating waste, the economy of nature. On that occasion, <strong>Mrs H. Nur \u00a0Artiran<\/strong>, will honor us by her presence and will deal with the issue through the thematics: \u00ab\u00a0<strong>Sufism and ecology\u00a0\u00bb<\/strong>.<\/p>\n<\/div><\/div><div class=\"w-btn-wrapper width_auto align_left\"><a class=\"w-btn us-btn-style_5 icon_atleft\" title=\"Inscription \/ Registration\" target=\"_blank\" href=\"https:\/\/youtu.be\/y-o4wjI8mL8\" rel=\"noopener\"><i class=\"fas fa-video\"><\/i><span class=\"w-btn-label\">Replay<\/span><\/a><\/div><\/div><\/div><\/div><div class=\"vc_col-sm-3 wpb_column vc_column_container\"><div class=\"vc_column-inner\"><div class=\"wpb_wrapper\"><div class=\"w-iconbox iconpos_top style_default color_contrast align_center no_title no_text\"><div class=\"w-iconbox-icon\" style=\"font-size:10vw;\"><i class=\"fal fa-lightbulb-on\"><\/i><\/div><div class=\"w-iconbox-meta\"><\/div><\/div><\/div><\/div><\/div><\/div><\/div><\/section><section class=\"l-section wpb_row height_full valign_center color_primary with_img parallax_ver with_overlay\"><div class=\"l-section-img\" style=\"background-image: url(https:\/\/site.webjamaa.net\/wp-content\/uploads\/2020\/09\/00-page-titre-Dhikr-v3.jpg);\" data-img-width=\"1707\" data-img-height=\"960\"><\/div><div class=\"l-section-overlay\" style=\"background: linear-gradient(160deg,rgba(159,47,237,0.45),rgba(0,0,0,0))\"><\/div><div class=\"l-section-h i-cf\"><div class=\"g-cols vc_row type_default valign_middle reversed\"><div class=\"vc_col-sm-8 wpb_column vc_column_container animate_afb\"><div class=\"vc_column-inner\"><div class=\"wpb_wrapper\"><div class=\"wpb_text_column\" ><div class=\"wpb_wrapper\"><p>Rem\u00e9moration \/ <em>Dhikr<\/em><\/p>\n<\/div><\/div><div class=\"wpb_text_column\" ><div class=\"wpb_wrapper\"><h1>Pri\u00e8re pour l\u2019Humanit\u00e9<\/h1>\n<\/div><\/div><div class=\"wpb_text_column\" ><div class=\"wpb_wrapper\"><p>18 septembre 2020 &#8211; 21h00 (Europe)<\/p>\n<\/div><\/div><div class=\"wpb_text_column\" ><div class=\"wpb_wrapper\"><div class=\"z-form-row\">\n<div class=\"form-group\">\n<div class=\"content col-md-offset-2\">\n<p>Nous savons tous que l&rsquo;humanit\u00e9 traverse une p\u00e9riode difficile et complexe de son histoire.\u00a0Aujourd&rsquo;hui, elle a grandement besoin de paix pour sortir de cette \u00e9preuve.<br \/>\nCe vendredi 18 septembre \u00e0 21h00, nous vous invitons \u00e0 unir nos consciences pour invoquer ensemble le Tout-Puissant afin qu\u2019Il nous aide \u00e0 surmonter les difficult\u00e9s de notre \u00e9poque, nous accorde la gr\u00e2ce de Sa paix tant int\u00e9rieurement qu\u2019ext\u00e9rieurement et qu\u2019Il guide nos pas vers un monde meilleur pour tous. C&rsquo;est un appel des c\u0153urs pour implorer le Pardon divin, Sa mis\u00e9ricorde et Sa gu\u00e9rison.\u00a0Ensemble unissons humblement et fermement nos \u00e9nergies spirituelles dans ce moment de partage.<br \/>\nSeigneur, Exauce notre pri\u00e8re !<\/p>\n<\/div>\n<\/div>\n<\/div>\n<\/div><\/div><div class=\"w-btn-wrapper width_auto align_left\"><a class=\"w-btn us-btn-style_5 icon_atleft\" title=\"Replay\" href=\"https:\/\/youtu.be\/oFcrllQ3r4c\"><i class=\"fas fa-video\"><\/i><span class=\"w-btn-label\">Replay<\/span><\/a><\/div><div class=\"w-btn-wrapper width_auto align_left\"><a class=\"w-btn us-btn-style_5 icon_atleft\" title=\"Texte fran\u00e7ais\" href=\"http:\/\/site.webjamaa.net\/wp-content\/uploads\/2020\/09\/d\u00e9roul\u00e9-du-djeem\u00e2a-du-18_09_2020.pdf\"><i class=\"fas fa-eye\"><\/i><span class=\"w-btn-label\">D\u00e9roul\u00e9 en fran\u00e7ais<\/span><\/a><\/div><div class=\"w-btn-wrapper width_auto align_left\"><a class=\"w-btn us-btn-style_5 icon_atleft\" title=\"Texte\" href=\"http:\/\/site.webjamaa.net\/wp-content\/uploads\/2020\/09\/Dhikr-18-09-2020-Espagnol.pdf\"><i class=\"fas fa-eye\"><\/i><span class=\"w-btn-label\">Spanish<\/span><\/a><\/div><div class=\"w-btn-wrapper width_auto align_left\"><a class=\"w-btn us-btn-style_5 icon_atleft\" title=\"Texte\" href=\"http:\/\/site.webjamaa.net\/wp-content\/uploads\/2020\/09\/Deroul\u00e9-English-20200918.pdf\"><i class=\"fas fa-eye\"><\/i><span class=\"w-btn-label\">English<\/span><\/a><\/div><\/div><\/div><\/div><div class=\"vc_col-sm-4 vc_hidden-md vc_hidden-sm vc_hidden-xs wpb_column vc_column_container animate_afb\" style=\"animation-delay:0.2s\"><div class=\"vc_column-inner\"><div class=\"wpb_wrapper\"><div class=\"w-iconbox iconpos_top style_default color_contrast align_center no_title no_text\"><div class=\"w-iconbox-icon\" style=\"font-size:11vw;\"><i class=\"fal fa-chart-network\"><\/i><\/div><div class=\"w-iconbox-meta\"><\/div><\/div><\/div><\/div><\/div><\/div><\/div><\/section><section class=\"l-section wpb_row height_full valign_center color_primary with_img parallax_ver\"><div class=\"l-section-img\" style=\"background-image: url(https:\/\/site.webjamaa.net\/wp-content\/uploads\/2020\/07\/sacrifiAbraham-2-scaled.jpg);\" data-img-width=\"2560\" data-img-height=\"1730\"><\/div><div class=\"l-section-h i-cf\"><div class=\"g-cols vc_row type_default valign_middle reversed\"><div class=\"vc_col-sm-6 wpb_column vc_column_container animate_afb\"><div class=\"vc_column-inner\"><div class=\"wpb_wrapper\"><div class=\"wpb_text_column\" ><div class=\"wpb_wrapper\"><p>Rem\u00e9moration \/ <em>Dhikr<\/em><\/p>\n<\/div><\/div><div class=\"wpb_text_column\" ><div class=\"wpb_wrapper\"><h1>C\u00e9l\u00e9bration de l&rsquo;A\u00efd el-Adha<\/h1>\n<\/div><\/div><div class=\"wpb_text_column\" ><div class=\"wpb_wrapper\"><p>31 juillet 2020 &#8211; 21h30 (Europe)<\/p>\n<\/div><\/div><div class=\"wpb_text_column\" ><div class=\"wpb_wrapper\"><div class=\"z-form-row\">\n<div class=\"form-group\">\n<div class=\"content col-md-offset-2\" style=\"text-align: right;\">\n<div class=\"z-form-row\">\n<div class=\"form-group\">\n<div class=\"content col-md-offset-2\">\n<p dir=\"rtl\">\u0628\u0645\u0646\u0627\u0633\u0628\u0629 \u0627\u0644\u0627\u062d\u062a\u0641\u0627\u0644 \u0628\u0639\u064a\u062f \u0627\u0644\u0627\u0636\u062d\u0649 \u0627\u0644\u0645\u0628\u0627\u0631\u0643\u060c \u064a\u0633\u0631\u0646\u0627 \u062f\u0639\u0648\u062a\u0643\u0645 \u064a\u0648\u0645 \u0627\u0644\u062c\u0645\u0639\u0629 31 \u064a\u0648\u0644\u064a\u0648\u0632 \u0639\u0644\u0649 \u0627\u0644\u0633\u0627\u0639\u0629 21h30 (\u0623\u0648\u0631\u0648\u0628\u0627)\u060c\u00a020h30 (\u0627\u0644\u0645\u063a\u0631\u0628 \u0627\u0644\u0639\u0631\u0628\u064a) \u0625\u0644\u0649 \u0644\u0642\u0627\u0621 \u062d\u0648\u0644 \u0645\u0648\u0636\u0648\u0639 \u00ab\u00a0\u062a\u0636\u062d\u064a\u0629 \u0625\u0628\u0631\u0627\u0647\u064a\u0645\u0627\u0644\u062e\u0644\u064a\u0644\u00a0\u00bb.<\/p>\n<\/div>\n<\/div>\n<\/div>\n<\/div>\n<\/div>\n<\/div>\n<\/div><\/div><div class=\"w-separator size_small\"><\/div><div class=\"wpb_text_column\" ><div class=\"wpb_wrapper\"><div class=\"z-form-row\">\n<div class=\"form-group\">\n<div class=\"content col-md-offset-2\">\n<p>A l\u2019occasion de la c\u00e9l\u00e9bration de l\u2019A\u00efd el-Adha, nous sommes heureux de vous convier vendredi 31 juillet \u00e0 21h30 (Europe), 20h30 (Maghreb) \u00e0 une rencontre ayant pour th\u00e8me le sacrifice d\u2019Abraham.<\/p>\n<p>Con ocasi\u00f3n de la celebraci\u00f3n del A\u00efd el-Adha, (fiesta del sacrificio) nos complace invitaros el viernes 31 de julio a las 21h30 (Europa)\/ 20h30 (Magreb) a un encuentro acerca del tema: Sacrificio de Abraham.<\/p>\n<\/div>\n<\/div>\n<\/div>\n<\/div><\/div><div class=\"w-btn-wrapper width_auto align_left\"><a class=\"w-btn us-btn-style_5 icon_atleft\" title=\"Replay\" href=\"https:\/\/youtu.be\/tovrBSzNs7k\"><i class=\"fas fa-video\"><\/i><span class=\"w-btn-label\">Replay<\/span><\/a><\/div><div class=\"w-btn-wrapper width_auto align_left\"><a class=\"w-btn us-btn-style_5 icon_atleft\" title=\"Exposition virtuelle\" href=\"http:\/\/site.webjamaa.net\/wp-content\/uploads\/2020\/07\/expoVirtuelleAbrahamBNF.pdf\"><i class=\"fas fa-eye\"><\/i><span class=\"w-btn-label\">Exposition virtuelle Le Sacrifice d&rsquo;Abraham par la BNF<\/span><\/a><\/div><\/div><\/div><\/div><div class=\"vc_col-sm-6 vc_hidden-md vc_hidden-sm vc_hidden-xs wpb_column vc_column_container animate_afb\" style=\"animation-delay:0.2s\"><div class=\"vc_column-inner\"><div class=\"wpb_wrapper\"><div class=\"w-iconbox iconpos_top style_default color_contrast align_center no_title no_text\"><div class=\"w-iconbox-icon\" style=\"font-size:11vw;\"><i class=\"fal fa-chart-network\"><\/i><\/div><div class=\"w-iconbox-meta\"><\/div><\/div><\/div><\/div><\/div><\/div><\/div><\/section><section class=\"l-section wpb_row height_full valign_center color_primary with_img parallax_ver with_overlay\"><div class=\"l-section-img\" style=\"background-image: url(https:\/\/site.webjamaa.net\/wp-content\/uploads\/2020\/07\/CPA005381-p-scaled.jpeg);\" data-img-width=\"2560\" data-img-height=\"1634\"><\/div><div class=\"l-section-overlay\" style=\"background: linear-gradient(160deg,#08a3c9,rgba(0,0,0,0))\"><\/div><div class=\"l-section-h i-cf\"><div class=\"g-cols vc_row type_default valign_middle reversed\"><div class=\"vc_col-sm-8 wpb_column vc_column_container animate_afb\"><div class=\"vc_column-inner\"><div class=\"wpb_wrapper\"><div class=\"wpb_text_column\" ><div class=\"wpb_wrapper\"><p>Rem\u00e9moration \/ <em>Dhikr<\/em><\/p>\n<\/div><\/div><div class=\"wpb_text_column\" ><div class=\"wpb_wrapper\"><h1>Pri\u00e8re de l&rsquo;A\u00efd el-Adha<\/h1>\n<\/div><\/div><div class=\"wpb_text_column\" ><div class=\"wpb_wrapper\"><p>31 juillet 2020 &#8211; 08h00 (Europe)<\/p>\n<\/div><\/div><div class=\"wpb_text_column\" ><div class=\"wpb_wrapper\"><div class=\"z-form-row\">\n<div class=\"form-group\">\n<div class=\"content col-md-offset-2\" style=\"text-align: right;\">\n<div class=\"z-form-row\">\n<div class=\"form-group\">\n<div class=\"content col-md-offset-2\">\n<p dir=\"rtl\">\u064a\u0633\u0639\u062f\u0646\u0627 \u0623\u0646 \u0646\u062f\u0639\u0648\u0643\u0645 \u0625\u0644\u0649 \u0635\u0644\u0627\u0629 \u0639\u064a\u062f \u0627\u0644\u0623\u0636\u062d\u0649 \u0627\u0644\u0645\u0628\u0627\u0631\u0643 \u064a\u0648\u0645 \u0627\u0644\u062c\u0645\u0639\u0629 31 \u064a\u0648\u0644\u064a\u0648\u06322020 \u0639\u0644\u0649 \u0627\u0644\u0633\u0627\u0639\u0629 8:00 \u0635\u0628\u0627\u062d\u064b\u0627 (\u0623\u0648\u0631\u0648\u0628\u0627) \u060c 7:00 (\u0627\u0644\u0645\u063a\u0631\u0628 \u0627\u0644\u0639\u0631 \u0628\u064a).<\/p>\n<\/div>\n<\/div>\n<\/div>\n<\/div>\n<\/div>\n<\/div>\n<\/div><\/div><div class=\"wpb_text_column\" ><div class=\"wpb_wrapper\"><div class=\"z-form-row\">\n<div class=\"form-group\">\n<div class=\"content col-md-offset-2\">\n<p>Nous sommes heureux de vous inviter \u00e0 la pri\u00e8re de l&rsquo;A\u00efd el-Adha, le vendredi 31 juillet 2020 \u00e0 8h00 (Europe), 7h00 (Maghreb).<\/p>\n<p>We are pleased to invite you to the prayer of Aid-al-Adha, on Friday 31st July 2020 at 8 a.m (Europe), 7 a.m. (Maghrib).<\/p>\n<p>Nos complace invitaros a la oraci\u00f3n del A\u00efd el-Adha, el viernes 31 de julio de 2020 a las 8h00 (Europa), 7h00 (Magreb).<\/p>\n<\/div>\n<\/div>\n<\/div>\n<div class=\"z-form-row\">\n<div class=\"form-group\"><\/div>\n<\/div>\n<\/div><\/div><div class=\"w-btn-wrapper width_auto align_left\"><a class=\"w-btn us-btn-style_5 icon_atleft\" title=\"Replay\" href=\"https:\/\/youtu.be\/_qPDLEM8tfQ\"><i class=\"fas fa-video\"><\/i><span class=\"w-btn-label\">Replay<\/span><\/a><\/div><div class=\"w-btn-wrapper width_auto align_left\"><a class=\"w-btn us-btn-style_5 icon_atleft\" title=\"Texte\" href=\"http:\/\/site.webjamaa.net\/wp-content\/uploads\/2020\/07\/Texte-Aid-31-07-2020.pdf\"><i class=\"fas fa-eye\"><\/i><span class=\"w-btn-label\">Texte<\/span><\/a><\/div><\/div><\/div><\/div><div class=\"vc_col-sm-4 vc_hidden-md vc_hidden-sm vc_hidden-xs wpb_column vc_column_container animate_afb\" style=\"animation-delay:0.2s\"><div class=\"vc_column-inner\"><div class=\"wpb_wrapper\"><div class=\"w-iconbox iconpos_top style_default color_contrast align_center no_title no_text\"><div class=\"w-iconbox-icon\" style=\"font-size:11vw;\"><i class=\"fal fa-chart-network\"><\/i><\/div><div class=\"w-iconbox-meta\"><\/div><\/div><\/div><\/div><\/div><\/div><\/div><\/section><section class=\"l-section wpb_row height_full valign_center color_primary with_img parallax_ver with_overlay\"><div class=\"l-section-img\" style=\"background-image: url(https:\/\/site.webjamaa.net\/wp-content\/uploads\/2020\/07\/Arafat-2-1-scaled.jpg);\" data-img-width=\"2560\" data-img-height=\"1707\"><\/div><div class=\"l-section-overlay\" style=\"background: linear-gradient(90deg,#a19fa1,rgba(0,0,0,0))\"><\/div><div class=\"l-section-h i-cf\"><div class=\"g-cols vc_row type_default valign_middle reversed\"><div class=\"vc_col-sm-8 wpb_column vc_column_container animate_afb\"><div class=\"vc_column-inner\"><div class=\"wpb_wrapper\"><div class=\"wpb_text_column\" ><div class=\"wpb_wrapper\"><p>Rem\u00e9moration \/ <em>Dhikr<\/em><\/p>\n<\/div><\/div><div class=\"wpb_text_column\" ><div class=\"wpb_wrapper\"><h1><em>Dhikr<\/em> Jour d&rsquo;Arafat<\/h1>\n<\/div><\/div><div class=\"wpb_text_column\" ><div class=\"wpb_wrapper\"><p>30 juillet 2020 &#8211; 20h00 (Europe)<\/p>\n<\/div><\/div><div class=\"wpb_text_column\" ><div class=\"wpb_wrapper\"><div class=\"z-form-row\">\n<div class=\"form-group\">\n<div class=\"content col-md-offset-2\" style=\"text-align: right;\">\n<div class=\"z-form-row\">\n<div class=\"form-group\">\n<div class=\"content col-md-offset-2\">\n<p dir=\"rtl\">\u0642\u0627\u0644 \u0639\u0644\u064a\u0647 \u0627\u0644\u0635\u0644\u0627\u0629 \u0648\u0627\u0644\u0633\u0644\u0627\u0645\u00a0\u00bb\u0627\u0644\u062d\u062c\u0651 \u0639\u0631\u0641\u0629\u00a0\u00bb<\/p>\n<p dir=\"rtl\">\u0628\u0647\u0630\u0647 \u0627\u0644\u0645\u0646\u0627\u0633\u0628\u0629 \u0646\u062f\u0639\u0648\u0643\u0645 \u0625\u0644\u0649 \u062d\u0636\u0648\u0631 \u064a\u0648\u0645 \u0627\u0644\u062e\u0645\u064a\u063330 \u064a\u0648\u0644\u064a\u0648\u0632 2020 \u0639\u0644\u0649 \u0627\u0644\u0633\u0627\u0639\u0629 \u0627\u0644\u062b\u0627\u0645\u0646\u0629 \u0645\u0633\u0627\u0621 \u0628\u062a\u0648\u0642\u064a\u062a \u0641\u0631\u0646\u0633\u0627 ( \u0627\u0644\u0633\u0627\u0628\u0639\u0629 \u0645\u0633\u0627\u0621 \u0628\u0627\u0644\u062a\u0648\u0642\u064a\u062a \u0627\u0644\u0645\u063a\u0627\u0631\u0628\u064a) \u0625\u0644\u0649 \u062d\u0636\u0648\u0631 \u062d\u0644\u0642\u0629 \u0630\u0643\u0631 \u0625\u062d\u064a\u0627\u0621\u064b \u0644\u0647\u0630\u0647 \u0627\u0644\u0634\u0639\u064a\u0631\u0629 \u0639\u0646 \u0637\u0631\u064a\u0642 \u0627\u0644\u0648\u0627\u0628 \u062c\u0645\u0639 \u0648\u0633\u062a\u0643\u0648\u0646 \u0646\u064a\u0651\u0629 \u0647\u0630\u0627 \u0627\u0644\u0630\u0643\u0631 \u0627\u0644\u0644\u0637\u0641 \u0648\u0627\u0644\u0641\u0631\u062c \u0648\u062f\u0641\u0639 \u0627\u0644\u062f\u0627\u0621 \u0648\u0627\u0644\u0648\u0628\u0627\u0621 \u0648\u0631\u0641\u0639 \u0627\u0644\u0628\u0644\u0627\u0621 \u0639\u0646 \u0627\u0644\u0625\u0646\u0633\u0627\u0646\u064a\u0629 \u0643\u0627\u0641\u0629.<\/p>\n<p dir=\"rtl\">\u0643\u0644\u0646\u0627 \u0646\u0639\u0644\u0645 \u0639\u0644\u0649 \u0623\u0646 \u0627\u0644\u0646\u0628\u064a \u0635\u0644\u0649 \u0627\u0644\u0644\u0647 \u0639\u0644\u064a\u0647 \u0648\u0633\u0644\u0645 \u0635\u0627\u0645 \u064a\u0648\u0645 \u0639\u0631\u0641\u0629 \u0648\u0631\u063a\u0651\u0628 \u0641\u064a\u0647 \u0644\u063a\u064a\u0631 \u0627\u0644\u062d\u062c\u0627\u062c. \u0641\u0645\u0646 \u0643\u0627\u0646\u062a \u0644\u0647 \u0627\u0644\u0642\u062f\u0631\u0629 \u0648\u0627\u0644\u0627\u0633\u062a\u0637\u0627\u0639\u0629 \u0639\u0644\u0649 \u0627\u0644\u0635\u064a\u0627\u0645\u060c \u0641\u0644\u064a\u0635\u0645 \u0647\u0630\u0627 \u0627\u0644\u064a\u0648\u0645 \u062d\u062a\u0649 \u062a\u0643\u0648\u0646 \u062d\u0644\u0642\u0629 \u0627\u0644\u0630\u0643\u0631 \u0645\u0632\u0648\u062f\u0629 \u0628\u0627\u0644\u0637\u0627\u0642\u0629 \u0627\u0644\u062a\u064a \u064a\u0628\u0639\u062b\u0647\u0627 \u0627\u0644\u0635\u0648\u0645 \u0641\u064a \u0628\u0627\u0637\u0646 \u0627\u0644\u0625\u0646\u0633\u0627\u0646.<\/p>\n<\/div>\n<\/div>\n<\/div>\n<\/div>\n<\/div>\n<\/div>\n<\/div><\/div><div class=\"w-separator size_small\"><\/div><div class=\"wpb_text_column\" ><div class=\"wpb_wrapper\"><p>Le Proph\u00e8te, sur lui le salut et la paix, a dit : \u201cLe p\u00e8lerinage, c\u2019est \u2018Arafat.\u201d<br \/>\nA cette occasion, nous vous convions ce jeudi 30 juillet 2020 \u00e0 20h00 (Europe) &#8211;\u00a019h00 (Maghreb) \u00e0 une s\u00e9ance de <em>dhikr\u00a0<\/em>afin de vivifier ce rite en le c\u00e9l\u00e9brant au moyen du webjamaa.<br \/>\nL\u2019intention que chacun.e formulera pour ce cercle de <em>dhikr\u00a0<\/em>sera d\u2019implorer la bienveillance subtile et la d\u00e9livrance soulageante pour l\u2019humanit\u00e9 enti\u00e8re afin qu\u2019elle soit lib\u00e9r\u00e9e des maladies, de l\u2019\u00e9pid\u00e9mie, des \u00e9preuves et malheurs qui la frappent actuellement.<br \/>\nIl est de notori\u00e9t\u00e9 publique que le Proph\u00e8te, sur lui le salut et la paix, a je\u00fbn\u00e9 le jour d\u2019Arafat. Il invitait et incitait \u00e9galement les non-p\u00e8lerins \u00e0 le je\u00fbner. Quiconque en a la capacit\u00e9, qu\u2019il l\u2019accomplisse ce jour-l\u00e0. Ainsi, ce cercle d\u2019invocation (<em>dhikr<\/em>) sera fortifi\u00e9 par cette \u00e9nergie du je\u00fbne, exaltant l&rsquo;int\u00e9riorit\u00e9 de l\u2019\u00eatre.<\/p>\n<\/div><\/div><div class=\"w-btn-wrapper width_auto align_left\"><a class=\"w-btn us-btn-style_5 icon_atleft\" title=\"Replay\" href=\"https:\/\/youtu.be\/ZO-LVQJTisY\"><i class=\"fas fa-video\"><\/i><span class=\"w-btn-label\">Replay<\/span><\/a><\/div><div class=\"w-btn-wrapper width_auto align_left\"><a class=\"w-btn us-btn-style_5 icon_atleft\" title=\"Texte des r\u00e9citations\" href=\"http:\/\/site.webjamaa.net\/wp-content\/uploads\/2020\/07\/Texte-waqfa-30072020.pdf\"><i class=\"fas fa-eye\"><\/i><span class=\"w-btn-label\">Texte des r\u00e9citations<\/span><\/a><\/div><\/div><\/div><\/div><div class=\"vc_col-sm-4 vc_hidden-md vc_hidden-sm vc_hidden-xs wpb_column vc_column_container animate_afb\" style=\"animation-delay:0.2s\"><div class=\"vc_column-inner\"><div class=\"wpb_wrapper\"><div class=\"w-iconbox iconpos_top style_default color_contrast align_center no_title no_text\"><div class=\"w-iconbox-icon\" style=\"font-size:11vw;\"><i class=\"fal fa-chart-network\"><\/i><\/div><div class=\"w-iconbox-meta\"><\/div><\/div><\/div><\/div><\/div><\/div><\/div><\/section><section class=\"l-section wpb_row height_full valign_center color_primary with_img parallax_ver\"><div class=\"l-section-img\" style=\"background-image: url(https:\/\/site.webjamaa.net\/wp-content\/uploads\/2020\/07\/moulayAbdsalam-20p.jpg);background-repeat: no-repeat;\" data-img-width=\"1920\" data-img-height=\"1080\"><\/div><div class=\"l-section-h i-cf\"><div class=\"g-cols vc_row type_default valign_middle reversed\"><div class=\"vc_col-sm-8 wpb_column vc_column_container animate_afb\"><div class=\"vc_column-inner\"><div class=\"wpb_wrapper\"><div class=\"wpb_text_column\" ><div class=\"wpb_wrapper\"><p>R\u00e9flexion \/ <em>Fikr<\/em><\/p>\n<\/div><\/div><h2 class=\"w-text us_custom_aa13cce3\"><span class=\"w-text-h\"><span class=\"w-text-value\">la Pri\u00e8re (Sal\u00e2t) al-Mash\u00eeshiyya<\/span><\/span><\/h2><div class=\"wpb_text_column\" ><div class=\"wpb_wrapper\"><p>25 juillet 2020<\/p>\n<\/div><\/div><div class=\"wpb_text_column\" ><div class=\"wpb_wrapper\"><div class=\"z-form-row\">\n<div class=\"form-group\">\n<div class=\"content col-md-offset-2\" style=\"text-align: right;\">\n<div class=\"z-form-row\">\n<div class=\"form-group\">\n<div class=\"content col-md-offset-2\">\u0647\u0630\u0627 \u0627\u0644\u0633\u0628\u062a 25 \u064a\u0648\u0644\u064a\u0648\u0632 2020 \u060c \u0633\u0646\u0644\u062a\u0642\u064a \u0628\u0645\u0648\u0644\u0627\u064a \u0639\u0628\u062f \u0627\u0644\u0633\u0644\u0627\u0645 \u0628\u0646 \u0645\u0634\u064a\u0634 \u060c \u0645\u0639 \u0639\u0631\u0636 \u062a\u0642\u062f\u064a\u0645\u064a \u0644\u0644\u062f\u0643\u062a\u0648\u0631 \u0639\u0628\u062f \u0627\u0644\u0644\u0647 \u0627\u0644\u0634\u0631\u064a\u0641 .\u0627\u0644\u0648\u0632\u0627\u0646\u064a \u062d\u0648\u0644 \u0627\u0644\u0635\u0644\u0627\u0629 \u0639\u0644\u0649 \u0627\u0644\u0646\u0628\u064a (\u0635\u0644\u0649 \u0627\u0644\u0644\u0647 \u0639\u0644\u064a\u0647 \u0648\u0633\u0644\u0645) \u0644\u0644\u0635\u0644\u0627\u0629 \u0627\u0644\u0645\u0634\u064a\u0634\u064a\u0629<\/div>\n<\/div>\n<\/div>\n<\/div>\n<\/div>\n<\/div>\n<\/div><\/div><div class=\"wpb_text_column\" ><div class=\"wpb_wrapper\"><p>Ce samedi 25 juillet 2020, nous irons \u00e0 la rencontre de Moulay Abdessal\u00e2m Ibn Mash\u00eesh, avec une pr\u00e9sentation du Dr. Abdellah Ch\u00e9rif Ouazzani autour de la pri\u00e8re sur le Proph\u00e8te, la Sal\u00e2t al-Mash\u00eeshiyya.<\/p>\n<\/div><\/div><div class=\"wpb_text_column\" ><div class=\"wpb_wrapper\"><div class=\"z-form-row\">\n<div class=\"form-group\">\n<div class=\"content col-md-offset-2\">\n<p>Este s\u00e1bado 25 de julio 2020, iremos al encuentro de Moulay Abdessal\u00e2m Ibn Mash\u00eesh, a trav\u00e9s de una presentaci\u00f3n del Dr. Abdellah Cherif Ouazzani, sobre la oraci\u00f3n por el Profeta, la Sal\u00e2t al-Mash\u00eeshiyya.<\/p>\n<\/div>\n<\/div>\n<\/div>\n<\/div><\/div><div class=\"wpb_text_column\" ><div class=\"wpb_wrapper\"><div class=\"z-form-row\">\n<div class=\"form-group\">\n<div class=\"content col-md-offset-2\">\n<p>On Saturday 25th July, we will have an encounter with Moulay Abdesselem lbn Mash\u00eesh, through a presentation on the prayer on the Prophet, Salat al-Mash\u00eeshiyya, by Dr. Abdellah Cherif Ouazzani.<\/p>\n<\/div>\n<\/div>\n<\/div>\n<\/div><\/div><div class=\"w-btn-wrapper width_auto align_left\"><a class=\"w-btn us-btn-style_5 icon_atleft\" title=\"Replay\" target=\"_blank\" href=\"https:\/\/youtu.be\/oy8ehuuFaUk\" rel=\"noopener\"><i class=\"fas fa-video\"><\/i><span class=\"w-btn-label\">Replay<\/span><\/a><\/div><div class=\"w-btn-wrapper width_auto align_left\"><a class=\"w-btn us-btn-style_5 icon_atleft\" title=\"Le texte\" target=\"_blank\" href=\"http:\/\/site.webjamaa.net\/wp-content\/uploads\/2020\/06\/02-Mashishiyya.pdf\" rel=\"noopener\"><i class=\"fas fa-eye\"><\/i><span class=\"w-btn-label\">Le texte<\/span><\/a><\/div><div class=\"w-btn-wrapper width_auto align_left\"><a class=\"w-btn us-btn-style_5 icon_atleft\" title=\"La pri\u00e8re d&#039;Ibn Mashish\" target=\"_blank\" href=\"http:\/\/site.webjamaa.net\/wp-content\/uploads\/2020\/07\/TitusBurckhardt-LaPriereMashish.pdf\" rel=\"noopener\"><i class=\"fas fa-eye\"><\/i><span class=\"w-btn-label\">La pri\u00e8re d&rsquo;Ibn Mashish par Titus Burckhardt<\/span><\/a><\/div><\/div><\/div><\/div><div class=\"vc_col-sm-4 vc_hidden-md vc_hidden-sm vc_hidden-xs wpb_column vc_column_container animate_afb\" style=\"animation-delay:0.2s\"><div class=\"vc_column-inner\"><div class=\"wpb_wrapper\"><div class=\"w-iconbox iconpos_top style_default color_contrast align_center no_title no_text\"><div class=\"w-iconbox-icon\" style=\"font-size:10vw;\"><i class=\"fal fa-lightbulb-on\"><\/i><\/div><div class=\"w-iconbox-meta\"><\/div><\/div><\/div><\/div><\/div><\/div><\/div><\/section><section class=\"l-section wpb_row height_full valign_center color_primary with_img parallax_ver with_overlay\"><div class=\"l-section-img\" style=\"background-image: url(https:\/\/site.webjamaa.net\/wp-content\/uploads\/2020\/07\/Bruxelles_place-scaled.jpg);\" data-img-width=\"2560\" data-img-height=\"1440\"><\/div><div class=\"l-section-overlay\" style=\"background: linear-gradient(90deg,rgba(110,103,106,0.75),rgba(91,96,97,0))\"><\/div><div class=\"l-section-h i-cf\"><div class=\"g-cols vc_row type_default valign_middle reversed\"><div class=\"vc_col-sm-8 wpb_column vc_column_container animate_afb\"><div class=\"vc_column-inner\"><div class=\"wpb_wrapper\"><div class=\"wpb_text_column\" ><div class=\"wpb_wrapper\"><p>Rem\u00e9moration \/ <em>Dhikr<\/em><\/p>\n<\/div><\/div><div class=\"wpb_text_column\" ><div class=\"wpb_wrapper\"><h1>Webjamaa \u00e0 Bruxelles<\/h1>\n<\/div><\/div><div class=\"wpb_text_column\" ><div class=\"wpb_wrapper\"><p>24 juillet 2020 \u00e0 21h30 (Europe)<\/p>\n<\/div><\/div><div class=\"wpb_text_column\" ><div class=\"wpb_wrapper\"><p style=\"text-align: right;\">.\u0633\u064a\u0639\u0642\u062f \u0644\u0642\u0627\u0621\u0646\u0627 \u0627\u0644\u0631\u0648\u062d\u064a \u0627\u0644\u0623\u0633\u0628\u0648\u0639\u064a \u0641\u064a \u0632\u0627\u0648\u064a\u0629 \u0645\u062f\u064a\u0646\u0629 \u0628\u0631\u0648\u0643\u0633\u0644 \u0628\u0628\u0644\u062c\u064a\u0643\u0627\u060c \u0644\u0625\u062d\u064a\u0627\u0621 <span style=\"unicode-bidi: embed; direction: rtl;\">\u0627\u0644\u064a\u0648\u0645<\/span> \u0627\u0644\u0623\u0631\u0628\u0639\u064a\u0646 \u0644\u0648\u0641\u0627\u0629 \u0627\u0644\u062d\u0627\u062c \u0623\u062d\u0645\u062f \u0634\u0643\u0631\u064a<\/p>\n<\/div><\/div><div class=\"wpb_text_column\" ><div class=\"wpb_wrapper\"><p>Notre r\u00e9union spirituelle hebdomadaire se tiendra \u00e0 la zawiya de Bruxelles en Belgique, \u00e0 l&rsquo;occasion du 40\u00e8me jour du d\u00e9c\u00e8s de Hadj Ahmed Chikri.<\/p>\n<p>Our weekly spiritual meeting will be held at the zaouia in Brussels, Belgium, on the occasion of the 40th day of the passing of Hadj Ahmed Chikri.<\/p>\n<p>Nuestra reuni\u00f3n espiritual semanal se llevar\u00e1 a cabo en la Zaouia de Bruselas en B\u00e9lgica, con ocasi\u00f3n del 40\u00ba d\u00eda del fallecimiento del Hadj Ahmed Chikri.<\/p>\n<\/div><\/div><div class=\"w-btn-wrapper width_auto align_left\"><a class=\"w-btn us-btn-style_5 icon_atleft\" title=\"Replay\" href=\"https:\/\/youtu.be\/BPzwixeK3WQ\"><i class=\"fas fa-video\"><\/i><span class=\"w-btn-label\">Replay<\/span><\/a><\/div><div class=\"w-btn-wrapper width_auto align_left\"><a class=\"w-btn us-btn-style_5 icon_atleft\" title=\"La Mash\u00eeshiyya\" target=\"_blank\" href=\"http:\/\/site.webjamaa.net\/wp-content\/uploads\/2020\/06\/02-Mashishiyya.pdf\" rel=\"noopener\"><i class=\"fas fa-eye\"><\/i><span class=\"w-btn-label\">La Mash\u00eeshiyya<\/span><\/a><\/div><div class=\"w-btn-wrapper width_auto align_left\"><a class=\"w-btn us-btn-style_5 icon_atleft\" title=\"Samaa\" target=\"_blank\" href=\"http:\/\/site.webjamaa.net\/wp-content\/uploads\/2020\/07\/Webjamaa-sama\u00e2-du-24072020.pdf\" rel=\"noopener\"><i class=\"fas fa-eye\"><\/i><span class=\"w-btn-label\">Samaa<\/span><\/a><\/div><\/div><\/div><\/div><\/div><\/div><\/section><section class=\"l-section wpb_row height_full valign_center color_primary with_img parallax_ver with_overlay\"><div class=\"l-section-img\" style=\"background-image: url(https:\/\/site.webjamaa.net\/wp-content\/uploads\/2020\/07\/DSC_2343-scaled.jpg);background-repeat: no-repeat;\" data-img-width=\"2560\" data-img-height=\"1709\"><\/div><div class=\"l-section-overlay\" style=\"background: linear-gradient(90deg,rgba(16,33,222,0.65),rgba(19,63,209,0.05))\"><\/div><div class=\"l-section-h i-cf\"><div class=\"g-cols vc_row type_default valign_middle reversed\"><div class=\"vc_col-sm-8 wpb_column vc_column_container animate_afb\"><div class=\"vc_column-inner\"><div class=\"wpb_wrapper\"><div class=\"wpb_text_column\" ><div class=\"wpb_wrapper\"><p>R\u00e9flexion \/ <em>Fikr<\/em><\/p>\n<\/div><\/div><h2 class=\"w-text us_custom_aa13cce3\"><span class=\"w-text-h\"><span class=\"w-text-value\">Aux origines de la pr\u00e9sence de l\u2019islam mystique en France<\/span><\/span><\/h2><div class=\"wpb_text_column\" ><div class=\"wpb_wrapper\"><p>18 juillet 2020<\/p>\n<\/div><\/div><div class=\"wpb_text_column\" ><div class=\"wpb_wrapper\"><div class=\"z-form-row\">\n<div class=\"form-group\">\n<div class=\"content col-md-offset-2\" style=\"text-align: right;\">\n<p style=\"direction: rtl;\">\u064a\u0633\u0639\u062f\u0646\u0627 \u0647\u0630\u0627 \u0627\u0644\u0645\u0633\u0627\u0621 \u0623\u0646 \u0646\u0642\u062f\u0645 \u0644\u0643\u0645 \u0645\u062d\u0627\u0636\u0631\u0629 \u0628\u0639\u0646\u0648\u0627\u0646 \u00a0\u00bb \u0623\u0635\u0648\u0644 \u062d\u0636\u0648\u0631 \u0627\u0644\u0625\u0633\u0644\u0627\u0645 \u0627\u0644\u0635\u0648\u0641\u064a \u0641\u064a \u0641\u0631\u0646\u0633\u0627\u00a0\u00bb \u0644\u0635\u0627\u062f\u0642 \u0633\u0644\u0627\u0645 \u060c \u0628\u0645\u0646\u0627\u0633\u0628\u0629 \u0627\u0644\u0646\u062f\u0648\u0629 \u0627\u0644\u062a\u064a \u0623\u0642\u064a\u0645\u062a \u0628\u0627\u0644\u064a\u0648\u0646\u0633\u0643\u0648 \u0641\u064a \u0628\u0627\u0631\u064a\u0633 \u062a\u062d\u062a \u0634\u0639\u0627\u0631 : \u00ab\u00a0\u0627\u0644\u0625\u0633\u0644\u0627\u0645 \u0627\u0644\u0631\u0648\u062d\u064a \u0648\u0627\u0644\u062a\u062d\u062f\u064a\u0627\u062a \u0627\u0644\u0645\u0639\u0627\u0635\u0631\u0629\u00a0\u00bb \u0648\u0630\u0644\u0643 \u062e\u0644\u0627\u0644 \u0634\u0647\u0631 \u0634\u062a\u0646\u0628\u0631 2015.<\/p>\n<\/div>\n<\/div>\n<\/div>\n<\/div><\/div><div class=\"wpb_text_column\" ><div class=\"wpb_wrapper\"><p>Ce soir, nous avons le plaisir de vous pr\u00e9senter une conf\u00e9rence : \u00ab\u00a0Aux origines de la pre\u0301sence de l\u2019islam mystique en France\u00a0\u00bb de Sadek Sellam, \u00e0 l\u2019occasion du Colloque \u00ab\u00a0L\u2019islam spirituel et les d\u00e9fis contemporains\u00a0\u00bb, \u00e0 la Maison de l&rsquo;UNESCO \u00e0 Paris, en septembre 2015.<\/p>\n<\/div><\/div><div class=\"wpb_text_column\" ><div class=\"wpb_wrapper\"><div class=\"z-form-row\">\n<div class=\"form-group\">\n<div class=\"content col-md-offset-2\">\n<p>Esta noche tenemos el placer de presentaros una conferencia: \u00ab\u00a0Los or\u00edgenes de la presencia del islam m\u00edstico en Francia\u00a0\u00bb de Sadek Sellam, para la ocasi\u00f3n del Coloquio \u00ab\u00a0El islam espiritual y sus desaf\u00edos contempor\u00e1neos\u00a0\u00bb, en la Casa de la UNESCO en Par\u00eds, en septiembre de 2015.<\/p>\n<\/div>\n<\/div>\n<\/div>\n<\/div><\/div><div class=\"wpb_text_column\" ><div class=\"wpb_wrapper\"><div class=\"z-form-row\">\n<div class=\"form-group\">\n<div class=\"content col-md-offset-2\">\n<p>Tonight we are pleased to present a conference that took place at the UNESCO headquarters in September 2015, during the Seminar \u00ab\u00a0Spiritual Islam and contemporary challenges\u00a0\u00bb:\u00a0\u00ab\u00a0The beginnings of the presence of mystical Islam in France\u00a0\u00bb by Sadek Sellam.<\/p>\n<\/div>\n<\/div>\n<\/div>\n<\/div><\/div><div class=\"w-btn-wrapper width_auto align_left\"><a class=\"w-btn us-btn-style_5 icon_atleft\" title=\"Vid\u00e9o 35mn\" target=\"_blank\" href=\"https:\/\/youtu.be\/6Ih5UzU2n0w\" rel=\"noopener\"><i class=\"fas fa-video\"><\/i><span class=\"w-btn-label\">Vid\u00e9o 35mn<\/span><\/a><\/div><\/div><\/div><\/div><div class=\"vc_col-sm-4 vc_hidden-md vc_hidden-sm vc_hidden-xs wpb_column vc_column_container animate_afb\" style=\"animation-delay:0.2s\"><div class=\"vc_column-inner\"><div class=\"wpb_wrapper\"><div class=\"w-iconbox iconpos_top style_default color_contrast align_center no_title no_text\"><div class=\"w-iconbox-icon\" style=\"font-size:14vw;\"><\/div><div class=\"w-iconbox-meta\"><\/div><\/div><div class=\"w-iconbox iconpos_top style_default color_contrast align_center no_title no_text\"><div class=\"w-iconbox-icon\" style=\"font-size:14vw;\"><i class=\"fal fa-lightbulb-on\"><\/i><\/div><div class=\"w-iconbox-meta\"><\/div><\/div><\/div><\/div><\/div><\/div><\/div><\/section><section class=\"l-section wpb_row height_full valign_center color_primary with_img parallax_ver with_overlay\"><div class=\"l-section-img\" style=\"background-image: url(https:\/\/site.webjamaa.net\/wp-content\/uploads\/2020\/07\/00-page-titre-g.jpg);\" data-img-width=\"1707\" data-img-height=\"960\"><\/div><div class=\"l-section-overlay\" style=\"background: linear-gradient(65deg,#0b659c,rgba(19,124,189,0.00))\"><\/div><div class=\"l-section-h i-cf\"><div class=\"g-cols vc_row type_default valign_middle reversed\"><div class=\"vc_col-sm-8 wpb_column vc_column_container animate_afb\"><div class=\"vc_column-inner\"><div class=\"wpb_wrapper\"><div class=\"wpb_text_column\" ><div class=\"wpb_wrapper\"><p>Rem\u00e9moration \/ <em>Dhikr<\/em><\/p>\n<\/div><\/div><div class=\"wpb_text_column\" ><div class=\"wpb_wrapper\"><h1>Comm\u00e9moration du d\u00e9c\u00e8s du Cheikh Ahmed al-Alawi<\/h1>\n<\/div><\/div><div class=\"wpb_text_column\" ><div class=\"wpb_wrapper\"><p>17 juillet 2020<\/p>\n<\/div><\/div><div class=\"w-btn-wrapper width_auto align_left\"><a class=\"w-btn us-btn-style_5 icon_atleft\" title=\"Vid\u00e9o 75mn\" href=\"https:\/\/youtu.be\/9ulb4yC94QQ\"><i class=\"fas fa-video\"><\/i><span class=\"w-btn-label\">Vid\u00e9o 75mn<\/span><\/a><\/div><\/div><\/div><\/div><\/div><\/div><\/section><section class=\"l-section wpb_row height_full valign_center color_primary with_img parallax_ver with_overlay\"><div class=\"l-section-img\" style=\"background-image: url(https:\/\/site.webjamaa.net\/wp-content\/uploads\/2020\/07\/Fond_web.jpg);background-repeat: no-repeat;\" data-img-width=\"1707\" data-img-height=\"960\"><\/div><div class=\"l-section-overlay\" style=\"background: linear-gradient(105deg,rgba(4,74,33,0.95),rgba(57,247,171,0.15))\"><\/div><div class=\"l-section-h i-cf\"><div class=\"g-cols vc_row type_default valign_middle reversed\"><div class=\"vc_col-sm-8 wpb_column vc_column_container animate_afb\"><div class=\"vc_column-inner\"><div class=\"wpb_wrapper\"><div class=\"wpb_text_column\" ><div class=\"wpb_wrapper\"><p>R\u00e9flexion \/ <em>Fikr<\/em><\/p>\n<\/div><\/div><h2 class=\"w-text us_custom_aa13cce3\"><span class=\"w-text-h\"><span class=\"w-text-value\">La dimension spirituelle des sciences<\/span><\/span><\/h2><div class=\"wpb_text_column\" ><div class=\"wpb_wrapper\"><p>11 juillet 2020<\/p>\n<\/div><\/div><div class=\"wpb_text_column\" ><div class=\"wpb_wrapper\"><div class=\"z-form-row\">\n<div class=\"form-group\">\n<div class=\"content col-md-offset-2\" style=\"text-align: right;\">\n<p style=\"direction: rtl;\">\u064a\u0633\u0639\u062f\u0646\u0627 \u0647\u0630\u0627 \u0627\u0644\u0645\u0633\u0627\u0621 \u062a\u0642\u062f\u064a\u0645 \u0645\u062d\u0627\u0636\u0631\u0629 \u0644\u0644\u062f\u0643\u062a\u0648\u0631 \u0645\u062d\u0645\u062f \u0645\u0647\u0646\u0627 \u0628\u0645\u0646\u0627\u0633\u0628\u0629 \u0627\u0644\u0630\u0643\u0631\u0649 \u0627\u0644\u0645\u0626\u0648\u064a\u0629 \u0644\u0644\u0637\u0631\u064a\u0642\u0629 \u0627\u0644\u0635\u0648\u0641\u064a\u0629 \u0627\u0644\u0639\u0644\u0627\u0648\u064a\u0629 \u062e\u0644\u0627\u0644 \u0634\u0647\u0631 \u064a\u0648\u0644\u064a\u0648\u0632 2009 \u062a\u062d\u062a \u0639\u0646\u0648\u0627\u0646\u00a0\u00ab\u00a0\u0627\u0644\u0628\u0639\u062f \u0627\u0644\u0631\u0648\u062d\u064a \u0644\u0644\u0639\u0644\u0648\u0645\u00a0\u00bb \u0623\u0648 \u00ab\u00a0\u0627\u0644\u062c\u0627\u0646\u0628 \u0627\u0644\u062e\u0641\u064a \u0644\u0644\u0639\u0644\u0648\u0645\u00a0\u00bb.<\/p>\n<\/div>\n<\/div>\n<\/div>\n<div class=\"z-form-row\">\n<div class=\"form-group\" style=\"text-align: right;\"><\/div>\n<\/div>\n<\/div><\/div><div class=\"wpb_text_column\" ><div class=\"wpb_wrapper\"><p>Ce soir, nous avons le plaisir de vous pr\u00e9senter une conf\u00e9rence du Dr Mohammed Mehann\u00e2 \u00e0 l\u2019occasion du Centenaire de la Voie Soufie Alawiyya en juillet 2009, sous le th\u00e8me \u201cLa dimension spirituelle des sciences\u201d ou \u201cLa part myst\u00e9rieuse des sciences\u201d.<\/p>\n<\/div><\/div><div class=\"wpb_text_column\" ><div class=\"wpb_wrapper\"><p>We are pleased to present this evening a lecture by Dr. Mohammed Mehann\u00e2 on the occasion of the centenary of the Sufi Alawi order in July 2009, under the title \u00ab\u00a0The spiritual dimension of science\u00a0\u00bb or \u00ab\u00a0The hidden side of science\u00a0\u00bb.<\/p>\n<\/div><\/div><div class=\"w-btn-wrapper width_auto align_left\"><a class=\"w-btn us-btn-style_5 icon_atleft\" title=\"Replay\" target=\"_blank\" href=\"https:\/\/youtu.be\/ow1dHu3p6qo\" rel=\"noopener\"><i class=\"fas fa-video\"><\/i><span class=\"w-btn-label\">Replay<\/span><\/a><\/div><\/div><\/div><\/div><div class=\"vc_col-sm-4 vc_hidden-md vc_hidden-sm vc_hidden-xs wpb_column vc_column_container animate_afb\" style=\"animation-delay:0.2s\"><div class=\"vc_column-inner\"><div class=\"wpb_wrapper\"><div class=\"w-iconbox iconpos_top style_default color_contrast align_center no_title no_text\"><div class=\"w-iconbox-icon\" style=\"font-size:14vw;\"><\/div><div class=\"w-iconbox-meta\"><\/div><\/div><\/div><\/div><\/div><\/div><\/div><\/section><section class=\"l-section wpb_row height_full valign_center color_primary with_img parallax_ver\"><div class=\"l-section-img\" style=\"background-image: url(https:\/\/site.webjamaa.net\/wp-content\/uploads\/2020\/07\/DSC2680-2009.jpg);\" data-img-width=\"2065\" data-img-height=\"1246\"><\/div><div class=\"l-section-h i-cf\"><div class=\"g-cols vc_row type_default valign_middle reversed\"><div class=\"vc_col-sm-8 wpb_column vc_column_container animate_afb\"><div class=\"vc_column-inner\"><div class=\"wpb_wrapper\"><div class=\"wpb_text_column\" ><div class=\"wpb_wrapper\"><p>Rem\u00e9moration \/ <em>Dhikr<\/em><\/p>\n<\/div><\/div><div class=\"wpb_text_column\" ><div class=\"wpb_wrapper\"><h1>webjamaa\u00a0\u00e0 Dabdaba<\/h1>\n<\/div><\/div><div class=\"wpb_text_column\" ><div class=\"wpb_wrapper\"><p>10 juillet 2020<\/p>\n<\/div><\/div><div class=\"w-btn-wrapper width_auto align_left\"><a class=\"w-btn us-btn-style_5 icon_atleft\" title=\"Vid\u00e9o\" href=\"https:\/\/youtu.be\/wufizPt1Kas\"><i class=\"fas fa-video\"><\/i><span class=\"w-btn-label\">Vid\u00e9o 73mn<\/span><\/a><\/div><div class=\"w-btn-wrapper width_auto align_left\"><a class=\"w-btn us-btn-style_4\" title=\"Wird\" href=\"http:\/\/site.webjamaa.net\/wp-content\/uploads\/2020\/06\/01-Wird.pdf\"><span class=\"w-btn-label\">Wird<\/span><\/a><\/div><div class=\"w-btn-wrapper width_auto align_left\"><a class=\"w-btn us-btn-style_4\" title=\"Munajat\" href=\"http:\/\/site.webjamaa.net\/wp-content\/uploads\/2020\/06\/La-lumi\u00e8re-\u00e9clatante.pdf\"><span class=\"w-btn-label\">Munajat<\/span><\/a><\/div><div class=\"w-btn-wrapper width_auto align_left\"><a class=\"w-btn us-btn-style_4\" title=\"Samaa\" href=\"http:\/\/site.webjamaa.net\/wp-content\/uploads\/2020\/07\/Webjamaa-Dhikr-10-07-2020-Sama\u00e2.pdf\"><span class=\"w-btn-label\">Samaa<\/span><\/a><\/div><\/div><\/div><\/div><div class=\"vc_col-sm-4 vc_hidden-md vc_hidden-sm vc_hidden-xs wpb_column vc_column_container animate_afb\" style=\"animation-delay:0.2s\"><div class=\"vc_column-inner\"><div class=\"wpb_wrapper\"><div class=\"w-iconbox iconpos_top style_default color_contrast align_center no_title no_text\"><div class=\"w-iconbox-icon\" style=\"font-size:14vw;\"><i class=\"fal fa-chart-network\"><\/i><\/div><div class=\"w-iconbox-meta\"><\/div><\/div><\/div><\/div><\/div><\/div><\/div><\/section><section class=\"l-section wpb_row height_full valign_center color_primary with_img parallax_ver with_overlay\"><div class=\"l-section-img\" style=\"background-image: url(https:\/\/site.webjamaa.net\/wp-content\/uploads\/2020\/07\/00-page-titre_site-scaled.jpg);background-repeat: no-repeat;\" data-img-width=\"2560\" data-img-height=\"1440\"><\/div><div class=\"l-section-overlay\" style=\"background: linear-gradient(110deg,rgba(114,6,117,0.9),rgba(117,5,104,0.00))\"><\/div><div class=\"l-section-h i-cf\"><div class=\"g-cols vc_row type_default valign_middle reversed\"><div class=\"vc_col-sm-8 wpb_column vc_column_container animate_afb\"><div class=\"vc_column-inner\"><div class=\"wpb_wrapper\"><div class=\"wpb_text_column\" ><div class=\"wpb_wrapper\"><p>R\u00e9flexion \/ <em>Fikr<\/em><\/p>\n<\/div><\/div><h2 class=\"w-text us_custom_aa13cce3\"><span class=\"w-text-h\"><span class=\"w-text-value\">Introduction \u00e0 la pens\u00e9e du cheikh Hadj Adda Bentounes<\/span><\/span><\/h2><div class=\"wpb_text_column\" ><div class=\"wpb_wrapper\"><p style=\"direction: rtl;\">\u062d\u0644\u0642\u0629 \u0627\u0644\u0641\u0643\u0631 \u0647\u0630\u0627 \u0627\u0644\u0645\u0633\u0627\u0621 \u0645\u0643\u0631\u0633\u0629 \u0644\u0625\u062d\u064a\u0627\u0621 \u0630\u0643\u0631\u0649 \u0648\u0641\u0627\u0629 \u0627\u0644\u0634\u064a\u062e \u0627\u0644\u062d\u0627\u062c \u0639\u062f\u0629 \u0628\u0646 \u062a\u0648\u0646\u0633 \u0641\u064a 4 \u064a\u0648\u0644\u064a\u0648\u06321952 \u060c<br \/>\n\u062e\u0644\u064a\u0641\u0629 \u0627\u0644\u0634\u064a\u062e \u0627\u0644\u0639\u0644\u0627\u0648\u064a. \u0648\u0628\u0647\u0630\u0647 \u0627\u0644\u0645\u0646\u0627\u0633\u0628\u0629 \u0633\u0646\u0643\u062a\u0634\u0641 \u062c\u0645\u064a\u0639\u0627 \u0627\u0644\u0628\u0639\u0636 \u0645\u0646 \u0623\u0641\u0643\u0627\u0631\u0647 \u0648\u0623\u0639\u0645\u0627\u0644\u0647 \u0648\u062d\u0627\u0644\u064a\u0629 \u0627\u0644\u062a\u0639\u0644\u064a\u0645 \u0627\u0644\u062a\u064a \u062a\u0631\u0643\u0647\u0627 \u0644\u0646\u0627.<\/p>\n<\/div><\/div><div class=\"wpb_text_column\" ><div class=\"wpb_wrapper\"><p>Notre s\u00e9ance de r\u00e9flexion (fikr) est consacr\u00e9e \u00e0 la comm\u00e9moration du d\u00e9c\u00e8s le 4 juillet 1952 du cheikh El Hadj Adda Bentounes, successeur du cheikh Al Al\u00e2wi. A cette occasion nous d\u00e9couvrirons une partie de la pens\u00e9e et de l\u2019\u0153uvre du cheikh El Hadj Adda et l&rsquo;actualit\u00e9 de l&rsquo;enseignement qu&rsquo;il nous a l\u00e9gu\u00e9.<\/p>\n<\/div><\/div><div class=\"wpb_text_column\" ><div class=\"wpb_wrapper\"><p>Our reflection session (fikr) will be dedicated to the commemoration of Sheikh Adda Bentounes&rsquo; death, (successor of Sheikh Al Alawi) on July, 4th 1952.\u00a0This will be an opportunity to discover the work of Sheikh El Hajj Adda, as well as the topicality of the teaching he has left as a\u00a0 legacy.<\/p>\n<\/div><\/div><div class=\"wpb_text_column\" ><div class=\"wpb_wrapper\"><p>Nuestra sesi\u00f3n de reflexi\u00f3n (fikr) est\u00e1 dedicada a la conmemoraci\u00f3n del fallecimiento, el 4 de julio de 1952, del Cheikh Adda Bentounes, sucesor del Cheikh Al Al\u00e2wi. En esta ocasi\u00f3n descubriremos parte del pensamiento y de la obra del Cheikh El Hadj Adda y la actualidad de las ense\u00f1anzas que nos dej\u00f3 como legado.<\/p>\n<\/div><\/div><div class=\"w-btn-wrapper width_auto align_left\"><a class=\"w-btn us-btn-style_5 icon_atleft\" title=\"Replay\" target=\"_blank\" href=\"https:\/\/youtu.be\/A2RUq7mXQoI\" rel=\"noopener\"><i class=\"fas fa-video\"><\/i><span class=\"w-btn-label\">Replay<\/span><\/a><\/div><div class=\"w-btn-wrapper width_auto align_left\"><a class=\"w-btn us-btn-style_5\" title=\"Rep\u00e8res chronologiques fr, ar\" target=\"_blank\" href=\"http:\/\/site.webjamaa.net\/wp-content\/uploads\/2020\/07\/Pr\u00e9sentation-chronologique_Fr-Ar.pdf\" rel=\"noopener\"><span class=\"w-btn-label\">Rep\u00e8res chronologiques fr, ar<\/span><\/a><\/div><div class=\"w-btn-wrapper width_auto align_left\"><a class=\"w-btn us-btn-style_5\" title=\"Les pronoms chez les soufis\" target=\"_blank\" href=\"http:\/\/site.webjamaa.net\/wp-content\/uploads\/2020\/07\/1-Les-pronoms-chez-les-soufis-04-07-2020.pdf\" rel=\"noopener\"><span class=\"w-btn-label\">Les pronoms chez les soufis<\/span><\/a><\/div><div class=\"w-btn-wrapper width_auto align_left\"><a class=\"w-btn us-btn-style_5\" title=\"Biographie FR\" target=\"_blank\" href=\"http:\/\/site.webjamaa.net\/wp-content\/uploads\/2020\/07\/Bio_CheikhAdda_fr.pdf\" rel=\"noopener\"><span class=\"w-btn-label\">Biographie FR<\/span><\/a><\/div><div class=\"w-btn-wrapper width_auto align_left\"><a class=\"w-btn us-btn-style_5\" title=\"Biographie AR\" target=\"_blank\" href=\"http:\/\/site.webjamaa.net\/wp-content\/uploads\/2020\/07\/Bio_CheikhAdda_ar.pdf\" rel=\"noopener\"><span class=\"w-btn-label\">Biographie AR<\/span><\/a><\/div><div class=\"w-btn-wrapper width_auto align_left\"><a class=\"w-btn us-btn-style_5\" title=\"Biographie EN\" target=\"_blank\" href=\"http:\/\/site.webjamaa.net\/wp-content\/uploads\/2020\/07\/Bio_CheikhAdda_en.pdf\" rel=\"noopener\"><span class=\"w-btn-label\">Biographie EN<\/span><\/a><\/div><\/div><\/div><\/div><div class=\"vc_col-sm-4 vc_hidden-md vc_hidden-sm vc_hidden-xs wpb_column vc_column_container animate_afb\" style=\"animation-delay:0.2s\"><div class=\"vc_column-inner\"><div class=\"wpb_wrapper\"><div class=\"w-iconbox iconpos_top style_default color_contrast align_center no_title no_text\"><div class=\"w-iconbox-icon\" style=\"font-size:14vw;\"><\/div><div class=\"w-iconbox-meta\"><\/div><\/div><\/div><\/div><\/div><\/div><\/div><\/section><section class=\"l-section wpb_row height_full valign_center color_primary with_img parallax_ver with_overlay\"><div class=\"l-section-img\" style=\"background-image: url(https:\/\/site.webjamaa.net\/wp-content\/uploads\/2020\/07\/carte-8-p.jpg);\" data-img-width=\"1280\" data-img-height=\"860\"><\/div><div class=\"l-section-overlay\" style=\"background: linear-gradient(135deg,rgba(235,121,21,0.25),rgba(233,151,80,0))\"><\/div><div class=\"l-section-h i-cf\"><div class=\"g-cols vc_row type_default valign_middle reversed\"><div class=\"vc_col-sm-8 wpb_column vc_column_container animate_afb\"><div class=\"vc_column-inner\"><div class=\"wpb_wrapper\"><div class=\"wpb_text_column\" ><div class=\"wpb_wrapper\"><p>Rem\u00e9moration \/ <em>Dhikr<\/em><\/p>\n<\/div><\/div><div class=\"wpb_text_column\" ><div class=\"wpb_wrapper\"><h1>webjamaa \u00e0 Sidi Benaouda<\/h1>\n<\/div><\/div><div class=\"wpb_text_column\" ><div class=\"wpb_wrapper\"><p>3 juillet 2020<\/p>\n<\/div><\/div><div class=\"w-btn-wrapper width_auto align_left\"><a class=\"w-btn us-btn-style_5 icon_atleft\" title=\"Replay\" href=\"https:\/\/youtu.be\/jQlzJ0y9HkQ\"><i class=\"fas fa-video\"><\/i><span class=\"w-btn-label\">Replay<\/span><\/a><\/div><div class=\"w-btn-wrapper width_auto align_left\"><a class=\"w-btn us-btn-style_5 icon_atleft\" title=\"Biographie Sidi benaouda\" href=\"http:\/\/site.webjamaa.net\/wp-content\/uploads\/2020\/07\/Biographie-Sid-Benaouda.pdf\"><i class=\"fas fa-address-card\"><\/i><span class=\"w-btn-label\">Biographie Sidi Benaouda<\/span><\/a><\/div><div class=\"w-btn-wrapper width_auto align_left\"><a class=\"w-btn us-btn-style_4\" title=\"Wird\" href=\"http:\/\/site.webjamaa.net\/wp-content\/uploads\/2020\/06\/01-Wird.pdf\"><span class=\"w-btn-label\">Wird<\/span><\/a><\/div><div class=\"w-btn-wrapper width_auto align_left\"><a class=\"w-btn us-btn-style_4\" title=\"Samaa\" href=\"http:\/\/site.webjamaa.net\/wp-content\/uploads\/2020\/07\/Webjamaa-Dhikr-03-07-2020-Sama\u00e2.pdf\"><span class=\"w-btn-label\">Samaa<\/span><\/a><\/div><div class=\"w-btn-wrapper width_auto align_left\"><a class=\"w-btn us-btn-style_4\" title=\"Samaa espagnol\" href=\"http:\/\/site.webjamaa.net\/wp-content\/uploads\/2020\/07\/Webjamaa-Dhikr-03-07-2020-Sama\u00e2-Final-espa\u00f1ol2.pdf\"><span class=\"w-btn-label\">Samaa Espagnol<\/span><\/a><\/div><div class=\"w-btn-wrapper width_auto align_left\"><a class=\"w-btn us-btn-style_4\" title=\"Mudhakara\" href=\"http:\/\/site.webjamaa.net\/wp-content\/uploads\/2020\/07\/Mudha-du-03072020-1.pdf\"><span class=\"w-btn-label\">Mudhakara<\/span><\/a><\/div><div class=\"w-btn-wrapper width_auto align_left\"><a class=\"w-btn us-btn-style_4\" title=\"Mudhakara espagnol\" href=\"http:\/\/site.webjamaa.net\/wp-content\/uploads\/2020\/07\/Mudhakara-espagnol.pdf\"><span class=\"w-btn-label\">Mudhakara espagnol<\/span><\/a><\/div><div class=\"w-btn-wrapper width_auto align_left\"><a class=\"w-btn us-btn-style_4\" title=\"Ya Ghyathun\" href=\"http:\/\/site.webjamaa.net\/wp-content\/uploads\/2020\/06\/07-Ya-Ghiyathun.pdf\"><span class=\"w-btn-label\">Ya Ghyathun<\/span><\/a><\/div><\/div><\/div><\/div><div class=\"vc_col-sm-4 vc_hidden-md vc_hidden-sm vc_hidden-xs wpb_column vc_column_container animate_afb\" style=\"animation-delay:0.2s\"><div class=\"vc_column-inner\"><div class=\"wpb_wrapper\"><div class=\"w-iconbox iconpos_top style_default color_contrast align_center no_title no_text\"><div class=\"w-iconbox-icon\" style=\"font-size:14vw;\"><i class=\"fal fa-chart-network\"><\/i><\/div><div class=\"w-iconbox-meta\"><\/div><\/div><\/div><\/div><\/div><\/div><\/div><\/section><section class=\"l-section wpb_row height_full valign_center color_primary with_img parallax_ver with_overlay\"><div class=\"l-section-img\" style=\"background-image: url(https:\/\/site.webjamaa.net\/wp-content\/uploads\/2020\/06\/VUE-GENERALE-DJEMAA-deb.jpg);\" data-img-width=\"1876\" data-img-height=\"1310\"><\/div><div class=\"l-section-overlay\" style=\"background: linear-gradient(135deg,rgba(21,96,235,0.55),rgba(80,139,233,0))\"><\/div><div class=\"l-section-h i-cf\"><div class=\"g-cols vc_row type_default valign_middle reversed\"><div class=\"vc_col-sm-8 wpb_column vc_column_container animate_afb\"><div class=\"vc_column-inner\"><div class=\"wpb_wrapper\"><div class=\"wpb_text_column\" ><div class=\"wpb_wrapper\"><p>Rem\u00e9moration \/ <em>Dhikr<\/em><\/p>\n<\/div><\/div><div class=\"wpb_text_column\" ><div class=\"wpb_wrapper\"><h1>webjamaa \u00e0 Dabdaba<\/h1>\n<\/div><\/div><div class=\"wpb_text_column\" ><div class=\"wpb_wrapper\"><p>27 juin 2020<\/p>\n<\/div><\/div><div class=\"w-btn-wrapper width_auto align_left\"><a class=\"w-btn us-btn-style_4\" title=\"Wird\" href=\"http:\/\/site.webjamaa.net\/wp-content\/uploads\/2020\/06\/01-Wird.pdf\"><span class=\"w-btn-label\">Wird<\/span><\/a><\/div><div class=\"w-btn-wrapper width_auto align_left\"><a class=\"w-btn us-btn-style_4\" title=\"Munajat\" href=\"http:\/\/site.webjamaa.net\/wp-content\/uploads\/2020\/06\/La-lumi\u00e8re-\u00e9clatante.pdf\"><span class=\"w-btn-label\">Munajat<\/span><\/a><\/div><div class=\"w-btn-wrapper width_auto align_left\"><a class=\"w-btn us-btn-style_4\" title=\"Mudhakara AR\" href=\"http:\/\/site.webjamaa.net\/wp-content\/uploads\/2020\/06\/Mudha-AR.pdf\"><span class=\"w-btn-label\">Mudhakara AR<\/span><\/a><\/div><div class=\"w-btn-wrapper width_auto align_left\"><a class=\"w-btn us-btn-style_4\" title=\"Mudhakara FR\" href=\"http:\/\/site.webjamaa.net\/wp-content\/uploads\/2020\/06\/La-meilleure-invocation-est-\u00ab-L\u00e2-ilaha-ill\u00e2-Allah-\u00bb.pdf\"><span class=\"w-btn-label\">Mudhakara FR<\/span><\/a><\/div><div class=\"w-btn-wrapper width_auto align_left\"><a class=\"w-btn us-btn-style_4\" title=\"Ya Ghyathun\" href=\"http:\/\/site.webjamaa.net\/wp-content\/uploads\/2020\/06\/07-Ya-Ghiyathun.pdf\"><span class=\"w-btn-label\">Ya Ghyathun<\/span><\/a><\/div><\/div><\/div><\/div><div class=\"vc_col-sm-4 vc_hidden-md vc_hidden-sm vc_hidden-xs wpb_column vc_column_container animate_afb\" style=\"animation-delay:0.2s\"><div class=\"vc_column-inner\"><div class=\"wpb_wrapper\"><div class=\"w-iconbox iconpos_top style_default color_contrast align_center no_title no_text\"><div class=\"w-iconbox-icon\" style=\"font-size:14vw;\"><i class=\"fal fa-chart-network\"><\/i><\/div><div class=\"w-iconbox-meta\"><\/div><\/div><\/div><\/div><\/div><\/div><\/div><\/section><section class=\"l-section wpb_row height_full valign_center color_primary with_img parallax_ver with_overlay\"><div class=\"l-section-img\" style=\"background-image: url(https:\/\/site.webjamaa.net\/wp-content\/uploads\/2020\/06\/image_fikr.jpg);background-repeat: no-repeat;\" data-img-width=\"1950\" data-img-height=\"1300\"><\/div><div class=\"l-section-overlay\" style=\"background: linear-gradient(90deg,#e67c1f,rgba(230,94,31,0.70))\"><\/div><div class=\"l-section-h i-cf\"><div class=\"g-cols vc_row type_default valign_middle reversed\"><div class=\"vc_col-sm-8 wpb_column vc_column_container animate_afb\"><div class=\"vc_column-inner\"><div class=\"wpb_wrapper\"><div class=\"wpb_text_column\" ><div class=\"wpb_wrapper\"><p>R\u00e9flexion \/ <em>Fikr<\/em><\/p>\n<\/div><\/div><h2 class=\"w-text us_custom_aa13cce3\"><span class=\"w-text-h\"><span class=\"w-text-value\">webjamaa du samedi<\/span><\/span><\/h2><div class=\"wpb_text_column\" ><div class=\"wpb_wrapper\"><p>Notre rendez-vous de ce samedi 20 juin est articul\u00e9, autour de deux conf\u00e9rences qui mettent en perspective des enjeux de taille, li\u00e9s au devenir de notre Humanit\u00e9 :<\/p>\n<ul>\n<li><em>Le r\u00f4le de l\u2019\u00e9ducation pour une gestion responsable de la plan\u00e8te<\/em>, par Monsieur Jacques Br\u00e9geon.<\/li>\n<li><em>De l\u2019intelligence du monde \u00e0 l\u2019intelligence collective ou l\u2019art de tisser la vie<\/em>, par Monsieur \u00c9ric Julien.<\/li>\n<\/ul>\n<\/div><\/div><div class=\"wpb_text_column\" ><div class=\"wpb_wrapper\"><p>L\u2019inauguration de ce nouveau cycle de rencontres est marqu\u00e9e par la volont\u00e9 de revivifier les th\u00e8mes et les conf\u00e9rences programm\u00e9s lors de la c\u00e9l\u00e9bration du centenaire de la voie soufie Alawiyya, qui s\u2019est tenu \u00e0 Mostaganem, du 25 au 31 juillet 2009.<\/p>\n<p>Ce choix n\u2019est assur\u00e9ment pas fortuit.\u00a0Il est d\u2019abord motiv\u00e9 par la richesse des profils des intervenants r\u00e9unis \u00e0 cette occasion, que vous pourrez red\u00e9couvrir au cours de ces prochains mois. Il nous parait aussi justifi\u00e9 par l\u2019actualit\u00e9 que nous vivons et qui d\u00e9montre la pertinence des diff\u00e9rents th\u00e8mes, 11 ans apr\u00e8s la tenue de ce centenaire\u00a0; la terre, l\u2019\u00e9ducation, la communication, la mondialisation, le Coran, la spiritualit\u00e9 et l\u2019avenir.<\/p>\n<\/div><\/div><div class=\"w-btn-wrapper width_auto align_left\"><a class=\"w-btn us-btn-style_2 icon_atleft\" title=\"S&#039;inscrire\" target=\"_blank\" href=\"https:\/\/youtu.be\/7ieCAIii7_4\" rel=\"noopener\"><i class=\"fas fa-video\"><\/i><span class=\"w-btn-label\">Replay<\/span><\/a><\/div><\/div><\/div><\/div><div class=\"vc_col-sm-4 vc_hidden-md vc_hidden-sm vc_hidden-xs wpb_column vc_column_container animate_afb\" style=\"animation-delay:0.2s\"><div class=\"vc_column-inner\"><div class=\"wpb_wrapper\"><div class=\"w-iconbox iconpos_top style_default color_contrast align_center no_title no_text\"><div class=\"w-iconbox-icon\" style=\"font-size:14vw;\"><i class=\"fal fa-lightbulb-on\"><\/i><\/div><div class=\"w-iconbox-meta\"><\/div><\/div><\/div><\/div><\/div><\/div><\/div><\/section><section class=\"l-section wpb_row height_full valign_center color_primary with_img parallax_ver with_overlay\"><div class=\"l-section-img\" style=\"background-image: url(https:\/\/site.webjamaa.net\/wp-content\/uploads\/2020\/06\/PH_DZ_1940_0003_g.jpg);\" data-img-width=\"2105\" data-img-height=\"1405\"><\/div><div class=\"l-section-overlay\" style=\"background: linear-gradient(90deg,rgba(84,207,10,0.95),rgba(129,242,114,0.45))\"><\/div><div class=\"l-section-h i-cf\"><div class=\"g-cols vc_row type_default valign_middle reversed\"><div class=\"vc_col-sm-8 wpb_column vc_column_container animate_afb\"><div class=\"vc_column-inner\"><div class=\"wpb_wrapper\"><div class=\"wpb_text_column\" ><div class=\"wpb_wrapper\"><p>Rem\u00e9moration \/ <em>Dhikr<\/em><\/p>\n<\/div><\/div><div class=\"wpb_text_column\" ><div class=\"wpb_wrapper\"><h1>webjamaa du vendredi<\/h1>\n<\/div><\/div><div class=\"wpb_text_column\" ><div class=\"wpb_wrapper\"><p><span style=\"color: #1a1a1a;\">19 juin 2020<\/span><\/p>\n<p><span style=\"color: #1a1a1a;\">Ce vendredi, nous rejoignons les foqaras de Cheraga, village situ\u00e9 pr\u00e8s de Mostaganem en Alg\u00e9rie, pour une r\u00e9union spirituelle qui se tiendra \u00e0 la <a href=\"https:\/\/www.google.com\/maps\/place\/Vall\u00e9e+des+Jardins,+Mostaganem,+Alg\u00e9rie\/@35.9130955,0.0928151,14z\/data=!3m1!4b1!4m5!3m4!1s0x1281f88055e17957:0xfaae3c703f1ec8e5!8m2!3d35.9124336!4d0.1097315\">Vall\u00e9e des Jardins (Mostaganem)<\/a>, sous le jujubier centenaire. Jadis au pied de cet arbre, le Cheikh al Alaw\u00ee et ses successeurs r\u00e9unissaient leurs disciples pour partager des temps de m\u00e9ditation et d&rsquo;enseignement.<\/span><\/p>\n<p><span style=\"color: #1a1a1a;\">On Friday, we will be joining the fuqaras from Cheraga (a village close to Mostaganem in Algeria), for a spiritual gathering that will be held in the Valley of the Gardens (Mostaganem), under the centenary jujube.\u00a0Long ago, Sheikh al Alawi and his followers used to gather their disciples\u00a0at the foot of that tree, to share moments of meditation and teaching.<\/span><\/p>\n<p style=\"text-align: right;\"><span style=\"unicode-bidi: embed; direction: rtl; color: #1a1a1a;\">\u0646\u0646\u0636\u0645 \u064a\u0648\u0645 \u0627\u0644\u062c\u0645\u0639\u0629 \u0625\u0644\u0649 \u0641\u0642\u0631\u0627\u0621 \u0627\u0644\u0634\u0631\u0627\u0642\u0629\u060c \u0648\u0647\u064a \u0642\u0631\u064a\u0629 \u0628\u0627\u0644\u0642\u0631\u0628 \u0645\u0646 \u0648\u0644\u0627\u064a\u0629 \u0645\u0633\u062a\u063a\u0627\u0646\u0645 \u0641\u064a \u0627\u0644\u062c\u0632\u0627\u0626\u0631\u060c \u0644\u0639\u0642\u062f \u0627\u062c\u062a\u0645\u0627\u0639 \u0631\u0648\u062d\u064a \u0641\u064a \u062d\u062f\u0627\u0626\u0642 \u062c\u0646\u0629 \u0627\u0644\u0639\u0627\u0631\u0641 (\u0645\u0633\u062a\u063a\u0627\u0646\u0645) \u062a\u062d\u062a \u0639\u064f\u0646\u0651\u0627\u0628 \u0627\u0644\u0645\u0626\u0648\u064a\u0629. \u062a\u062d\u062a \u0647\u0630\u0647 \u0627\u0644\u0634\u062c\u0631\u0629\u060c \u062c\u0645\u0639 \u0627\u0644\u0634\u064a\u062e \u0627\u0644\u0639\u0644\u0627\u0648\u064a \u0648\u062e\u0644\u0641\u0627\u0624\u0647 \u0645\u0631\u064a\u062f\u064a\u0647\u0645 \u0644\u0639\u064a\u0634 \u0623\u0648\u0642\u0627\u062a \u0627\u0644\u062a\u0639\u0644\u064a\u0645 \u0648\u0627\u0644\u062a\u0623\u0645\u0644.<\/span><\/p>\n<\/div><\/div><div class=\"w-btn-wrapper width_auto align_left\"><a class=\"w-btn us-btn-style_4 icon_atleft\" title=\"Wird\" target=\"_blank\" href=\"https:\/\/youtu.be\/hx4Ql4C_Axg\" rel=\"noopener\"><i class=\"fas fa-video\"><\/i><span class=\"w-btn-label\">Replay<\/span><\/a><\/div><div class=\"w-btn-wrapper width_auto align_left\"><a class=\"w-btn us-btn-style_4\" title=\"Wird\" href=\"http:\/\/site.webjamaa.net\/wp-content\/uploads\/2020\/06\/01-Wird.pdf\"><span class=\"w-btn-label\">Wird<\/span><\/a><\/div><div class=\"w-btn-wrapper width_auto align_left\"><a class=\"w-btn us-btn-style_4\" title=\"Mashishiyya\" href=\"http:\/\/site.webjamaa.net\/wp-content\/uploads\/2020\/06\/02-Mashishiyya.pdf\"><span class=\"w-btn-label\">Mashishiyya<\/span><\/a><\/div><div class=\"w-btn-wrapper width_auto align_left\"><a class=\"w-btn us-btn-style_4\" title=\"Mudhakara\" href=\"http:\/\/site.webjamaa.net\/wp-content\/uploads\/2020\/06\/04-Mudhakara.pdf\"><span class=\"w-btn-label\">Mudhakara<\/span><\/a><\/div><div class=\"w-btn-wrapper width_auto align_left\"><a class=\"w-btn us-btn-style_4\" title=\"Hizb al-Bahr\" href=\"http:\/\/site.webjamaa.net\/wp-content\/uploads\/2020\/06\/06-Hizb-Bahr.pdf\"><span class=\"w-btn-label\">Hizb al-Bahr<\/span><\/a><\/div><div class=\"w-btn-wrapper width_auto align_left\"><a class=\"w-btn us-btn-style_4\" title=\"Ya Ghiyathun\" href=\"http:\/\/site.webjamaa.net\/wp-content\/uploads\/2020\/06\/07-Ya-Ghiyathun.pdf\"><span class=\"w-btn-label\">Ya Ghiyathun<\/span><\/a><\/div><div class=\"w-btn-wrapper width_auto align_left\"><a class=\"w-btn us-btn-style_4\" title=\"Samaa\" href=\"http:\/\/site.webjamaa.net\/wp-content\/uploads\/2020\/06\/Samaa-20200619.pdf\"><span class=\"w-btn-label\">Samaa<\/span><\/a><\/div><\/div><\/div><\/div><div class=\"vc_col-sm-4 vc_hidden-md vc_hidden-sm vc_hidden-xs wpb_column vc_column_container animate_afb\" style=\"animation-delay:0.2s\"><div class=\"vc_column-inner\"><div class=\"wpb_wrapper\"><div class=\"w-iconbox iconpos_top style_default color_contrast align_center no_title no_text\"><div class=\"w-iconbox-icon\" style=\"font-size:14vw;\"><i class=\"fal fa-chart-network\"><\/i><\/div><div class=\"w-iconbox-meta\"><\/div><\/div><\/div><\/div><\/div><\/div><\/div><\/section><section class=\"l-section wpb_row height_full valign_center color_primary with_img parallax_ver with_overlay\"><div class=\"l-section-img\" style=\"background-image: url(https:\/\/site.webjamaa.net\/wp-content\/uploads\/2020\/06\/ao_026_h.jpg);\" data-img-width=\"1954\" data-img-height=\"1228\"><\/div><div class=\"l-section-overlay\" style=\"background: linear-gradient(90deg,rgba(250,147,157,0.95),rgba(250,155,155,0.45))\"><\/div><div class=\"l-section-h i-cf\"><div class=\"g-cols vc_row type_default valign_middle reversed\"><div class=\"vc_col-sm-8 wpb_column vc_column_container animate_afb\"><div class=\"vc_column-inner\"><div class=\"wpb_wrapper\"><div class=\"wpb_text_column\" ><div class=\"wpb_wrapper\"><p>Rem\u00e9moration \/ <em>Dhikr<\/em><\/p>\n<\/div><\/div><div class=\"wpb_text_column\" ><div class=\"wpb_wrapper\"><h1>webjamaa du vendredi<\/h1>\n<\/div><\/div><div class=\"wpb_text_column\" ><div class=\"wpb_wrapper\"><p>12 juin 2020<\/p>\n<\/div><\/div><div class=\"w-btn-wrapper width_auto align_left\"><a class=\"w-btn us-btn-style_4\" title=\"Inscription\" href=\"https:\/\/zoom.us\/webinar\/register\/WN_EYxrFxMaSKidMyoyu4ZYUw\"><span class=\"w-btn-label\">Inscription<\/span><\/a><\/div><div class=\"w-btn-wrapper width_auto align_left\"><a class=\"w-btn us-btn-style_4\" title=\"Litanies\" href=\"http:\/\/site.webjamaa.net\/wp-content\/uploads\/2020\/06\/Texte-Litanies.pdf\"><span class=\"w-btn-label\">Texte des litanies<\/span><\/a><\/div><div class=\"w-btn-wrapper width_auto align_left\"><a class=\"w-btn us-btn-style_4\" title=\"Mudhakara\" href=\"http:\/\/site.webjamaa.net\/wp-content\/uploads\/2020\/06\/Mudhakara_12062020.pdf\"><span class=\"w-btn-label\">Mudhakara<\/span><\/a><\/div><div class=\"w-btn-wrapper width_auto align_left\"><a class=\"w-btn us-btn-style_4\" title=\"Samaa\" href=\"http:\/\/site.webjamaa.net\/wp-content\/uploads\/2020\/06\/Sama_jour_Vendredi_12_06_2020.pdf\"><span class=\"w-btn-label\">Samaa<\/span><\/a><\/div><div class=\"w-btn-wrapper width_auto align_left\"><a class=\"w-btn us-btn-style_4\" title=\"Lotfiyya\" href=\"http:\/\/site.webjamaa.net\/wp-content\/uploads\/2020\/06\/Lotfiyya.pdf\"><span class=\"w-btn-label\">Lofiyya<\/span><\/a><\/div><\/div><\/div><\/div><div class=\"vc_col-sm-4 vc_hidden-md vc_hidden-sm vc_hidden-xs wpb_column vc_column_container animate_afb\" style=\"animation-delay:0.2s\"><div class=\"vc_column-inner\"><div class=\"wpb_wrapper\"><div class=\"w-iconbox iconpos_top style_default color_contrast align_center no_title no_text\"><div class=\"w-iconbox-icon\" style=\"font-size:14vw;\"><i class=\"fal fa-chart-network\"><\/i><\/div><div class=\"w-iconbox-meta\"><\/div><\/div><\/div><\/div><\/div><\/div><\/div><\/section><section class=\"l-section wpb_row height_full valign_center color_primary with_img parallax_ver with_overlay\"><div class=\"l-section-img\" style=\"background-image: url(https:\/\/site.webjamaa.net\/wp-content\/uploads\/2020\/06\/ao_026_h.jpg);\" data-img-width=\"1954\" data-img-height=\"1228\"><\/div><div class=\"l-section-overlay\" style=\"background: linear-gradient(90deg,#1fa7e6,rgba(30,136,230,0.40))\"><\/div><div class=\"l-section-h i-cf\"><div class=\"g-cols vc_row type_default valign_middle reversed\"><div class=\"vc_col-sm-8 wpb_column vc_column_container animate_afb\"><div class=\"vc_column-inner\"><div class=\"wpb_wrapper\"><div class=\"wpb_text_column\" ><div class=\"wpb_wrapper\"><p>Rem\u00e9moration \/ <em>Dhikr<\/em><\/p>\n<\/div><\/div><div class=\"wpb_text_column\" ><div class=\"wpb_wrapper\"><h1>webjamaa du vendredi<\/h1>\n<\/div><\/div><div class=\"wpb_text_column\" ><div class=\"wpb_wrapper\"><p>05 juin 2020<\/p>\n<\/div><\/div><div class=\"w-btn-wrapper width_auto align_left\"><a class=\"w-btn us-btn-style_4\" title=\"Texte litanies\" href=\"http:\/\/site.webjamaa.net\/wp-content\/uploads\/2020\/06\/Texte-Litanies-du-05062020.pdf\"><span class=\"w-btn-label\">LITANIES<\/span><\/a><\/div><div class=\"w-btn-wrapper width_auto align_left\"><a class=\"w-btn us-btn-style_4\" title=\"Samaa\" href=\"http:\/\/site.webjamaa.net\/wp-content\/uploads\/2020\/06\/Samaa-05062020.pdf\"><span class=\"w-btn-label\">Samaa<\/span><\/a><\/div><div class=\"w-btn-wrapper width_auto align_left\"><a class=\"w-btn us-btn-style_4\" title=\"Mudhakara\" href=\"http:\/\/site.webjamaa.net\/wp-content\/uploads\/2020\/06\/Enseignement-spirituel-05062020.pdf\"><span class=\"w-btn-label\">Mudhakara<\/span><\/a><\/div><\/div><\/div><\/div><div class=\"vc_col-sm-4 vc_hidden-md vc_hidden-sm vc_hidden-xs wpb_column vc_column_container animate_afb\" style=\"animation-delay:0.2s\"><div class=\"vc_column-inner\"><div class=\"wpb_wrapper\"><div class=\"w-iconbox iconpos_top style_default color_contrast align_center no_title no_text\"><div class=\"w-iconbox-icon\" style=\"font-size:14vw;\"><i class=\"fal fa-chart-network\"><\/i><\/div><div class=\"w-iconbox-meta\"><\/div><\/div><\/div><\/div><\/div><\/div><\/div><\/section><section class=\"l-section wpb_row height_custom\"><div class=\"l-section-h i-cf\"><div class=\"g-cols vc_row type_default valign_top\"><div class=\"vc_col-sm-12 wpb_column vc_column_container\"><div class=\"vc_column-inner\"><div class=\"wpb_wrapper\"><div class=\"w-video align_left ratio_16x9\"><div class=\"w-video-h\"><iframe src=\"\/\/www.youtube.com\/embed\/ztgqleDXB_U?autoplay=0&controls=1&origin=https%3A%2F%2Fsite.webjamaa.net\" allowfullscreen=\"1\"><\/iframe><\/div><div class=\"w-video-icon\" style=\"font-size:1.5rem;background:rgba(0,0,0,0.5);color:#fff;\"><\/div><\/div><\/div><\/div><\/div><\/div><\/div><\/section>\n","protected":false},"excerpt":{"rendered":"Dimanche 22 octobre 2023 La spiritualit\u00e9 et la paix dans l\u2019enseignement soufi Suivre la conf\u00e9renceDans le cadre du cycle interreligieux organis\u00e9 par l&rsquo;association \u00ab\u00a0Vivre Ensemble \u00e0 Cannes\u00a0\u00bb, le Cheikh Khaled Bentounes nous interpelle sur la n\u00e9cessit\u00e9 de prendre conscience de l&rsquo;unit\u00e9 de la famille humaine. \u00c0 une \u00e9poque o\u00f9 les divisions et les conflits semblent...","protected":false},"author":1,"featured_media":0,"parent":0,"menu_order":0,"comment_status":"closed","ping_status":"closed","template":"","meta":[],"_links":{"self":[{"href":"https:\/\/site.webjamaa.net\/index.php\/wp-json\/wp\/v2\/pages\/11"}],"collection":[{"href":"https:\/\/site.webjamaa.net\/index.php\/wp-json\/wp\/v2\/pages"}],"about":[{"href":"https:\/\/site.webjamaa.net\/index.php\/wp-json\/wp\/v2\/types\/page"}],"author":[{"embeddable":true,"href":"https:\/\/site.webjamaa.net\/index.php\/wp-json\/wp\/v2\/users\/1"}],"replies":[{"embeddable":true,"href":"https:\/\/site.webjamaa.net\/index.php\/wp-json\/wp\/v2\/comments?post=11"}],"version-history":[{"count":173,"href":"https:\/\/site.webjamaa.net\/index.php\/wp-json\/wp\/v2\/pages\/11\/revisions"}],"predecessor-version":[{"id":1571,"href":"https:\/\/site.webjamaa.net\/index.php\/wp-json\/wp\/v2\/pages\/11\/revisions\/1571"}],"wp:attachment":[{"href":"https:\/\/site.webjamaa.net\/index.php\/wp-json\/wp\/v2\/media?parent=11"}],"curies":[{"name":"wp","href":"https:\/\/api.w.org\/{rel}","templated":true}]}}